{"id":4472,"date":"2025-01-07T20:24:44","date_gmt":"2025-01-07T19:24:44","guid":{"rendered":"https:\/\/benoitpeuch.com\/?page_id=4472"},"modified":"2025-04-21T09:52:13","modified_gmt":"2025-04-21T07:52:13","slug":"index-de-pour-lere-nouvelle","status":"publish","type":"page","link":"https:\/\/benoitpeuch.com\/?page_id=4472","title":{"rendered":"Index de le revue Pour l&rsquo;Ere nouvelle"},"content":{"rendered":"\n<p class=\"has-text-align-center has-medium-font-size\"><\/p>\n\n\n\n<p class=\"has-text-align-center has-yellow-background-color has-background has-small-font-size\"><strong>[1\u00e8re s\u00e9rie]<\/strong> <a href=\"#1922\">1922<\/a> &#8211; <a href=\"#1923\">1923<\/a> &#8211; <a href=\"#1924\">1924<\/a> &#8211; <a href=\"#1925\">1925<\/a> &#8211; <a href=\"#1926\">1926<\/a> &#8211; <a href=\"#1927\">1927<\/a> &#8211; <a href=\"#1928\">1928<\/a> &#8211; <a href=\"#1929\">1929<\/a> &#8211; <a href=\"#1930\">1930<\/a> &#8211; <a href=\"#1931\">1931<\/a> &#8211; <a href=\"#1932\">1932<\/a> &#8211; <a href=\"#1933\">1933<\/a> &#8211; <a href=\"#1934\">1934<\/a> &#8211; <a href=\"#1935\">1935<\/a> &#8211; <a href=\"#1936\">1936<\/a> &#8211; <a href=\"#1937\">1937<\/a> &#8211; <a href=\"#1938\">1938<\/a> &#8211; <a href=\"#1939\">1939<\/a> &#8211; <a href=\"#1940\">1940<\/a><\/p>\n\n\n\n<p class=\"has-text-align-center\" style=\"font-size:15px\">D&rsquo;apr\u00e8s l&rsquo;indexation et la num\u00e9risation du CIRNEF (Universit\u00e9 de Caen) : <a href=\"https:\/\/mrsh.unicaen.fr\/pen\/pen.html\">https:\/\/mrsh.unicaen.fr\/pen\/pen.html<\/a><\/p>\n\n\n\n<p class=\"has-text-align-center\" style=\"font-size:15px\">Voir aussi le site de Laurent Gutierrez : <a href=\"http:\/\/hmenf.free.fr\/rubrique.php3?id_rubrique=24\">http:\/\/hmenf.free.fr\/rubrique.php3?id_rubrique=24<\/a><\/p>\n\n\n\n<p class=\"has-text-align-center has-medium-font-size\"><strong>1922-1940<\/strong>&nbsp;\u2013 1\u00e8re s\u00e9rie<\/p>\n\n\n\n<p class=\"has-text-align-center\" id=\"1922\"><strong>1922<\/strong><\/p>\n\n\n\n<p class=\"has-text-align-center\" style=\"font-size:15px\"><strong><a href=\"https:\/\/mrsh.unicaen.fr\/pen\/pdf\/\/1922-01.pdf\">N\u00b01 \u2013 janvier 1922<\/a><\/strong><\/p>\n\n\n\n<p style=\"font-size:15px\">Notre Ligue&nbsp;\u2022&nbsp;B\u00e9atrice Ensor &#8211; <em>Le congr\u00e8s de Calais&nbsp;\u2022&nbsp;<\/em>Gerges Bertier &#8211; <em>Le probl\u00e8me de l&rsquo;\u00e9ducation en France \u00e0 l&rsquo;heure actuelle&nbsp;\u2022&nbsp;<\/em>Roger Cousinet &#8211; <em>La nouvelle \u00e9ducation&nbsp;\u2022&nbsp;<\/em>M.-L. Wauthier &#8211; <em>Un essai de \u00ab\u00a0Self-government\u00a0\u00bb dans une classe fran\u00e7aise&nbsp;\u2022&nbsp;<\/em>A. Hamaide &#8211; <em>L&rsquo;\u0153uvre du Dr Decroly en Belgique&nbsp;\u2022&nbsp;<\/em>G.-C. Ferrari &#8211; <em>L&rsquo;\u00e9ducation de l&rsquo;activit\u00e9 spontan\u00e9e chez les enfants&nbsp;\u2022&nbsp;<\/em>F.-M. Baldwin &#8211; <em>Une \u00e9cole active en Angleterre&nbsp;\u2022&nbsp;Livres et revues&nbsp;\u2022&nbsp;Nouvelles diverses<\/em><\/p>\n\n\n\n<p class=\"has-text-align-center\" style=\"font-size:15px\"><strong><a href=\"https:\/\/mrsh.unicaen.fr\/pen\/pdf\/\/1922-02.pdf\">N\u00b02 \u2013 avril 1922<\/a><\/strong><\/p>\n\n\n\n<p style=\"font-size:15px\">Notre ligue&nbsp;\u2022&nbsp;Ovide Decroly et Reymond Buyse &#8211; <em>Le r\u00eave entrevu : une journ\u00e9e \u00e0 \u00ab\u00a0Park School\u00a0\u00bb (U.S.A)<\/em>&nbsp;\u2022&nbsp;La R\u00e9daction &#8211; <em>Aux \u00c9tats-Unis, aper\u00e7u du mouvement en faveur de la r\u00e9novation de l&rsquo;\u00e9ducation<\/em>&nbsp;\u2022&nbsp;<em>Association pour le progr\u00e8s de l&rsquo;\u00e9ducation nouvelle<\/em>&nbsp;\u2022&nbsp;Hil Deman &#8211; <em>La co\u00e9ducation des sexes<\/em>&nbsp;\u2022&nbsp;<em>Les \u00e9coles de plein air<\/em>&nbsp;\u2022&nbsp;<em>Le III\u00e8me congr\u00e8s international d&rsquo;\u00e9ducation morale de Gen\u00e8ve<\/em>&nbsp;\u2022&nbsp;<em>Nouvelles diverses<\/em>&nbsp;\u2022&nbsp;<em>Livres et revues<\/em><\/p>\n\n\n\n<p class=\"has-text-align-center\" style=\"font-size:15px\"><strong><a href=\"https:\/\/mrsh.unicaen.fr\/pen\/pdf\/1922-03.pdf\">N\u00b03 \u2013 juillet 1922<\/a><\/strong><\/p>\n\n\n\n<p style=\"font-size:15px\">Notre Ligue&nbsp;\u2022&nbsp;E. Jaques-Dalcroze &#8211; <em>Le rythme<\/em>&nbsp;\u2022&nbsp;Roger Cousinet &#8211; <em>L&rsquo;art des enfants<\/em>&nbsp;\u2022&nbsp;M. R. Wauthier &#8211; <em>Compte-rendu du congr\u00e8s de la \u00ab\u00a0Nouvelle \u00c9ducation\u00a0\u00bb \u00e0 Versailles<\/em>&nbsp;\u2022&nbsp;Alice Jouenne &#8211; <em>Une \u00e9cole permanente de plein air \u00e0 Paris<\/em>&nbsp;\u2022&nbsp;Adolphe Ferri\u00e8re &#8211; <em>Les \u00e9coles nouvelles \u00e0 la campagne en mars 1922<\/em>&nbsp;\u2022&nbsp;<em>Nouvelles diverses<\/em>&nbsp;\u2022&nbsp;<em>Livres re\u00e7us<\/em><\/p>\n\n\n\n<p class=\"has-text-align-center\" style=\"font-size:15px\"><strong><a href=\"https:\/\/mrsh.unicaen.fr\/pen\/pdf\/1922-04.pdf\">N\u00b04 \u2013 octobre 1922<\/a><\/strong><\/p>\n\n\n\n<p style=\"font-size:15px\">Notre ligue&nbsp;\u2022&nbsp;Ovide Decroly et Reymond Buyse &#8211; <em>Le r\u00eave entrevu : une journ\u00e9e \u00e0 \u00ab\u00a0Park School\u00a0\u00bb (U.S.A.)<\/em>&nbsp;\u2022&nbsp;La R\u00e9daction &#8211; <em>Aux \u00c9tats-Unis, aper\u00e7u du mouvement en faveur de la r\u00e9novation de l&rsquo;\u00e9ducation<\/em>&nbsp;\u2022&nbsp;<em>Association pour le progr\u00e8s de l&rsquo;\u00e9ducation nouvelle<\/em>&nbsp;\u2022&nbsp;Hil. Deman &#8211; <em>La co\u00e9ducation des sexes<\/em>&nbsp;\u2022&nbsp; <em>Les \u00e9coles de plein air<\/em>&nbsp;\u2022&nbsp;<em>Le III\u00e8me congr\u00e8s international d&rsquo;\u00e9ducation morale de Gen\u00e8ve<\/em>&nbsp;\u2022&nbsp;<em>Nouvelles diverses<\/em>&nbsp;\u2022&nbsp;<em>Livres et revues<\/em><\/p>\n\n\n\n<p class=\"has-text-align-center\" id=\"1923\"><strong>1923<\/strong><\/p>\n\n\n\n<p class=\"has-text-align-center\" style=\"font-size:15px\"><strong><a href=\"https:\/\/mrsh.unicaen.fr\/pen\/pdf\/1923-05.pdf\">N\u00b05 \u2013 janvier 1923<\/a><\/strong><\/p>\n\n\n\n<p style=\"font-size:15px\"><em>Notre Ligue<\/em>&nbsp;\u2022&nbsp;Adolphe Appia &#8211; <em>L&rsquo;enfant et l&rsquo;art dramatique<\/em>&nbsp;\u2022&nbsp;Margaret Morris &#8211; <em>Les bases naturelles de l&rsquo;\u00e9ducation<\/em>&nbsp;\u2022&nbsp;Georges Waltz &#8211; <em>Les internats d&rsquo;\u00e9ducation de l&rsquo;\u00c9tat \u00e0 Vienne<\/em>. (Bundes Erziehungs Anstalten)&nbsp;\u2022&nbsp;Hil. Deman &#8211; <em>La co\u00e9ducation des sexes (fin)<\/em>&nbsp;\u2022&nbsp;<em>Nouvelles diverses. France &#8211; Italie &#8211; Angleterre &#8211; \u00c9tats-Unis &#8211; Allemagne &#8211; Suisse &#8211; Mouvement international<\/em>&nbsp;\u2022&nbsp;<em>Livres et revues&nbsp;<\/em>\u2022&nbsp;<em>Avis \u00e0 nos abonn\u00e9s<\/em>&nbsp;\u2022&nbsp;<em>Table des Mati\u00e8res de l&rsquo;ann\u00e9e 1922<\/em><\/p>\n\n\n\n<p class=\"has-text-align-center\" style=\"font-size:15px\"><strong><a href=\"https:\/\/mrsh.unicaen.fr\/pen\/pdf\/1923-06.pdf\">N\u00b06 \u2013 avril 1923<\/a><\/strong><\/p>\n\n\n\n<p style=\"font-size:15px\"><em>Notre Ligue<\/em>. <em>Assembl\u00e9e de la \u00ab\u00a0Nouvelle \u00e9ducation\u00a0\u00bb \u00e0 Paris, 20-22 mai<\/em>&nbsp;\u2022&nbsp;Adolphe Appia et Adolphe Ferri\u00e8re &#8211; <em>\u00c0 propos de l&rsquo;enfant et de l&rsquo;art dramatique<\/em>&nbsp;\u2022&nbsp;O. Prior &#8211; <em>L&rsquo;\u00e9ducation des tout-petits par le travail manuel<\/em>&nbsp;\u2022&nbsp;Elisabeth Rotten &#8211; <em>Les communaut\u00e9s scolaires de Hambourg<\/em>&nbsp;\u2022&nbsp;I. A. Hawliczek &#8211; <em>La Guilde de St-Christophe<\/em>&nbsp;\u2022&nbsp;Marie Sola &#8211; <em>Nouvelles d&rsquo;Espagne<\/em>&nbsp;\u2022&nbsp;W. Schadow &#8211; <em>L&rsquo;\u00e9cole active d&rsquo;Adolphe Ferri\u00e8re<\/em>&nbsp;\u2022&nbsp;<em>Nouvelles diverses : France &#8211; Belgique &#8211; Allemagne &#8211; Autriche &#8211; Su\u00e8de &#8211; Suisse &#8211; Vie internationale<\/em>&nbsp;\u2022&nbsp;<em>Livres et revues<\/em><\/p>\n\n\n\n<p class=\"has-text-align-center\" style=\"font-size:15px\"><strong><a href=\"https:\/\/mrsh.unicaen.fr\/pen\/pdf\/\/1923-07.pdf\">N\u00b07 \u2013 juillet 1923<\/a><\/strong><\/p>\n\n\n\n<p style=\"font-size:15px\"><em>Notre Ligue<\/em>&nbsp;\u2022&nbsp;J. Delgoffe et Ovide Decroly &#8211; <em>Une \u00e9cole exp\u00e9rimentale \u00e0 New-York<\/em>&nbsp;\u2022&nbsp;Jean Lee Hunt &#8211; <em>L&rsquo;enfant et son \u00e9cole<\/em>&nbsp;\u2022&nbsp;<em>A la maison des petits<\/em>&nbsp;\u2022&nbsp;Alice Jouenne &#8211; <em>La p\u00e9dagogie \u00e0 l&rsquo;\u00e9cole de plein air<\/em>&nbsp;\u2022&nbsp;Gabriel Rauch &#8211; <em>Une \u00e9cole de \u00ab\u00a0bricolage<\/em>\u00a0\u00bb&nbsp;\u2022&nbsp;Adolphe Ferri\u00e8re &#8211; <em>Une r\u00e9publique d&rsquo;enfants : l&rsquo;Odenwald<\/em>&nbsp;\u2022&nbsp;Dr. Georg Kerschensteiner &#8211; <em>La conception p\u00e9dagogique du travail<\/em>&nbsp;\u2022&nbsp;<em>\u00c9coles exp\u00e9rimentales aux Etats-Unis<\/em>&nbsp;\u2022&nbsp;Adolphe Ferri\u00e8re &#8211; <em>Suggestion et autosuggestion de Ch. Baudouin<\/em>&nbsp;\u2022&nbsp;<em>Nouvelles diverses<\/em>&nbsp;\u2022&nbsp;<em>Livres et revues<\/em><\/p>\n\n\n\n<p class=\"has-text-align-center\" style=\"font-size:15px\"><strong><a href=\"https:\/\/mrsh.unicaen.fr\/pen\/pdf\/\/1923-08.pdf\">N\u00b08 \u2013 octobre 1923<\/a> &#8211; IIe congr\u00e8s international d&rsquo;\u00e9ducation nouvelle<\/strong><\/p>\n\n\n\n<p style=\"font-size:15px\">Adolphe Ferri\u00e8re, Hermann Tobler, Alice Jouenne &#8211; <em>I. L&rsquo;\u00e9cole active et l&rsquo;esprit de service<\/em>&nbsp;\u2022 G. Bertier, Otto Rommel, Otto Gl\u00f6ckel &#8211; <em>II. \u00c9coles publiques r\u00e9nov\u00e9es<\/em>&nbsp;\u2022&nbsp;Emile Cou\u00e9, L. Charles Baudouin, Ovide Decroly &#8211; <em> III. Le point de vue des psychologues<\/em>&nbsp;\u2022&nbsp;O. Cizek, Emile Jaques-Dalcroze, Margarete Streicher &#8211; <em>IV. Questions connexes<\/em>&nbsp;\u2022 B\u00e9atrice Enso, H. Baille-Weaver &#8211; <em>V. Coup d&rsquo;\u0153il d&rsquo;ensemble<\/em><\/p>\n\n\n\n<p class=\"has-text-align-center\" id=\"1924\"><strong>1924<\/strong><\/p>\n\n\n\n<p class=\"has-text-align-center\" style=\"font-size:15px\"><strong><a href=\"https:\/\/mrsh.unicaen.fr\/pen\/pdf\/1924-09.pdf\">N\u00b09 \u2013 janvier 1924<\/a><\/strong><\/p>\n\n\n\n<p style=\"font-size:15px\">Notre Ligue \u2022 J. Delgoffe &#8211; <em>Le classement des \u00e9l\u00e8ves et la mesure du rendement qu&rsquo;ils fournissent <\/em>\u2022 Ch. Baudouin et Adolphe Ferri\u00e8re &#8211; <em>Effort et autosuggestion<\/em> \u2022 Dr. Victor Pauchet &#8211; <em>Comment \u00e9viter le surmenage dans l&rsquo;\u00e9tude des langues \u00e9trang\u00e8res<\/em> \u2022 William Finke &#8211; <em>Un programme d&rsquo;\u00e9cole nouvelle aux Etats-Unis<\/em> \u2022 Dr. Georg Kerschensteiner &#8211; <em>L&rsquo;int\u00e9r\u00eat en p\u00e9dagogie<\/em> \u2022 <em>Nouvelles diverses<\/em> \u2022 <em>Livres et revues<\/em> \u2022 <em>Avis<\/em> \u2022 <em>Pour l&rsquo;Ere Nouvelle<\/em> (Table des Mati\u00e8res de l&rsquo;Ann\u00e9e 1922 et 1923)<\/p>\n\n\n\n<p class=\"has-text-align-center\" style=\"font-size:15px\"><strong><a href=\"https:\/\/mrsh.unicaen.fr\/pen\/pdf\/1924-10.pdf\">N\u00b010 \u2013 avril 1924<\/a><\/strong><\/p>\n\n\n\n<p style=\"font-size:15px\"><em>Notre Ligue : Programme de la \u00ab\u00a0Semaine de Villebon\u00a0\u00bb<\/em> \u2022 B\u00e9atrice Ensor &#8211; <em>L&rsquo;Esprit du temps nouveau<\/em> \u2022 Adolphe F\u00e9rri\u00e8re &#8211; <em>Progr\u00e8s actuels du mouvement en faveur de l&rsquo;\u00e9ducation nouvelle<\/em> \u2022 <em>D\u00e9claration de Gen\u00e8ve<\/em> \u2022 Jean Dupertuis &#8211; <em>Les \u00e9coles plein air. I<\/em>. \u2022 <em>Nouvelles diverses<\/em> \u2022 <em>Livres et revues<\/em> \u2022 <em>Avis concernant la biblioth\u00e8que de pr\u00eats<\/em> \u2022 <em>Pour l&rsquo;Ere Nouvelle<\/em> (Table des Mati\u00e8res de l&rsquo;Ann\u00e9e 1922 et 1923)<\/p>\n\n\n\n<p class=\"has-text-align-center\" style=\"font-size:15px\"><strong><a href=\"https:\/\/mrsh.unicaen.fr\/pen\/pdf\/1924-11.pdf\">N\u00b011 \u2013 juillet 1924<\/a><\/strong><\/p>\n\n\n\n<p style=\"font-size:15px\"><em>Notre Ligue<\/em> \u2022 B\u00e9atrice Ensor &#8211; <em>Notes de voyage<\/em> \u2022 Edith Cooper &#8211; <em>Un programme d&rsquo;enseignement biologique<\/em> \u2022 L. C. &#8211; <em>L&rsquo;\u00e9cole r\u00e9nov\u00e9e de Milan<\/em> \u2022 Adolphe Ferri\u00e8re &#8211; <em>Une \u00e9cole miraculeuse<\/em> \u2022 <em>Nouvelles diverses<\/em> \u2022 <em>Livres et revues<\/em><\/p>\n\n\n\n<p class=\"has-text-align-center\" style=\"font-size:15px\"><strong><a href=\"https:\/\/mrsh.unicaen.fr\/pen\/pdf\/\/1924-12.pdf\">N\u00b012 \u2013 octobre 1924<\/a><\/strong><\/p>\n\n\n\n<p style=\"font-size:15px\">Notre Ligue \u2022 Ovide Decroly &#8211; <em>Exp\u00e9riences d&rsquo;\u00e9ducation nouvelle \u00e0 La Haye<\/em> \u2022 Louise Briod &#8211; <em>La M\u00e9thode Montessori dans les \u00e9coles primaires du Tessin<\/em> \u2022 Jean Dupertuis &#8211; <em>Les \u00e9coles plein air. II <\/em>\u2022 T. L. Vaswani &#8211; <em>L&rsquo;id\u00e9al \u00e9ducatif aux Indes<\/em> \u2022 Adolphe Ferri\u00e8re &#8211; <em>Jan Ligthart, par W. Gunning<\/em> \u2022 <em>Nouvelles diverses<\/em> \u2022 <em>Livres et revues<\/em> \u2022 Table des Mati\u00e8res de l&rsquo;Ann\u00e9e 1924<\/p>\n\n\n\n<p class=\"has-text-align-center\" style=\"font-size:15px\"><strong><a href=\"https:\/\/mrsh.unicaen.fr\/pen\/pdf\/1924-13.pdf\">N\u00b013 \u2013 hors s\u00e9rie 1924<\/a><\/strong><\/p>\n\n\n\n<p style=\"font-size:15px\"><em>La \u00ab\u00a0Semaine de Villebon\u00a0\u00bb. Conf\u00e9rences et discussions <\/em>\u2022 <em>Livres et revues<\/em> \u2022 <em>Nouvelles diverses<\/em><\/p>\n\n\n\n<p class=\"has-text-align-center\" id=\"1925\"><strong>1925<\/strong><\/p>\n\n\n\n<p class=\"has-text-align-center\" style=\"font-size:15px\"><strong><a href=\"https:\/\/mrsh.unicaen.fr\/pen\/pdf\/1925-14.pdf\">N\u00b014 \u2013 janvier 1925<\/a><\/strong><\/p>\n\n\n\n<p style=\"font-size:15px\"><em>Notre Ligue<\/em> \u2022 Carleton W. Washburn &#8211; <em>Les \u00e9coles r\u00e9nov\u00e9es de Winnetka aux \u00c9tats-Unis<\/em> \u2022 Marguerite Thibert &#8211; <em>L&rsquo;\u00e9tude du latin par la m\u00e9thode individuell<\/em>e \u2022 Jean Dupertuis &#8211; <em>Les \u00e9coles plein air. III<\/em> \u2022 Adolphe Ferrir\u00e8e &#8211; <em>Le principe fondamental de l&rsquo;\u00e9ducation nouvelle appliqu\u00e9 \u00e0 la Culture musicale, d&rsquo;apr\u00e8s Heinrich Jacoby<\/em> \u2022 Adolphe Ferri\u00e8re &#8211; <em>Charles Chabot. In memoriam<\/em> \u2022 <em>Nouvelles diverses<\/em> \u2022 <em>Livres et revues<\/em><\/p>\n\n\n\n<p class=\"has-text-align-center\" style=\"font-size:15px\"><strong><a href=\"https:\/\/mrsh.unicaen.fr\/pen\/pdf\/\/1925-15.pdf\">N\u00b015 \u2013 avril 1925<\/a><\/strong><\/p>\n\n\n\n<p style=\"font-size:15px\"><em>Notre Ligue<\/em> \u2022 Adolphe Ferri\u00e8re &#8211; <em>L&rsquo;\u00e9cole nouvelle et le Bureau international des \u00c9coles nouvelles<\/em> \u2022 <em>Liste des \u00e9coles nouvelles \u00e0 la Campagne<\/em> \u2022 <em>Notice sur quelques \u00e9coles nouvelles<\/em> \u2022 Roger Cousinet &#8211; <em>Une \u00e9cole exp\u00e9rimentale en France<\/em> \u2022 <em>Nouvelles diverses : France &#8211; Angleterre &#8211; L&rsquo;\u00e9cole internationale &#8211; Vie internationale<\/em><\/p>\n\n\n\n<p class=\"has-text-align-center\" style=\"font-size:15px\"><strong><a href=\"https:\/\/mrsh.unicaen.fr\/pen\/pdf\/1925-16.pdf\">N\u00b016 \u2013 juillet 1925<\/a><\/strong><\/p>\n\n\n\n<p style=\"font-size:15px\"><em>Notre Ligue<\/em> \u2022 E. F. O&rsquo;Neill &#8211; <em>Comment j&rsquo;ai d\u00e9but\u00e9<\/em> \u2022 Adolphe Ferri\u00e8re &#8211; <em>\u00c9coles exp\u00e9rimentales en Europe et en Am\u00e9rique<\/em> \u2022 <em>Nouvelles diverses<\/em> \u2022 <em>Livres et revues<\/em><\/p>\n\n\n\n<p class=\"has-text-align-center\" style=\"font-size:15px\"><strong><a href=\"https:\/\/mrsh.unicaen.fr\/pen\/pdf\/1925-17.pdf\">N\u00b017 \u2013 octobre 1925<\/a> &#8211; IIIe Congr\u00e8s international d&rsquo;\u00c9ducation nouvelle<\/strong><\/p>\n\n\n\n<p style=\"font-size:15px\"><em>Comment \u00e9veiller l&rsquo;activit\u00e9 spontan\u00e9e chez l&rsquo;enfant ? Le IIIe Congr\u00e8s international d&rsquo;Education nouvelle. (Heidelberg, 2-15 ao\u00fbt 1925<\/em>) \u2022 <strong>I. Introduction<\/strong> \u2022 Beatrice Ensor &#8211; <em>Les fondements de l&rsquo;\u00e9ducation nouvelle<\/em> \u2022 Gertrud Hartman &#8211; <em>Mat\u00e9riel et m\u00e9thodes en \u00e9ducation nouvell<\/em>e \u2022 <strong>II. Les psychologues<\/strong> \u2022 Martin Buber &#8211; <em>\u00c9ducation et libert<\/em>\u00e9 \u2022 Ovide Decroly &#8211; <em>Les facteurs qui d\u00e9terminent la lib\u00e9ration des int\u00e9r\u00eats<\/em> \u2022 Carl Gustav Jung &#8211; <em>L&rsquo;importance du subconscient dans l&rsquo;\u00e9ducation individuelle<\/em> \u2022 Emile Marcaut &#8211; <em>Psychologie de la conscience cr\u00e9atrice \u2022 Adolphe Ferri\u00e8re &#8211; Les types psychologiques dans l&rsquo;enfance et dans l&rsquo;esp\u00e8c<\/em>e \u2022 <strong>III. Les Praticiens<\/strong> \u2022 Marietta Johnson &#8211; <em>L&rsquo;\u00e9ducation et la vie<\/em> \u2022 Albrecht L. Merz &#8211; <em>La sauvegarde des forces cr\u00e9atrices par le moyen de l&rsquo;art \u00e9ducatif<\/em> \u2022 Bakule &#8211; <em>Exp\u00e9riences p\u00e9dagogiques<\/em> \u2022<strong> IV. Quelques aspects de l&rsquo;\u00e9ducation nouvelle<\/strong> \u2022 Dr Eleanor Crosby Kemp &#8211; <em>L&rsquo;hygi\u00e8ne mentale par l&rsquo;\u00e9ducation<\/em> \u2022 Heinrich Jacoby &#8211; <em>La musique cr\u00e9atrice d&rsquo;\u00e9nergie<\/em> \u2022 Charlotte Mannheimer &#8211; <em>Le dessin et le th\u00e9\u00e2tre \u00e0 l&rsquo;\u00e9cole<\/em> \u2022 Richard Rothe &#8211; <em>Le dessin libre, base de l&rsquo;\u00e9ducation artistique<\/em> \u2022 Philippi Van Reesema &#8211; <em>L&rsquo;\u00e9cole adapt\u00e9e aux besoins du d\u00e9veloppement de l&rsquo;enfant<\/em> \u2022 J. H. Mackinder &#8211; <em>Transformations dans les \u00e9coles enfantines<\/em> \u2022 Catherine L. Keelor &#8211; <em>Une \u00e9cole exp\u00e9rimentale<\/em> \u2022 Georges Bertier &#8211; <em>Le d\u00e9veloppement de la personnalit\u00e9 morale de l&rsquo;enfant \u00e0 l&rsquo;\u00e9cole des Roches<\/em> \u2022 Oswal B. Powell &#8211; <em>La co\u00e9ducation \u00e0 Bedale<\/em>s \u2022 <strong>V. Voix de quelques pays<\/strong> \u2022 Harry Overstreet &#8211; <em>\u00c9tats-Unis<\/em> \u2022 Isabelle Fry &#8211; <em>Angleterre<\/em> \u2022 J.H. Bolt &#8211; <em>Hollande<\/em> \u2022 Vedel &#8211; <em>Danemark<\/em> \u2022 Lamszus &#8211; <em>Allemagne<\/em> \u2022 Schwarzwald &#8211; <em>Autriche<\/em> \u2022 Nemes &#8211; <em>Hongrie<\/em> \u2022 Crimi &#8211; <em>Italie<\/em> \u2022 Katzaroff &#8211; <em>Bulgarie<\/em> \u2022 Walser &#8211; <em>\u00c9gypte<\/em> \u2022 <strong>VI. Chronique du Congr\u00e8s<\/strong><\/p>\n\n\n\n<p class=\"has-text-align-center\" id=\"1926\"><strong>1926<\/strong><\/p>\n\n\n\n<p class=\"has-text-align-center\" style=\"font-size:15px\"><strong><a href=\"https:\/\/mrsh.unicaen.fr\/pen\/pdf\/1926-18.pdf\">N\u00b018 \u2013 janvier 1926<\/a><\/strong><\/p>\n\n\n\n<p style=\"font-size:15px\"><em>Editorial<\/em> \u2022 Paul Dupy &#8211; <em>L&rsquo;esprit international \u00e0 l&rsquo;\u00c9cole internationale de Gen\u00e8ve<\/em> \u2022 Adolphe Ferri\u00e8re &#8211; <em>\u00c9coles exp\u00e9rimentales<\/em> \u2022 Eug\u00e8ne Delaunay &#8211; <em>Chronique Fran\u00e7aise<\/em> \u2022 <em>Nouvelles diverses : France &#8211; Angleterre &#8211; \u00c9tats-Unis &#8211; Italie<\/em> \u2022 <em>Livres et revues<\/em> \u2022 <em>Bulletin international de l&rsquo;Institut Jean-Jacques Rousseau<\/em> \u2022 <em>Avis<\/em><\/p>\n\n\n\n<p class=\"has-text-align-center\" style=\"font-size:15px\"><strong><a href=\"https:\/\/mrsh.unicaen.fr\/pen\/pdf\/\/1926-19.pdf\">N\u00b019 \u2013 mars 1926<\/a><\/strong><\/p>\n\n\n\n<p style=\"font-size:15px\"><em>Editorial<\/em> \u2022 Ovide Decroly &#8211; <em>Une \u00e9cole nouvelle en Am\u00e9rique du Sud. Le gymnase moderne de Bogota<\/em> \u2022 Adolphe Ferri\u00e8re &#8211; <em>Orphelinats mod\u00e8les en Italie<\/em> \u2022 Adolphe Ferri\u00e8re &#8211; <em>La gymnastique analytique du Dr Tissi\u00e9 chez les tout-petits<\/em> \u2022 Eug\u00e8ne Delaunay &#8211; <em>Chronique fran\u00e7aise<\/em> \u2022 <em>Les congr\u00e8s d&rsquo;\u00e9ducation en 1925<\/em> \u2022 <em>Nouvelles diverses : France &#8211; Belgique &#8211; Hollande &#8211; Allemagne<\/em> \u2022 <em>Livres et Revues<\/em> \u2022 <em>Bulletin international de l&rsquo;Institut Jean-Jacques Rousseau<\/em><\/p>\n\n\n\n<p class=\"has-text-align-center\" style=\"font-size:15px\"><strong><a href=\"https:\/\/mrsh.unicaen.fr\/pen\/pdf\/1926-20.pdf\">N\u00b020 \u2013 avril 1926<\/a><\/strong><\/p>\n\n\n\n<p style=\"font-size:15px\">Editorial \u2022 Ovide Decroly &#8211; <em>Une \u00c9cole nouvelle en Am\u00e9rique du Sud. Le Gymnase Moderne de Bogota (Colombie) (suite et fin)<\/em> \u2022 Marth M. Nemes &#8211;<em> Le mouvement d&rsquo;\u00e9ducation nouvelle en Hongrie<\/em> \u2022 D. Trobojevitch &#8211; <em>Une \u00e9cole Nouvelle Populaire \u00e0 Sarajev<\/em>o \u2022 Milorad Vanlitch &#8211; <em>Le mouvement de r\u00e9forme p\u00e9dagogique en Yougoslavie<\/em> \u2022 <em>Nouvelles diverses : Pologne &#8211; Tch\u00e9coslovaquie &#8211; Hongrie &#8211; Yougoslavie &#8211; Bulgarie &#8211; Roumanie &#8211; Gr\u00e8ce &#8211; Indes<\/em> \u2022 <em>Livres et revues<\/em> \u2022 <em>Bulletin International de l&rsquo;Institut Jean-Jacques Rousseau<\/em> \u2022 <em>Avis.<\/em><\/p>\n\n\n\n<p class=\"has-text-align-center\" style=\"font-size:15px\"><strong><a href=\"https:\/\/mrsh.unicaen.fr\/pen\/pdf\/1926-21.pdf\">N\u00b021 \u2013 juillet 1926<\/a><\/strong><\/p>\n\n\n\n<p style=\"font-size:15px\"><em>\u00c9ditorial<\/em> \u2022 Eug\u00e8ne Delaunay &#8211; <em>L&rsquo;effort p\u00e9dagogique russe (I)<\/em> \u2022 A. Philippi Van Reesema &#8211; <em>Les pr\u00e9curseurs de Mme Montessori, I<\/em> \u2022 Anne Oderfeld &#8211; <em>Enqu\u00eate sur le mat\u00e9riel auto-\u00e9ducateur<\/em> \u2022 <em>Nouvelles diverses : France &#8211; Suisse &#8211; Belgique &#8211; Italie &#8211; Espagne &#8211; Angleterre &#8211; Etats-Unis &#8211; Hollande &#8211; Danemark et Su\u00e8de<\/em> \u2022 <em>Chronique fran\u00e7aise<\/em> \u2022 <em>Livres et revues<\/em> \u2022 <em>Bureau international d&rsquo;\u00e9ducation<\/em><\/p>\n\n\n\n<p class=\"has-text-align-center\" style=\"font-size:15px\"><strong><a href=\"https:\/\/mrsh.unicaen.fr\/pen\/pdf\/\/1926-22.pdf\">N\u00b022 \u2013 septembre 1926<\/a><\/strong><\/p>\n\n\n\n<p style=\"font-size:15px\">M. B. &#8211; <em>L&rsquo;\u00e9ducation de demain selon H. G. Wells<\/em> \u2022 Gerhardt Sieveking &#8211; <em>L&rsquo;Institut des Sciences de l&rsquo;Education d&rsquo;I\u00e9na<\/em> \u2022 Eug\u00e8ne Delaunay &#8211; <em>L&rsquo;effort p\u00e9dagogique russe (fin)<\/em> \u2022 C. Philippi Van Reesma &#8211; <em>Les pr\u00e9curseurs de Mme Montessori, II<\/em> \u2022 Is. F. &#8211; <em>Une colonie d&rsquo;enfants dans la plaine de Galil\u00e9e<\/em> \u2022 <em>Nouvelles diverses : France &#8211; Italie &#8211; Allemagne &#8211; canada &#8211; Vie internationale<\/em> \u2022 Eug\u00e8ne Delaunay &#8211; <em>Chronique fran\u00e7aise<\/em> \u2022 <em>Livres et revues<\/em> \u2022 <em>Bureau International d&rsquo;Education<\/em><\/p>\n\n\n\n<p class=\"has-text-align-center\" style=\"font-size:15px\"><strong><a href=\"https:\/\/mrsh.unicaen.fr\/pen\/pdf\/1926-23.pdf\">N\u00b023 \u2013 novembre 1926<\/a><\/strong> <strong>&#8211; Congr\u00e8s de Locarno en 1927 (Sp\u00e9cial Italie)<\/strong><\/p>\n\n\n\n<p style=\"font-size:15px\"><em>Editorial : Le Congr\u00e8s de Locarno en 1927. Num\u00e9ro consacr\u00e9 sp\u00e9cialement \u00e0 l&rsquo;\u00e9ducation nouvelle en Italie<\/em> \u2022 Adolphe Ferri\u00e8re &#8211; <em>Une visite aux pionniers de l&rsquo;\u00e9cole active en Italie<\/em> \u2022 Dina Bertoni &#8211; <em>La culture de l&rsquo;esprit selon Giovanni Gentile<\/em> \u2022 G. Lombardo-Radice &#8211; <em>La valeur du jeu dans l&rsquo;\u00e9ducation<\/em> \u2022 Gino Ferretti &#8211; <em>L&rsquo;\u00e9ducation po\u00e9tique dans mon \u00e9cole inventive<\/em> \u2022 Maria Boschetti-Alberti &#8211; <em>Le Discipline dans la Libert\u00e9<\/em> \u2022 Virgina Povegliano-Lorenztto &#8211; <em>Un testament p\u00e9dagogique<\/em> \u2022 C. Philippi Van Reesema &#8211; <em>Les Pr\u00e9curseurs de Mme Montessori (fin)<\/em> \u2022 G. Lombardo-Radice &#8211; <em>L&rsquo;\u00e9cole active dans la r\u00e9forme du ministre Gentile<\/em> \u2022 G. Lombardo-Radice &#8211; <em>Les classes exp\u00e9rimentales dans la loi scolaire<\/em> \u2022 M. Levi &#8211; <em>L&rsquo;\u00e9cole r\u00e9nov\u00e9e \u00e0 Milan<\/em> \u2022 Peter Engel &#8211; <em>Une visite \u00e0 l&rsquo; \u00e9cole r\u00e9nov\u00e9e<\/em> \u2022 Rusconi &#8211; <em>L&rsquo;association pour les int\u00e9r\u00eats du Midi<\/em> \u2022 Peter Engel &#8211; <em>Les colonies des \u00ab\u00a0jeunes travailleurs\u00a0\u00bb<\/em> \u2022 <em>Notes bibliographiques sur l&rsquo;Italie<\/em> \u2022 <em>Nouvelles diverses<\/em> \u2022 <em>Livres et revues<\/em> \u2022 <em>Bureau International d&rsquo;Education<\/em> \u2022 <em>Tables des mati\u00e8res de l&rsquo;ann\u00e9e 1926<\/em><\/p>\n\n\n\n<p class=\"has-text-align-center\" id=\"1927\"><strong>1927<\/strong><\/p>\n\n\n\n<p class=\"has-text-align-center\" style=\"font-size:15px\"><strong><a href=\"https:\/\/mrsh.unicaen.fr\/pen\/pdf\/\/1927-24.pdf\">N\u00b024 &#8211; janvier 1927<\/a><\/strong><\/p>\n\n\n\n<p style=\"font-size:15px\"><em>Editorial <\/em>\u2022 Alessandor Marucci &#8211; <em>La lutte contre l&rsquo;analphab\u00e9tisme<\/em> \u2022 <em>Nouvelles Diverses<\/em> \u2022 <em>Chronique Fran\u00e7aise<\/em> \u2022 <em>Livres et revues<\/em> \u2022 <em>Bureau International d&rsquo;Education<\/em><\/p>\n\n\n\n<p class=\"has-text-align-center\" style=\"font-size:15px\"><strong><a href=\"https:\/\/mrsh.unicaen.fr\/pen\/pdf\/1927-25.pdf\">N\u00b025 &#8211; f\u00e9vrier 1927<\/a><\/strong><\/p>\n\n\n\n<p style=\"font-size:15px\">Adolphe Ferri\u00e8re &#8211; <em>Pestalozzi et l&rsquo;Education nouvelle<\/em> \u2022 Henri Pestalozzi &#8211; <em>Lettres sur l&rsquo;\u00e9ducation premi\u00e8re (fragments in\u00e9dits en fran\u00e7ais) avec une introduction de AD. F.<\/em> \u2022 <em>La c\u00e9l\u00e9bration du centenaire de la mort de Henri Pestalozzi en Suisse, en Italie, en Espagne, en Angleterre, en Allemagne et en France<\/em> \u2022 <em>Ceux qui s&rsquo;inspirent de Henri Pestalozzi en France, en Hongrie, aux \u00c9tats-Unis<\/em> \u2022 <em>Livres et revues<\/em><\/p>\n\n\n\n<p class=\"has-text-align-center\" style=\"font-size:15px\"><strong><a href=\"https:\/\/mrsh.unicaen.fr\/pen\/pdf\/1927-26.pdf\">N\u00b026 &#8211; mars 1927<\/a><\/strong><\/p>\n\n\n\n<p style=\"font-size:15px\"><em>\u00c9ditorial <\/em>\u2022 Jean Piaget &#8211; <em>La naissance de l&rsquo;intelligence chez l&rsquo;enfant<\/em> \u2022 G. Van Der Laan &#8211; <em>Le syst\u00e8me Kennemer<\/em> \u2022 <em>\u00c9chos du centenaire de Pestalozzi<\/em> \u2022 Adolphe Ferri\u00e8re &#8211; <em>Une pol\u00e9mique \u00e0 propos de l&rsquo;Ecole active<\/em> \u2022 Adolphe Ferri\u00e8re &#8211; <em>L&rsquo;Imprimerie \u00e0 l&rsquo;Ecole primaire<\/em> \u2022 <em>Nouvelles diverses<\/em> \u2022 <em>Livres et revues<\/em><\/p>\n\n\n\n<p class=\"has-text-align-center\" style=\"font-size:15px\"><strong><a href=\"https:\/\/mrsh.unicaen.fr\/pen\/pdf\/\/1927-27.pdf\">N\u00b027 &#8211; avril 1927<\/a><\/strong><\/p>\n\n\n\n<p style=\"font-size:15px\">M. Harang &#8211; <em>L&rsquo;enseignement individuel \u00e0 l&rsquo;\u00e9cole maternelle I<\/em> \u2022 <em>Nouvelles diverses<\/em> \u2022 Eug\u00e8ne Delaunay &#8211; <em>Chronique fran\u00e7aise<\/em> \u2022 <em>Le centenaire de Pestalozzi en France et dans quelques autres pays<\/em> \u2022 Adolphe Ferri\u00e8re et J. H. &#8211; <em>On s&rsquo;occupe \u00e0 nouveau de l&rsquo;enseignement de la musique<\/em> \u2022 <em>Livres et revues<\/em> \u2022 <em>Bulletin n\u00b0 2 du bureau internationnal de l&rsquo;\u00e9ducation<\/em><\/p>\n\n\n\n<p class=\"has-text-align-center\" style=\"font-size:15px\"><strong><a href=\"https:\/\/mrsh.unicaen.fr\/pen\/pdf\/\/1927-28.pdf\">N\u00b028 &#8211; mai 1927<\/a><\/strong><\/p>\n\n\n\n<p style=\"font-size:15px\">M. Harang &#8211; <em>L&rsquo;Enseignement individuel \u00e0 l&rsquo;\u00e9cole maternelle II (Suite et fin)<\/em> \u2022 Adolphe Ferri\u00e8re &#8211; <em>Deux deuils, deux exemples \u00e0 suivre, Lucien Herr, Emma Pieczynska-Reichenbach<\/em> \u2022 <em>Nouvelles diverses<\/em> \u2022 <em>Livres et revues<\/em> \u2022 <em>Supl\u00e9ment au Bulletin n\u00b0 2 du Bureau internationnal de l&rsquo;\u00e9ducation<\/em><\/p>\n\n\n\n<p class=\"has-text-align-center\" style=\"font-size:15px\"><strong><a href=\"https:\/\/mrsh.unicaen.fr\/pen\/pdf\/1927-29.pdf\">N\u00b029 &#8211; juin 1927<\/a><\/strong><\/p>\n\n\n\n<p style=\"font-size:15px\"><em>\u00c9ditorial<\/em> \u2022 Maria Montessori &#8211; <em>La discipline et la libert\u00e9<\/em> \u2022 C. L. De Ligt Van Rossen &#8211; <em>Un t\u00e9moignage hollandais en faveur de la m\u00e9thode Montessori<\/em> \u2022 Adolphe Ferri\u00e8re &#8211; <em>Paresse<\/em> \u2022 <em>Nouvelles diverses : France &#8211; Angleterre &#8211; \u00c9tats-Unis &#8211; Su\u00e8de &#8211; Allemagne &#8211; Japon<\/em> \u2022 Eug\u00e8ne Delaunay &#8211; <em>Chronique fran\u00e7aise<\/em> \u2022 <em>Livres et revues<\/em><\/p>\n\n\n\n<p class=\"has-text-align-center\" style=\"font-size:15px\"><strong><a href=\"https:\/\/mrsh.unicaen.fr\/pen\/pdf\/\/1927-30.pdf\">N\u00b030 &#8211; juillet-ao\u00fbt 1927<\/a><\/strong><\/p>\n\n\n\n<p style=\"font-size:15px\">Frank Walser &#8211; <em>La Philosophie de la vraie Libert\u00e9<\/em> \u2022 Adolphe Ferri\u00e8re &#8211; <em>La Discipline, sa n\u00e9cessit\u00e9, ses conditions<\/em> \u2022 Adolphe Ferri\u00e8re &#8211; <em>Les principes de l&rsquo;\u00e9cole active chez Benedetto Croce<\/em> \u2022 <em>Nouvelles diverses<\/em> \u2022 <em>Livres et revues<\/em> \u2022 Joseph Ogoun et Pierre Bovet &#8211; <em>Bulletin n\u00b03 du Bureau internationnal de l&rsquo;\u00e9ducation<\/em><\/p>\n\n\n\n<p class=\"has-text-align-center\" style=\"font-size:15px\"><strong><a href=\"https:\/\/mrsh.unicaen.fr\/pen\/pdf\/1927-31.pdf\">N\u00b031 &#8211; septembre-octobre 1927<\/a><\/strong><\/p>\n\n\n\n<p style=\"font-size:15px\"><em>Avis de la r\u00e9daction<\/em> \u2022 Arthur Sweetster &#8211; <em>La signification et la port\u00e9e du Congr\u00e8s d&rsquo;Education Nouvelle<\/em> \u2022 Jagadis Chunder Bose &#8211; <em>I. L&rsquo;Unit\u00e9 de la vie. &amp; II. Une vie consacr\u00e9e \u00e0 la recherche de la v\u00e9rit\u00e9<\/em> \u2022 <strong>I. Le probl\u00e8me de la libert\u00e9 en \u00e9ducation<\/strong> \u2022 Pierre Bovet &#8211; <em>La Libert\u00e9, but ou moyen<\/em> \u2022 B\u00e9atrice Ensor &#8211; <em>La relativit\u00e9 de la libert\u00e9<\/em> \u2022 <em>Libert\u00e9 et limitation<\/em> \u2022 G. Lombardo-Radice &#8211; <em>La Libert\u00e9 v\u00e9ritable et la fausse libert\u00e9 en \u00e9ducation<\/em> \u2022 Ovide Decroly &#8211; <em>La Libert\u00e9 et l&rsquo;Education<\/em> \u2022 Lorenzo Luzuriaga &#8211; <em>La p\u00e9dagogie de l&rsquo;\u00e9quipe<\/em> \u2022 Carson Ryan &#8211; <em>L&rsquo;Experience des Etats-Unis<\/em> <em>&#8211; Les m\u00e9thodes individuelles dans les \u00e9coles primaires<\/em> \u2022 Harold O. Rugg &#8211; <em>L&rsquo;Experience des Etats-Unis &#8211; Comment lib\u00e9rer les programmes<\/em> \u2022 Carleton W. Washburne &#8211; <em>L&rsquo;Experience des Etats-Unis &#8211; La libert\u00e9 par la ma\u00eetrise de soi<\/em> \u2022 Lucy L.W. Wilson &#8211; <em>L&rsquo;Experience des Etats-Unis &#8211; La v\u00e9ritable signification de la libert\u00e9 dans les \u00e9coles secondaires am\u00e9ricaines d&rsquo;instruction publique<\/em> \u2022 Mariette Johnson &#8211; <em>L&rsquo;Experience des Etats-Unis &#8211; La Conservation de l&rsquo;Enfance et la Co\u00e9ducation<\/em> \u2022 Alfred Adler &#8211; <em>Voix d&rsquo;Allemagne et d&rsquo;Autriche &#8211; Le courage. Son importance dans l&rsquo;\u00e9ducation de l&rsquo;enfant<\/em> \u2022 Wilhelm Paulsen &#8211; <em>Voix d&rsquo;Allemagne et d&rsquo;Autriche &#8211; La Libert\u00e9 de l&rsquo;Educateur<\/em> \u2022 Paul L. Dengler &#8211; <em>Voix d&rsquo;Allemagne et d&rsquo;Autriche &#8211; Soumission passive ou self-government<\/em> \u2022 Gustave Wyneken &#8211; <em>Voix d&rsquo;Allemagne et d&rsquo;Autriche &#8211; La libert\u00e9 et ses limites<\/em> \u2022 M. B. T. Thaker &#8211; <em>Une voix de l&rsquo;Inde &#8211; Libert\u00e9 et domination de soi<\/em> \u2022 Adolphe Ferri\u00e8re &#8211; <em>Conclusion <\/em>\u2022 <strong>II. La participation des pays latins<\/strong><em> <\/em>\u2022 Ovide Decroly &#8211; <em>BELGIQUE &#8211; Les enfants difficiles<\/em> \u2022 Ovide Decroly &#8211; <em>BELGIQUE &#8211; Les tests mentaux<\/em> \u2022 T.-J. Gueritte &#8211; <em>FRANCE &#8211; La Nouvelle Education en France<\/em> \u2022 Mlle Maucourant &#8211; <em>FRANCE &#8211; Dans quelle mesure les Ecoles publiques de France sont-elles anim\u00e9es de l&rsquo;esprit de libert\u00e9 des Ecoles nouvelles ?<\/em> \u2022 Eug\u00e8ne Simon &#8211; <em>FRANCE &#8211; Les Ligues de Bont\u00e9 Internationnales<\/em> \u2022 Anna Alessandrini &#8211; <em>ITALIE &#8211; La M\u00e9thode Orthop\u00e9dique et le r\u00f4le du Symbole dans l&rsquo;Enseignement<\/em> \u2022 Laura Lacombe &#8211; <em>BRESIL &#8211; L&rsquo;enseignement public \u00e0 Rio de Janeiro<\/em> \u2022 Clotilde Guillen de Rezzano &#8211; <em>REPUBLIQUE ARGENTINE &#8211; Un essai pour rendre possible l&rsquo;autonomie de l&rsquo;\u00e9colier dans les \u00e9coles d&rsquo;Etat<\/em> \u2022 Mme Boschetti-Alberti &#8211; <em>SUISSE &#8211; L&rsquo;Ecole sereine<\/em> \u2022 Edouard Clapar\u00e8de &#8211; <em>SUISSE &#8211; L&rsquo;Education nouvelle et la Psychologie de L&rsquo;Enfant<\/em> \u2022 Paul Mayhoffer &#8211; <em>SUISSE -L&rsquo;Ecole internationale de Gen\u00e8ve<\/em><\/p>\n\n\n\n<p class=\"has-text-align-center\" style=\"font-size:15px\"><strong><a href=\"https:\/\/mrsh.unicaen.fr\/pen\/pdf\/\/1927-32.pdf\">N\u00b032 &#8211; novembre 1927<\/a><\/strong><\/p>\n\n\n\n<p style=\"font-size:15px\"><strong>III. La lib\u00e9ration de l&rsquo;enfant par la psychologie, les m\u00e9thodes, les \u00e9coles exp\u00e9rimentales, la co\u00e9ducation, l&rsquo;art et l&rsquo;histoire<\/strong> \u2022 Alfred Adler, O. Pfister et E. Crosby-Kemp &#8211; <em>La psychologie de l&rsquo;enfant<\/em> \u2022 Mme Roubiczek et Mme Philippi Van Reesema &#8211; <em>Les m\u00e9thodes nouvelles &#8211; A. Les tout-petits<\/em> \u2022 P. Peterson &#8211; <em>Les m\u00e9thodes nouvelles<\/em> <em>&#8211; B. L&rsquo;\u00e9cole primaire <\/em>\u2022 Lucy Wilson, P. Dengler et Mme O&rsquo;Brien Harris &#8211; <em>Les m\u00e9thodes nouvelles &#8211; C. L&rsquo;\u00e9cole secondaire<\/em> \u2022 J. W. Wicksteed, Mr. Del Manzo et Pierre Bovet &#8211; <em>Les m\u00e9thodes nouvelles &#8211; D. La formation des ma\u00eetres<\/em> \u2022 Rosa Katz &#8211; <em>Les \u00e9coles exp\u00e9rimentales<\/em> \u2022 Basil Gimson, P. Dunlap-Smith et P. Geheeb &#8211; <em>La co\u00e9ducation des sexes<\/em> \u2022 F. Bakule, S. Szuman et M. Ber-Gemann-Konitzer &#8211; <em>L&rsquo;art au service de la libert\u00e9<\/em> \u2022 <strong>IV. Ecoles publiques r\u00e9nov\u00e9es et \u0153uvres nationales en faveur de l&rsquo;enfance<\/strong> \u2022 H. Rugg, P. Otlet et Mme Cornell &#8211; <em>L&rsquo;Histoire et l&rsquo;esprit international<\/em> \u2022 Wilhem Lottig &#8211; <em>ALLEMAGNE &#8211; Les communaut\u00e9s de Hambourg<\/em> \u2022 Otto Gloeckel &#8211; <em>AUTRICHE &#8211; La r\u00e9novation de l&rsquo;\u00e9cole en Autriche<\/em> \u2022 Victor Fabrus &#8211; <em>AUTRICHE &#8211; Rapport sur la r\u00e9forme scolaire en Autriche<\/em> \u2022 D. Katzaroff &#8211; B<em>ULGARIE &#8211; Qu&rsquo;entendons-nous par \u00e9ducation nouvelle et comment travaillons-nous pour la d\u00e9velopper en Bulgarie<\/em> \u2022 William Rutherford &#8211; <em>CALIFORNIE &#8211; L&rsquo;\u00e9ducation en Californie<\/em> \u2022 Sigurd Nasgaard &#8211; <em>DANEMARK &#8211; Les \u00e9coles paysannes<\/em> \u2022 B.-W. Payne &#8211; <em>LIBERIA &#8211; L&rsquo;\u00e9ducation au Lib\u00e9ria<\/em> \u2022 Mosh\u00e9 Gordon &#8211; <em>PALESTINE &#8211; Le r\u00e9gime des \u00e9coles h\u00e9bra\u00efques en Europe<\/em> \u2022 Chaim-Zwieili &#8211; <em>PALESTINE &#8211; L&rsquo;\u0153uvre \u00e9ducative des Juifs en Palestine<\/em> \u2022 B. Kielski &#8211; <em>POLOGNE &#8211; L&rsquo;Education nouvelle<\/em> \u2022 W. Lutoslawski &#8211; <em>POLOGNE &#8211; Le Messianisme polonais et l&rsquo;Education<\/em> \u2022 Dmitri Askubin &#8211; <em>RUSSIE &#8211; Les conditions g\u00e9n\u00e9rales et les bases de la r\u00e9forme scolaire en Russie<\/em> \u2022 Lucy Wilson &#8211; <em>RUSSIE &#8211; L&rsquo;\u00e9ducation en Russie<\/em> \u2022 Emile Jucker &#8211; <em>SUISSE &#8211; Organisation de l&rsquo;aide aux enfants difficiles en Suisse<\/em> \u2022 Assim Ismet &#8211;<em> TURQUIE &#8211; La transformation de l&rsquo;\u00e9cole<\/em> \u2022 Adolphe Ferri\u00e8re &#8211; <strong>V. Chronique du Congr\u00e8s<\/strong> \u2022 J.-L. Clapar\u00e8de &#8211; <em>Exposition de mat\u00e9riel d&rsquo;enseignement<\/em> \u2022 A. Oderfeld &#8211; <em>Le fichier d&rsquo;images et l&rsquo;auto-\u00e9ducation dans les biblioth\u00e8ques<\/em> \u2022 Rudolf Smola &#8211; <em>Revue rapide des expositions p\u00e9dagogiques de Locarno<\/em> \u2022 <em>Bulletin n\u00b0 5 du bureau internationnal de l&rsquo;\u00e9ducation<\/em><\/p>\n\n\n\n<p class=\"has-text-align-center\" style=\"font-size:15px\"><strong><a href=\"https:\/\/mrsh.unicaen.fr\/pen\/pdf\/\/1927-33.pdf\">N\u00b033 &#8211; d\u00e9cembre 1927<\/a><\/strong><\/p>\n\n\n\n<p style=\"font-size:15px\"><em>Editorial <\/em>\u2022 <em>Avis <\/em>\u2022 V. Vivat &#8211; <em>Pour pr\u00e9parer la cit\u00e9 du future<\/em> \u2022 Adolphe Ferri\u00e8re &#8211; <em>Le probl\u00e8me de l&rsquo;enseignement secondaire \u00e0 l&rsquo;\u00e9cole internationale de Gen\u00e8ve<\/em> \u2022 Paul Dupuy &#8211; <em>Les centres d&rsquo;int\u00e9r\u00eat \u00e0 l&rsquo;\u00e9cole internationale de Gen\u00e8ve<\/em> \u2022 <em>Bureau Fran\u00e7ais d&rsquo;Education<\/em> \u2022 Eug\u00e8ne Delaunay &#8211; <em>Chronique Fran\u00e7aise<\/em> \u2022 <em>Nouvelles diverses<\/em> \u2022 <em>Livres et revues<\/em><\/p>\n\n\n\n<p class=\"has-text-align-center\" id=\"1928\"><strong>1928<\/strong><\/p>\n\n\n\n<p class=\"has-text-align-center\" style=\"font-size:15px\"><strong><a href=\"https:\/\/mrsh.unicaen.fr\/pen\/pdf\/1928-34.pdf\">N\u00b034 &#8211; janvier 1928<\/a><\/strong><\/p>\n\n\n\n<p style=\"font-size:15px\"><em>\u00c9ditorial<\/em> \u2022 Avis \u2022 A. Jotte &#8211; <em>Une classe Montessori \u00e0 Paris (1)<\/em> \u2022 E. Rion &#8211; <em>Est-ce que les temps seraient r\u00e9volus ?<\/em> \u2022 Albert Chessex &#8211; <em>Cours normal suisse, Gen\u00e8ve 1927<\/em> \u2022 <em>Nouvelles diverses<\/em> \u2022 <em>Livres et revues<\/em> \u2022 <em>Bulletin n\u00b0 6 du Bureau internationnal de l&rsquo;Education<\/em><\/p>\n\n\n\n<p class=\"has-text-align-center\" style=\"font-size:15px\"><strong><a href=\"https:\/\/mrsh.unicaen.fr\/pen\/pdf\/1928-35.pdf\">N\u00b035 &#8211; f\u00e9vrier 1928<\/a><\/strong><\/p>\n\n\n\n<p style=\"font-size:15px\"><em>Editorial<\/em> \u2022 <em>Avis<\/em> \u2022 Carleton W. Washburne &#8211; <em>Ce qu&rsquo;il y a de bon et ce qu&rsquo;il y a de mauvais dans l&rsquo;Education en Russie<\/em> \u2022 A. Jotte &#8211; <em>Une classe Montessori \u00e0 Paris (2 et fin)<\/em> \u2022 Arturo Oropeza et John Dewey &#8211; <em>Une \u00e9cole miraculeuse<\/em> \u2022 Emil Hauf &#8211; <em>Proposition d&rsquo;\u00e9changes internationaux de correspondance entre les membres de la \u00ab\u00a0Ligue internationale pour l&rsquo;Education Nouvelle\u00a0\u00bb<\/em> \u2022 Eug\u00e8ne Delaunay &#8211; <em>Chronique Fran\u00e7aise<\/em> \u2022 <em>Livres et revues<\/em><\/p>\n\n\n\n<p class=\"has-text-align-center\" style=\"font-size:15px\"><strong><a href=\"https:\/\/mrsh.unicaen.fr\/pen\/pdf\/1928-36.pdf\">N\u00b036 &#8211; mars 1928<\/a><\/strong><\/p>\n\n\n\n<p style=\"font-size:15px\">W. Ganzenm\u00fcller &#8211; <em>Paul Oestreich, Chef des partisans d&rsquo;une r\u00e9forme radicale de l&rsquo;\u00e9cole<\/em> \u2022 J.F. Wright &#8211; <em>Les \u00ab\u00a0Pathfinders of America\u00a0\u00bb<\/em> \u2022 Ch. Arpin &#8211; <em>Le grand air, \u00e9cole de plein air et colonie de vacances de Troyes<\/em> \u2022 R.-O. Frick &#8211; <em>La r\u00e9forme de l&rsquo;Enseignement primaire \u00e0 Neuch\u00e2ltel (Suisse)<\/em> \u2022 T. Rossi Doria &#8211; <em>Le village des Enfants<\/em> \u2022 Adolphe Ferri\u00e8re &#8211; <em>Des archives internationales de dessins d&rsquo;enfants<\/em> \u2022 Alfred Westharp &#8211; <em>L&rsquo;\u00e9ducation nouvelle propos\u00e9e comme rem\u00e8de \u00e0 la situation en Chine<\/em> \u2022 <em>Nouvelles diverses<\/em> \u2022 <em>Livres et revues<\/em><\/p>\n\n\n\n<p class=\"has-text-align-center\" style=\"font-size:15px\"><strong><a href=\"https:\/\/mrsh.unicaen.fr\/pen\/pdf\/1928-37.pdf\">N\u00b037 &#8211; avril 1928<\/a><\/strong><\/p>\n\n\n\n<p style=\"font-size:15px\"><em>Editorial <\/em>\u2022 Adolphe Ferri\u00e8re &#8211; <em>Les Rotary Clubs<\/em> \u2022 <strong>Trois aspects de l&rsquo;\u00e9ducation nouvelle en Pologne<\/strong> \u2022 Marg Evard &#8211; <em>I. La psychologie g\u00e9n\u00e9tique dans ses rapports avec les th\u00e8ses de l&rsquo;\u00e9cole active<\/em> \u2022 Frank Walser &#8211; <em>II. Quelques \u00e9coles publiques de tendances nouvelles \u00e0 Varsovie<\/em> \u2022 H. Radlinska et H. Rowid &#8211; <em>III. La r\u00e9alisation de l&rsquo;Ecole active en Pologne<\/em> \u2022 P. FR. &#8211; <em>L&rsquo;\u00e9cole enfantine de Mme Agazzi, \u00e0 Mompiano<\/em> \u2022 Eug\u00e8ne Delaunay &#8211; <em>Chronique Fran\u00e7aise<\/em> \u2022 <em>Nouvelles diverses<\/em> \u2022 <em>Bulletin n\u00b0 7 du Bureau internationnal de l&rsquo;Education<\/em><\/p>\n\n\n\n<p class=\"has-text-align-center\" style=\"font-size:15px\"><strong><a href=\"https:\/\/mrsh.unicaen.fr\/pen\/pdf\/1928-38.pdf\">N\u00b038 &#8211; mai 1928<\/a><\/strong><\/p>\n\n\n\n<p style=\"font-size:15px\"><em>Boniment de l&rsquo;Administrateur<\/em> \u2022 Ester Pino &#8211; <em>La r\u00e9forme de l&rsquo;\u00e9ducation au Chili<\/em> \u2022 Dr. Winternitz &#8211; <em>L&rsquo;\u00e9cole de Rabindranath. Tagore \u00e0 Santiniketan<\/em> \u2022 P. FR. &#8211; <em>L&rsquo;\u00e9ducation musicale dans la m\u00e9thode Agazzi<\/em> \u2022 F. &#8211; <em>A propos de gymnastique naturelle<\/em> \u2022 V. &#8211; <em>Le mat\u00e9riel Alessandrini pour l&rsquo;aithm\u00e9tique<\/em> \u2022 <em>Nouvelles diverses<\/em> \u2022 <em>Livres et revues<\/em><\/p>\n\n\n\n<p class=\"has-text-align-center\" style=\"font-size:15px\"><strong><a href=\"https:\/\/mrsh.unicaen.fr\/pen\/pdf\/1928-39.pdf\">N\u00b039 &#8211; juin 1928<\/a><\/strong><\/p>\n\n\n\n<p style=\"font-size:15px\"><em>Editorial<\/em> \u2022 Jeanne Deschamps-Alexander &#8211; <em>Une exp\u00e9rience d&rsquo;auto-\u00e9ducation \u00e0 l&rsquo;Orphelinat rationaliste de Forest-Bruxelles de 1920 \u00e0 1927<\/em> \u2022 Ovide Decroly &#8211; <em>Parall\u00e8le entre les troubles mentaux de l&rsquo;adulte et de l&rsquo;enfant<\/em> \u2022 Adolphe Ferri\u00e8re &#8211; <em>L&rsquo;enfant et le soleil<\/em> \u2022 P. FR. &#8211; <em>La \u00ab\u00a0Semaine P\u00e9dagogique\u00a0\u00bb de la Soci\u00e9t\u00e9 Alfred Binet \u00e0 Lyon, en 1927<\/em> \u2022 Adolphe Ferri\u00e8re &#8211; <em>Rythme et geste chez les tout petits<\/em> \u2022 Adolphe Ferri\u00e8re &#8211; <em>Le pr\u00e9-apprentissage et le travail de la ferblanterie<\/em> \u2022 Adolphe Ferri\u00e8re &#8211; <em>Un cours normal de g\u00e9ographie en Angleterre<\/em> \u2022 <em>Nouvelles diverses<\/em> \u2022 <em>Livres et revues<\/em><\/p>\n\n\n\n<p class=\"has-text-align-center\" style=\"font-size:15px\"><strong><a href=\"https:\/\/mrsh.unicaen.fr\/pen\/pdf\/1928-40.pdf\">N\u00b040 &#8211; juillet-ao\u00fbt 1928<\/a><\/strong><\/p>\n\n\n\n<p style=\"font-size:15px\"><em>Avis <\/em>\u2022 Lorenzo Luzuriaga &#8211; <em>Les trente points caract\u00e9ristiques de l&rsquo;Ecole publique r\u00e9nov\u00e9e<\/em> \u2022 Anne Oderfeld &#8211; <em>Pour faire conna\u00eetre la civilisation universelle<\/em> \u2022 Eug\u00e8ne Delaunay &#8211; <em>Chronique Fran\u00e7aise<\/em> \u2022 <em>Nouvelles diverses<\/em> \u2022 <em>Livres et revues<\/em> \u2022 <em>Bulletin n\u00b0 8 du Bureau internationnal de l&rsquo;\u00e9ducation<\/em><\/p>\n\n\n\n<p class=\"has-text-align-center\" style=\"font-size:15px\"><strong><a href=\"https:\/\/mrsh.unicaen.fr\/pen\/pdf\/\/1928-41.pdf\">N\u00b041 &#8211; septembre-octobre 1928<\/a><\/strong><\/p>\n\n\n\n<p style=\"font-size:15px\">L. Poniniot &#8211; <em>Un laboratoire de p\u00e9dagogie et de psychologie exp\u00e9rimentales<\/em> \u2022 M.-A. &#8211; Carroi &#8211; <em>A nos coll\u00e8gues de l&rsquo;Enseignement secondaire f\u00e9minin<\/em> \u2022 G. Marcel &#8211; <em>Sur l&rsquo;Ecole-Foyer de Grenoble<\/em> \u2022 Carrard &#8211; <em>Apprentissage et psychotechnique<\/em> \u2022 Ch. Baudouin et G. Richard &#8211; <em>Institut international de psychologie et de psychoth\u00e9rapie<\/em> \u2022 Adolphe Ferri\u00e8re &#8211; <em>Le Coll\u00e8ge d&rsquo;Antioche aux \u00c9tats-Unis<\/em> \u2022 L. Holeman &#8211; <em>Les \u00e9coles juives en Pologne<\/em> \u2022 <em>Livres et revues<\/em> \u2022 Fran\u00e7ois-Louis Bertrand &#8211; <em>Un nouveau proc\u00e9d\u00e9 d&rsquo;investigation psycho-p\u00e9dagogique<\/em> \u2022 Serge W. Ivanoff &#8211; <em>Le syst\u00e8me complexe de l&rsquo;enseignement en Russie<\/em> \u2022 C. Chatsky &#8211; <em>Les lacunes actuelles dans l&rsquo;enseignement en Russie<\/em><\/p>\n\n\n\n<p class=\"has-text-align-center\" style=\"font-size:15px\"><strong><a href=\"https:\/\/mrsh.unicaen.fr\/pen\/pdf\/1928-42.pdf\">N\u00b042 &#8211; novembre 1928<\/a><\/strong><\/p>\n\n\n\n<p style=\"font-size:15px\">Franck Walser &#8211; <em>L&rsquo;exp\u00e9rience p\u00e9dagogique de Vienne, sa port\u00e9e mondiale<\/em> \u2022 Fran\u00e7ois-Louis Bertrand &#8211; <em>Un nouveau proc\u00e9d\u00e9 d&rsquo;investigation psycho-p\u00e9dagogique (fin)<\/em> \u2022 Nicolas Roubakine et Fran\u00e7ois-Louis Bertrand &#8211; <em>Remarques au sujet du nouveau proc\u00e9d\u00e9 d&rsquo;investigation<\/em> \u2022<br><em>Nouvelles diverses : France &#8211; Hollande &#8211; Mexique &#8211; Vie internationale<\/em> \u2022 <em>Bulletin n\u00b0 9 du Bureau International d&rsquo;Education<\/em><\/p>\n\n\n\n<p class=\"has-text-align-center\" style=\"font-size:15px\"><strong><a href=\"https:\/\/mrsh.unicaen.fr\/pen\/pdf\/1928-43.pdf\">N\u00b043 &#8211; d\u00e9cembre 1928<\/a><\/strong><\/p>\n\n\n\n<p style=\"font-size:15px\">Avis \u2022 Herman H. Horne &#8211; <em>Les orientations dominantes de l&rsquo;\u00e9ducation nouvelle<\/em> \u2022 Adolophe Ferri\u00e8re &#8211; <em>La composition fran\u00e7aise \u00e0 l&rsquo;\u00e9cole active<\/em> \u2022 Eug\u00e8ne Delaunay &#8211; <em>Chronique Fran\u00e7aise<\/em> \u2022 <em>Nouvelles diverses<\/em> \u2022 <em>Livres et revues<\/em><\/p>\n\n\n\n<p class=\"has-text-align-center\" id=\"1929\"><strong>1929<\/strong><\/p>\n\n\n\n<p class=\"has-text-align-center\" style=\"font-size:15px\"><strong><a href=\"https:\/\/mrsh.unicaen.fr\/pen\/pdf\/\/1929-44.pdf\">N\u00b044 &#8211; janvier 1929<\/a><\/strong><\/p>\n\n\n\n<p style=\"font-size:15px\"><em>Avis de l&rsquo;Administration<\/em> \u2022 <em>Editorial<\/em> \u2022 Adolphe Ferri\u00e8re &#8211; <em>La d\u00e9termination des types psychologiques et l&rsquo;individualisation en \u00e9ducation<\/em> \u2022 Le Comit\u00e9 &#8211; <em>L&rsquo;Association internationale pour Films d&rsquo;Education nouvelle<\/em> \u2022 <em>Nouvelles diverses<\/em> \u2022 <em>Livres et revues<\/em> \u2022 <em>Table des mati\u00e8res de l&rsquo;Ann\u00e9e 1928<\/em> \u2022 <em>Bulletin n\u00b0 10 du Bureau international d&rsquo;\u00e9ducation<\/em><\/p>\n\n\n\n<p class=\"has-text-align-center\" style=\"font-size:15px\"><strong><a href=\"https:\/\/mrsh.unicaen.fr\/pen\/pdf\/\/1929-45.pdf\">N\u00b045 &#8211; f\u00e9vrier-mars 1929<\/a><\/strong><\/p>\n\n\n\n<p style=\"font-size:15px\"><em>Num\u00e9ro sp\u00e9cial consacr\u00e9 \u00e0 la Turquie et \u00e0 l&rsquo;Asie<\/em> \u2022 <em>Avis de l&rsquo;Administration<\/em> \u2022 Adolphe Ferri\u00e8re &#8211; <em>La Turquie nouvelle et ses \u00e9coles<\/em> \u2022 Bey Rahmi &#8211; <em>L&rsquo;\u00e9ducation nouvelle en Turquie<\/em> \u2022 Bey Assim Ismet &#8211; <em>Le Programme des Centres d&rsquo;Int\u00e9r\u00eat<\/em> \u2022 Bey Fuat &#8211; <em>Histoire et m\u00e9thode active<\/em> \u2022 William Heard Kilpatrick &#8211; <em>Exp\u00e9riences p\u00e9dagogiques en Extr\u00eame-Orient<\/em> \u2022 <em>La r\u00e9volution par l&rsquo;\u00e9volution<\/em> \u2022 <em>Pour la Soci\u00e9t\u00e9 des Nations<\/em> \u2022 <em>Un nouvel Institut d&rsquo;Orientation Professionnelle \u00e0 Paris<\/em> \u2022 <em>Livres et revues<\/em><\/p>\n\n\n\n<p class=\"has-text-align-center\" style=\"font-size:15px\"><strong><a href=\"https:\/\/mrsh.unicaen.fr\/pen\/pdf\/1929-46.pdf\">N\u00b046 &#8211; avril 1929<\/a><\/strong><\/p>\n\n\n\n<p style=\"font-size:15px\"><em>\u00c9ditorial<\/em> \u2022 L. Leithner &#8211; <em>L&rsquo;Ecole des M\u00e8res \u00e0 Stuttgart<\/em> \u2022 <em>Une enqu\u00eate internationale sur les examens scolaires <\/em>\u2022 Pierre Bartholdi &#8211; <em>Les Enfants difficiles vus par M. Rouvroy<\/em> \u2022 E. Delaunay &#8211; <em>Chronique Fran\u00e7aise<\/em> \u2022 <em>Nouvelles diverses<\/em> \u2022 <em>Bulletin n\u00b0 11 du Bureau internationnal de l&rsquo;Education<\/em><\/p>\n\n\n\n<p class=\"has-text-align-center\" style=\"font-size:15px\"><strong><a href=\"https:\/\/mrsh.unicaen.fr\/pen\/pdf\/1929-47.pdf\">N\u00b047 &#8211; mai 1929<\/a><\/strong><\/p>\n\n\n\n<p style=\"font-size:15px\">Adolphe Ferri\u00e8re &#8211; <em>Notes de voyage : Autriche, Hongrie, Roumanie<\/em> \u2022 D. H. &#8211; <em>Mensonges d&rsquo;enfants d&rsquo;apr\u00e8s une enqu\u00eate du Dr Charlotte B\u00fchler<\/em> \u2022 Hildebrand Varkonyi &#8211; <em>Le \u00ab\u00a0Progr\u00e8s spirituel\u00a0\u00bb<\/em> et r\u00e9ponse d&rsquo;Adolphe Ferri\u00e8re \u2022 <em>Nouvelles diverses : France &#8211; Pays De Galle &#8211; Vie internationale<\/em> \u2022 <em>Livres et revues<\/em><\/p>\n\n\n\n<p class=\"has-text-align-center\" style=\"font-size:15px\"><strong><a href=\"https:\/\/mrsh.unicaen.fr\/pen\/pdf\/\/1929-48.pdf\">N\u00b048 &#8211; juin 1929<\/a><\/strong><\/p>\n\n\n\n<p style=\"font-size:15px\">L.-Ch. Baudouin &#8211; <em>Les m\u00e9thodes de la psychanalyse \u00e9ducative<\/em> \u2022 Dr William Stern &#8211; <em>La crise de l&rsquo;adolescence<\/em> \u2022 Dr Wiliam Boven &#8211; <em>La caract\u00e9rologie<\/em> \u2022 Marguerite Reynier &#8211; <em>Les tests de caract\u00e8re<\/em> \u2022 <em>Nouvelles diverses : Belgique &#8211; Allemagne<\/em> \u2022 <em>Livres et revues<\/em> \u2022 <em>Bulletin n\u00b0 12 du Bureau International d&rsquo;Education<\/em><\/p>\n\n\n\n<p class=\"has-text-align-center\" style=\"font-size:15px\"><strong><a href=\"https:\/\/mrsh.unicaen.fr\/pen\/pdf\/1929-49.pdf\">N\u00b049 &#8211; juillet-ao\u00fbt 1929<\/a><\/strong><\/p>\n\n\n\n<p style=\"font-size:15px\">Henri Pi\u00e9ron &#8211; <em>Avant-Propos<\/em> \u2022 <strong>I. Questions g\u00e9n\u00e9rales<\/strong> \u2022 Henri Pi\u00e9ron &#8211; <em>La notion d&rsquo;aptitude en \u00e9ducation<\/em> \u2022 R. Duthil &#8211; <em>Les applications p\u00e9dagogiques de la m\u00e9thode des tests<\/em> \u2022 <strong>II. Education nouvelle et m\u00e9thode d&rsquo;enseignement<\/strong> \u2022 J. Bezard &#8211; <em>Le Latin des Romanistes ou l&rsquo;Introduction \u00e0 L&rsquo;Etude El\u00e9mentaire du Latin<\/em> \u2022 J. Bigot &#8211; <em>Les tendances et m\u00e9thodes nouvelles dans l&rsquo;enseignement du fran\u00e7ais \u00e0 l&rsquo;\u00e9cole primaire<\/em> \u2022 Paul Martin &#8211; <em>L&rsquo;enseignement exp\u00e9rimental et la \u00ab\u00a0\u00a0\u00bbp\u00e9dagogie fran\u00e7aise\u00a0\u00bb<\/em> \u2022 Strohl &#8211; <em>Expos\u00e9 succint de l&rsquo;\u00e9tat de l&rsquo;\u00e9ducation physique en France<\/em> \u2022 <strong>III. Dans les \u00e9coles fran\u00e7aises<\/strong> \u2022 A. Carroi &#8211; <em>Le travail de composition par \u00e9quipes dans un lyc\u00e9e<\/em> \u2022 E. Fayol &#8211; <em>L&rsquo;esprit des \u00e9coles nouvelles et les \u00e9coles normales primaires fran\u00e7aises<\/em> \u2022 Un groupe de professeurs &#8211; <em>La vie d&rsquo;une \u00e9cole primaire sup\u00e9rieure<\/em> \u2022 C\u00e9lestin Freinet &#8211; <em>L&rsquo;imprimerie \u00e0 l&rsquo;\u00e9cole<\/em> \u2022 Fernand Cattier &#8211; <em>La coop\u00e9ration scolaire en France<\/em> \u2022 Roger Cousinet &#8211; <em>Exp\u00e9rience de travail libre par groupes<\/em> \u2022 M. Bardot &#8211; <em>L&rsquo;effort de r\u00e9novation des \u00e9coles maternelles<\/em> \u2022 E. Debray &#8211; <em>L&rsquo;\u00e9ducation des anormaux<\/em><\/p>\n\n\n\n<p class=\"has-text-align-center\" style=\"font-size:15px\"><strong><a href=\"https:\/\/mrsh.unicaen.fr\/pen\/pdf\/1929-50.pdf\">N\u00b050 &#8211; septembre 1929<\/a><\/strong><\/p>\n\n\n\n<p style=\"font-size:15px\"><em>Editorial<\/em> \u2022 Frank Walser &#8211; <em>Quelques r\u00e9flexions<\/em> \u2022 Mansour Fahmy &#8211; <em>Lettr\u00e9s et illetr\u00e9s<\/em> \u2022 Adolphe Ferri\u00e8re &#8211; <em>Une enqu\u00eate sur les examens en Suisse Romande<\/em> \u2022 Th. Simon &#8211; <em>Les tests aux Etats-Unis<\/em> \u2022 Marie Kaczynska &#8211; <em>La psychologie appliqu\u00e9e \u00e0 l&rsquo;enseignement scolaire en Pologne<\/em> \u2022 <em>Le Xe Congr\u00e8s International de L&rsquo;Enseignement secondaire \u00e0 Bucarest en 1928<\/em> \u2022 Tobie Jonckheere &#8211; <em>Nouveaux s\u00e9minaires p\u00e9dagogiques en Belgique<\/em> \u2022 <em>Nouvelles diverses<\/em><\/p>\n\n\n\n<p class=\"has-text-align-center\" style=\"font-size:15px\"><strong><a href=\"https:\/\/mrsh.unicaen.fr\/pen\/pdf\/1929-51.pdf\">N\u00b051 &#8211; octobre 1929<\/a><\/strong><\/p>\n\n\n\n<p style=\"font-size:15px\"><em>Editorial<\/em> \u2022 <em>Premier num\u00e9ro consacr\u00e9 au Ve Congr\u00e8s de la Ligue Internationale pour l&rsquo;Education. Nouvelle \u00e0 Elseneur<\/em> \u2022 Adolphe Ferri\u00e8re &#8211; <em>De la n\u00e9cessit\u00e9 d&rsquo;orienter la psychologie vers l&rsquo;\u00e9tude de l&rsquo;individualit\u00e9<\/em> \u2022 Elisabeth Rotten &#8211; <em>A chaque \u00e9poque son programme d&rsquo;\u00e9tudes<\/em> \u2022 B\u00e9atrice Ensor &#8211; <em>Croisades dans le royaume de l&rsquo;\u00e9ducation<\/em> \u2022 Maria Montessori &#8211; <em>Les principes de la psychologie appliqu\u00e9s \u00e0 l&rsquo;\u00e9ducation<\/em> \u2022 Adolphe Ferri\u00e8re &#8211; <em>Chronique du Congr\u00e8s<\/em> \u2022 Eug\u00e8ne Delaunay &#8211; <em>Chronique fran\u00e7aise, Les tendances actuelles<\/em> \u2022 <em>Bakul\u00e9 en France<\/em> \u2022 <em>Livres et revues<\/em><\/p>\n\n\n\n<p class=\"has-text-align-center\" style=\"font-size:15px\"><strong><a href=\"https:\/\/mrsh.unicaen.fr\/pen\/pdf\/\/1929-52.pdf\">N\u00b052 &#8211; novembre 1929 (Ve congr\u00e8s de la Ligue ointernation pour l&rsquo;Education)<\/a><\/strong><\/p>\n\n\n\n<p style=\"font-size:15px\"><em>Second num\u00e9ro consacr\u00e9 au Ve Congr\u00e8s de la Ligue Internationale pour l&rsquo;Education<\/em> \u2022 T<em>ravaux du groupe I : Psychologie individuelle et types psychologiques<\/em> \u2022 Adolphe Ferri\u00e8re &#8211; <em>Introduction<\/em> \u2022 Lorenzo Luzuriaga &#8211; <em>Le jeu et le travail dans l&rsquo;\u00e9ducation<\/em> \u2022 Dr Kurt Lewin &#8211; <em>Les types et les lois de la psychologie<\/em> \u2022 Dr William Boyd &#8211; <em>Diff\u00e9rences individuelles des r\u00e9actions \u00e9motives chez les enfants<\/em> \u2022 Henri Wallon &#8211; <em>Les composantes neurologiques du caract\u00e8re<\/em> \u2022 Dr William Boven &#8211; <em>Psychologie individuelle et typologie<\/em> \u2022 Nicola Pende &#8211; <em>Les temp\u00e9raments endocrinosympathiques et les biotypes psychiques<\/em> \u2022 Ovide Decroly &#8211; <strong>Difficult\u00e9s d&rsquo;\u00e9tablir les types psychologiques chez l&rsquo;enfant<\/strong> \u2022 Dr Elsa Koehler &#8211; <em>Psychologie et P\u00e9dagogie de la personnalit\u00e9 chez les tout petits<\/em> \u2022 Robert Nussbaum &#8211; <em>Observations sporadiques sur quelques enfants et recherche d&rsquo;une \u00e9chelle de valeurs pour leur classement<\/em> \u2022 K. E. Krafft &#8211; <em>I. Cosmobiologie. Des relations existant entre des ph\u00e9nom\u00e8nes astronomiques, m\u00e9t\u00e9orologiques et biologiques<\/em> \u2022 K. E. Krafft &#8211; <em>II. Astro-Psychodiagnostique. Des possibilit\u00e9s d&rsquo;une caract\u00e9rologie bas\u00e9e sur la cosmobiologie<\/em> \u2022 Adolphe Ferri\u00e8re &#8211; <em>Conclusion sur la situation actuelle et l&rsquo;avenir de la psychologie individuelle<\/em> \u2022 <em>Livres<\/em><\/p>\n\n\n\n<p class=\"has-text-align-center\" style=\"font-size:15px\"><strong><a href=\"https:\/\/mrsh.unicaen.fr\/pen\/pdf\/1929-53.pdf\">N\u00b053 &#8211; d\u00e9cembre 1929<\/a><\/strong><\/p>\n\n\n\n<p style=\"font-size:15px\">Alice Jouenne &#8211; <em>N\u00e9cessit\u00e9 d&rsquo;une reconstruction de l&rsquo;\u00e9cole<\/em> \u2022 E. Fayol &#8211; <em>Comment am\u00e9liorer la pr\u00e9paration intellectuelle et morale des \u00e9ducateurs<\/em> \u2022 Ren\u00e9 Laforgue &#8211; <em>Les m\u00e9canismes psychiques d&rsquo;auto-punition<\/em> \u2022 A. Coirault &#8211; <em>De l&rsquo;observation des enfants<\/em> \u2022 E. Fayol &#8211; <em>Les Coop\u00e9ratives Scolaires Fran\u00e7aises dues \u00e0 l&rsquo;initiative de M. Profit<\/em> \u2022 B\u00e9atrice Scala &#8211; <em>L&rsquo;enseignement de l&rsquo;arithm\u00e9tique \u00e9l\u00e9mentaire par la m\u00e9thode orthop\u00e9dique et le mat\u00e9riel Alessandrini<\/em> \u2022 A. Hamaide &#8211; <em>Comment rendre l&rsquo;enseignement du calcul int\u00e9ressant et vivant<\/em> \u2022 Georges Bertier &#8211; <em>L&rsquo;\u00e9cole nouvelle en face des programmes et des examens officiels<\/em> \u2022 Commission &#8211; <em>La question des exames, Conclusions adopt\u00e9es par le Comit\u00e9<\/em> \u2022 Joosten &#8211; <em>Le premier Congr\u00e8s International Montessorien \u00e0 Elseneur<\/em> \u2022 M. Butts &#8211; <em>Dernier bulletin du Bureau international d&rsquo;\u00e9ducation : La nouvelle constitution<\/em> \u2022 <em>Nouvelles diverses<\/em> \u2022<em> Livres<\/em><\/p>\n\n\n\n<p class=\"has-text-align-center\" id=\"1930\"><strong>1930<\/strong><\/p>\n\n\n\n<p class=\"has-text-align-center\" style=\"font-size:15px\"><strong><a href=\"https:\/\/mrsh.unicaen.fr\/pen\/pdf\/1930-54.pdf\">N\u00b054 &#8211; janvier 1930<\/a><\/strong><\/p>\n\n\n\n<p style=\"font-size:15px\"><em>Avis<\/em> \u2022 <em>Editorial<\/em> \u2022 Fr. Bakul\u00e9 &#8211; <em>L&rsquo;institut exp\u00e9rimental d&rsquo;\u00e9ducation de Bakul\u00e9<\/em> \u2022 M. Signoret &#8211; <em>Pr\u00e9sentation de Bakul\u00e9<\/em> \u2022 Blanche Weber &#8211; <em>La litt\u00e9rature pour la jeunesse<\/em> \u2022 Frank Walser &#8211; Wilhelm <em>Paulsen et l&rsquo;\u00e9cole unique \u00e0 Brunswick<\/em> \u2022 Adolphe Ferri\u00e8re &#8211; <em>Les Congr\u00e8s P\u00e9dagogiques en Suisse Romande<\/em> \u2022 <em>Nouvelles diverses<\/em> \u2022 <em>Livres<\/em> \u2022 <em>Table des mati\u00e8res de l&rsquo;ann\u00e9e 1929<\/em><\/p>\n\n\n\n<p class=\"has-text-align-center\" style=\"font-size:15px\"><strong><a href=\"https:\/\/mrsh.unicaen.fr\/pen\/pdf\/\/1930-55.pdf\">N\u00b055 &#8211; f\u00e9vrier 1930<\/a><\/strong><\/p>\n\n\n\n<p style=\"font-size:15px\">H\u00e9l\u00e8ne Radlinska &#8211; <em>L&rsquo;\u00e9cole et les \u0153uvres sociales. Notes sur l&rsquo;infirmi\u00e8re visiteuse scolaire en France<\/em> \u2022 D. Katzaroff &#8211; <em>Qualit\u00e9s indispensables au ma\u00eetre<\/em> \u2022 Frank Walser &#8211; <em>L&rsquo;art de l&rsquo;enfant. Notes sur l&rsquo;art de l&rsquo;enfant selon Mrs Florence Cane<\/em> \u2022 Wilhelm Kircher &#8211; <em>Cercle d&rsquo;\u00e9tudes international pour la r\u00e9forme des \u00e9coles de la campagne<\/em> \u2022 <em>L&rsquo;esperanto \u00e0 Elseneur<\/em> \u2022 M. Hug &#8211; <em>\u00ab\u00a0Vers une \u00e9ducation nouvelle\u00a0\u00bb, rapports pr\u00e9sent\u00e9s au Congr\u00e8s d&rsquo;Elseneur<\/em> \u2022 <em>Livres, ouvrages de langues \u00e9trang\u00e8res<\/em><\/p>\n\n\n\n<p class=\"has-text-align-center\" style=\"font-size:15px\"><strong><a href=\"https:\/\/mrsh.unicaen.fr\/pen\/pdf\/1930-56.pdf\">N\u00b056 &#8211; mars 1930<\/a><\/strong><\/p>\n\n\n\n<p style=\"font-size:15px\"><em>Avis <\/em>\u2022 Adolphe Ferri\u00e8re &#8211; <em>Voyages d&rsquo;\u00e9tudes en Tch\u00e9coslovaquie<\/em> \u2022 Pierre Bartholdi &#8211; <em>Le mouvement de la Jeunesse Suisse Romande<\/em> \u2022 <em>L&rsquo;entr&rsquo;aide \u00e0 la Croix-Rouge de la jeunesse<\/em> \u2022 M. F. &#8211; <em>Les exercices de vie pratique chez les tout-petits<\/em> \u2022 Eug\u00e8ne Delaunay &#8211; <em>Chronique fran\u00e7aise<\/em> \u2022 <em>Livres<\/em><\/p>\n\n\n\n<p class=\"has-text-align-center\" style=\"font-size:15px\"><strong><a href=\"https:\/\/mrsh.unicaen.fr\/pen\/pdf\/1930-57.pdf\">N\u00b057 &#8211; avril 1930<\/a><\/strong><\/p>\n\n\n\n<p style=\"font-size:15px\">St\u00e9phanie Tatarzanka &#8211; <em>Une r\u00e9alisation d&rsquo;Ecole active \u00e0 l&rsquo;Ecole primaire de Turkowicze<\/em> \u2022 A. R. &#8211; <em>Le \u00ab\u00a0self-government\u00a0\u00bb dans un gymnase polonais<\/em> \u2022 Adolphe Ferri\u00e8re &#8211; <em>Voyage d&rsquo;\u00e9tude en Pologne<\/em> \u2022 <strong>Documents sur l&rsquo;\u00e9ducation en Pologne<\/strong> \u2022 M. Falski &#8211;<em><strong> L&rsquo;enseignement primaire dans la R\u00e9publique polonaise<\/strong><\/em> \u2022 <em>Le code du Tribunal d&rsquo;enfants au Foyer Isra\u00e9lite de Janusz Korczak \u00e0 Varsovie<\/em> \u2022 W. Dzierzbicka &#8211; <em>Le travail par \u00e9quipes \u00e0 l&rsquo;\u00e9cole normale de jeunes filles Orzeszkowa \u00e0 Varsovie<\/em> \u2022 Jadwiga Zawirska &#8211; <em>L&rsquo;orientation professionnelle en Pologne<\/em> \u2022 S. M. &#8211;<br><em>L&rsquo;\u0153uvre de Jos\u00e9phine Joteyko en Pologne<\/em> \u2022 La R\u00e9daction &#8211; <em>L&rsquo;opinion publique se r\u00e9veille : La lutte contre le surmenage<\/em> \u2022 <em>Nouvelles diverses<\/em> \u2022 <em>A travers les revues<\/em><\/p>\n\n\n\n<p class=\"has-text-align-center\" style=\"font-size:15px\"><strong><a href=\"https:\/\/mrsh.unicaen.fr\/pen\/pdf\/\/1930-58.pdf\">N\u00b058 &#8211; mai 1930<\/a><\/strong><\/p>\n\n\n\n<p style=\"font-size:15px\">Alfred Zander &#8211; <em>Carnet de notes d&rsquo;un jeune p\u00e9dagogue suisse<\/em> \u2022 R. Duthil &#8211; <em>Une \u00e9cole active en France dans le cadre d&rsquo;une \u00e9cole primaire sup\u00e9rieure de jeunes filles<\/em> \u2022 <em>La formation du corps enseignant<\/em> \u2022 <em>Un d\u00e9bat sur l&rsquo;instruction publique \u00e0 la chambre des d\u00e9put\u00e9s<\/em> \u2022 <em>Une m\u00e9thode directe, globale et synth\u00e9tique d&rsquo;enseignement du fran\u00e7ais<\/em> \u2022 <em>Nouvelles diverses : France &#8211; Suisse &#8211; Portugal &#8211; Am\u00e9rique &#8211; Angleterre &#8211; Allemagne &#8211; Autriche &#8211; Japon &#8211; Vie internationale<\/em> \u2022 <em>Livres<\/em> \u2022 <em>Revues<\/em><\/p>\n\n\n\n<p class=\"has-text-align-center\" style=\"font-size:15px\"><strong><a href=\"https:\/\/mrsh.unicaen.fr\/pen\/pdf\/1930-59.pdf\">N\u00b059 &#8211; juin-juillet 1930<\/a><\/strong><\/p>\n\n\n\n<p style=\"font-size:15px\">L.-F. Amans &#8211; <em>La synth\u00e8se de l&rsquo;effort humain. Plan nouveau d&rsquo;\u00e9ducation<\/em> \u2022 Julie Eve Vajkai &#8211; <em>Enfants chefs<\/em> \u2022 J. de G. &#8211; <em>Comment former des chefs<\/em> \u2022 Adolphe Ferri\u00e8re &#8211; <em>Quelques mots sur la psychanalyse<\/em> \u2022 <em>Atlas de la civilisation universelle<\/em> \u2022 <em>L&rsquo;\u00e9ducation familiale<\/em> \u2022 <em>Nouvelles diverses : France &#8211; Portugal &#8211; Egypte &#8211; Nouvelle-Cal\u00e9donie<\/em> \u2022 <em>Livres<\/em><\/p>\n\n\n\n<p class=\"has-text-align-center\" style=\"font-size:15px\"><strong><a href=\"https:\/\/mrsh.unicaen.fr\/pen\/pdf\/1930-60.pdf\">N\u00b060 &#8211; ao\u00fbt-septembre 1930<\/a><\/strong><\/p>\n\n\n\n<p style=\"font-size:15px\">Adolphe Ferri\u00e8re &#8211; <em>L&rsquo;\u00e9ducation dans la R\u00e9publique de l&rsquo;Equateur<\/em> \u2022 Yov. S. Yovanovitch &#8211; <em>La nouvelle l\u00e9gislation scolaire en Yougoslavie<\/em> \u2022 G. Lombardo-Radice &#8211; <em>Adolphe Ferri\u00e8re et l&rsquo;\u00e9cole active<\/em> \u2022 <em>Une \u00e9cole nouvelle en Chine<\/em> \u2022 Eug\u00e8ne Delaunay &#8211; <em>Chronique fran\u00e7aise<\/em> \u2022 <em>Nouvelles diverses : France &#8211; Belgique &#8211; Suisse &#8211; Allemagne &#8211; Finlande &#8211; Su\u00e8de &#8211; Estonie<\/em> \u2022 <em>Livres<\/em> \u2022 <em>A travers les Revues<\/em><\/p>\n\n\n\n<p class=\"has-text-align-center\" style=\"font-size:15px\"><strong><a href=\"https:\/\/mrsh.unicaen.fr\/pen\/pdf\/1930-61.pdf\">N\u00b061 &#8211; octobre 1930<\/a><\/strong><\/p>\n\n\n\n<p style=\"font-size:15px\">Adolphe Ferri\u00e8re &#8211; <em>L&rsquo;\u00e9ducation au P\u00e9rou<\/em> \u2022 Henri Wallon &#8211; <em>Un laboratoire de psychobiologie de l&rsquo;enfant. Directives des Ecoles secondaires r\u00e9nov\u00e9es aux Etats-Unis<\/em> \u2022 Adolphe Ferri\u00e8re &#8211; <em>Centres d&rsquo;int\u00e9r\u00eat et concentration des branches. Ecole active et centres d&rsquo;int\u00e9r\u00eats<\/em> \u2022 <em>Nouvelles diverses : Belgique &#8211; Suisse &#8211; Angleterre<\/em> \u2022 <em>Livres<\/em> \u2022 <em>Revues de langue fran\u00e7aise (A travers les Revues)<\/em><\/p>\n\n\n\n<p class=\"has-text-align-center\" style=\"font-size:15px\"><strong><a href=\"https:\/\/mrsh.unicaen.fr\/pen\/pdf\/1930-62.pdf\">N\u00b062 &#8211; novembre 1930<\/a><\/strong><\/p>\n\n\n\n<p style=\"font-size:15px\">R. Brachmann &#8211; <em>L&rsquo;organisation du travail \u00e0 la Maison des Enfants \u00ab\u00a0Clara Zetkine\u00a0\u00bb \u00e0 Moscou<\/em> \u2022 <em>Image et r\u00e9alit\u00e9 d&rsquo;apr\u00e8s le Professeur Wallon<\/em> \u2022 Adolphe Ferri\u00e8re &#8211; <em>L&rsquo;Association internationale de Films pour l&rsquo;Education nouvelle<\/em> \u2022 <em>Test et orientation professionnelle<\/em> \u2022 <em>Nouvelles diverses : Suisse &#8211; Etats-Unis<\/em> \u2022 <em>Livres<\/em> \u2022 <em>A travers les Revues : Angleterre &#8211; Revues de langue fran\u00e7aise<\/em><\/p>\n\n\n\n<p class=\"has-text-align-center\" style=\"font-size:15px\"><strong><a href=\"https:\/\/mrsh.unicaen.fr\/pen\/pdf\/\/1930-63.pdf\">N\u00b063 &#8211; d\u00e9cembre 1930<\/a><\/strong><\/p>\n\n\n\n<p style=\"font-size:15px\"><em>Editorial<\/em> \u2022 Auguste Bartos &#8211; <em>Le principe d&rsquo;activit\u00e9 dans l&rsquo;\u00e9ducation des infirmes<\/em> \u2022 E. Jacques-Dalcroze &#8211; <em>L&rsquo;\u00e9quilibre<\/em> \u2022 M. Boschetti-Alberti &#8211; <em>L&rsquo;\u00e9cole sereine<\/em> \u2022 <em>Un \u00e9pisode de course scolaire : L&rsquo;\u00e9cole sereine d&rsquo;Agno<\/em> \u2022 Adolphe Ferri\u00e8re &#8211; <em>Y a-t-il une crise de la langue fran\u00e7aise ?<\/em> \u2022 <em>Pour d\u00e9velopper l&rsquo;esprit de collaboration international<\/em> \u2022 <em>L&rsquo;enseignement des techniques<\/em> \u2022 <em>Nouvelles diverses : France<\/em> \u2022 <em>Livres <\/em>\u2022 <em>A travers les revues : Revues de langue fran\u00e7aise &#8211; En Turquie<\/em><\/p>\n\n\n\n<p class=\"has-text-align-center\" id=\"1931\"><strong>1931<\/strong><\/p>\n\n\n\n<p class=\"has-text-align-center\" style=\"font-size:15px\"><strong><a href=\"https:\/\/mrsh.unicaen.fr\/pen\/pdf\/1931-64.pdf\">N\u00b064 &#8211; janvier 1931<\/a><\/strong><\/p>\n\n\n\n<p style=\"font-size:15px\"><em>Editorial<\/em> \u2022 Adolphe Ferri\u00e8re &#8211; <em>L&rsquo;\u00e9ducation Nouvelle au Chili<\/em> \u2022 Adolphe Ferri\u00e8re &#8211; <em>L&rsquo;\u00e9ducation Nouvelle en Argentine<\/em> \u2022 <em>L&rsquo;\u00e9cole-ferme de l&rsquo;\u00eele de Scharfenberg pr\u00e8s de Berlin. I<\/em> \u2022 <em>La mission de la ma\u00eetresse de classe dans les \u00e9coles de jeunes filles<\/em> \u2022 Eug\u00e8ne Delaunay &#8211; <em>Chronique fran\u00e7aise<\/em> \u2022 <em>Nouvelles diverses : Pologne &#8211; Mexique &#8211; Palestine<\/em> \u2022 <em>Livres<\/em> \u2022 <em>Table des Mati\u00e8res de l&rsquo;ann\u00e9e 1930<\/em><\/p>\n\n\n\n<p class=\"has-text-align-center\" style=\"font-size:15px\"><strong><a href=\"https:\/\/mrsh.unicaen.fr\/pen\/pdf\/1931-65.pdf\">N\u00b065 &#8211; f\u00e9vrier 1931<\/a><\/strong><\/p>\n\n\n\n<p style=\"font-size:15px\"><em>Avis<\/em> \u2022 <em>Editorial<\/em> \u2022 Adolphe Ferri\u00e8re &#8211; <em>L&rsquo;\u00e9ducation nouvelle en Uruguay<\/em> \u2022 Adolphe Ferri\u00e8re &#8211; <em>L&rsquo;\u00e9ducation nouvelle au Paraguay<\/em> \u2022 <em>L&rsquo;\u00e9cole-ferme de l&rsquo;\u00eele de Scharfenberg pr\u00e8s de Berlin. II<\/em> \u2022 <em>Le cinqui\u00e8me congr\u00e8s d&rsquo;\u00e9ducation morale<\/em> \u2022 A.L. Wellens &#8211; <em>Les \u00e9coles belges et l&rsquo;\u00e9ducation nouvelle \u00e0 l&rsquo; exposition internationale de Li\u00e8ge, 1930<\/em> \u2022 <em>Nouvelles diverses : P\u00e9rou \u2022 Livres : Ouvrages de langue fran\u00e7aise<\/em><\/p>\n\n\n\n<p class=\"has-text-align-center\" style=\"font-size:15px\"><strong><a href=\"https:\/\/mrsh.unicaen.fr\/pen\/pdf\/1931-66.pdf\">N\u00b066 &#8211; mars 1931<\/a><\/strong><\/p>\n\n\n\n<p style=\"font-size:15px\">Dr Siegfried-Lehmann &#8211; <em>Le village d&rsquo;enfants de Benschemen<\/em> \u2022 L. Brun-Laloire &#8211; <em>Bakul\u00e9 int\u00e9grateur<\/em> \u2022 Louis Dumas &#8211; <em>Le c\u0153ur qui chante<\/em> \u2022 Ren\u00e9e Aberman &#8211; <em>Une \u00e9cole publique allemande cr\u00e9\u00e9e par des parents<\/em> \u2022 <em>Nouvelles diverses : Des \u00e9coles nouvelles en France &#8211; Pour la Paix et le Progr\u00e8s humain &#8211; Congr\u00e8s des Ecoles en plein air<\/em> \u2022 <em>Livres<\/em> \u2022 <em>A travers les revues : Revues de langue fran\u00e7aise &#8211; Revues de langues \u00e9trang\u00e8res<\/em><\/p>\n\n\n\n<p class=\"has-text-align-center\" style=\"font-size:15px\"><strong><a href=\"https:\/\/mrsh.unicaen.fr\/pen\/pdf\/\/1931-67.pdf\">N\u00b067 &#8211; avril-mai 1931<\/a><\/strong><\/p>\n\n\n\n<p style=\"font-size:15px\">Adolphe Ferri\u00e8re &#8211; <em>L&rsquo;\u00e9ducation nouvelle au Br\u00e9sil<\/em>&nbsp;\u2022&nbsp;Fernando De Avezdo &#8211; <em>L&rsquo;\u00e9cole nouvelle et la R\u00e9forme<\/em>&nbsp;\u2022&nbsp;Deodato De Morales &#8211; <em>L&rsquo;\u00e9cole active br\u00e9silienne d&rsquo;Espirito Santo<\/em>&nbsp;\u2022&nbsp;H. Heller &#8211; <em>Chronique Tch\u00e9co-Slovaque<\/em>&nbsp;\u2022&nbsp;<em>Une enqu\u00eate sur les fins de l&rsquo;\u00e9ducation et les moyens d&rsquo;y atteindre<\/em>&nbsp;\u2022&nbsp;<em>Nouvelle diverses : France &#8211; Australie &#8211; Belgique<\/em>&nbsp;\u2022&nbsp;<em>Livres : Ouvrages de langues \u00e9trang\u00e8res<\/em>&nbsp;\u2022&nbsp;<em>A travers les revues<\/em><\/p>\n\n\n\n<p class=\"has-text-align-center\" style=\"font-size:15px\"><strong><a href=\"https:\/\/mrsh.unicaen.fr\/pen\/pdf\/\/1931-68.pdf\">N\u00b068 &#8211; juin 1931 (Sp\u00e9cial colonie)<\/a><\/strong><\/p>\n\n\n\n<p style=\"font-size:15px\"><em>Num\u00e9ro consacr\u00e9 \u00e0 l&rsquo;Education aux Colonies<\/em>&nbsp;\u2022&nbsp;Georges Hardy &#8211; <em>Le probl\u00e8me scolaire aux Colonies<\/em>&nbsp;\u2022&nbsp;H. Le Breton &#8211; <em>Indo-Chine : L&rsquo;Education des Annamites ; formation du personnel&nbsp;\u2022&nbsp;G. Mondain &#8211; Madagascar : L&rsquo;Education des indig\u00e8nes, m\u00e9thode d&rsquo;\u00e9ducation<\/em>&nbsp;\u2022&nbsp;Marie-Anne Carroi &#8211; <em>Tunisie : L&rsquo;Education des indig\u00e8nes en Tunisie ; Le D\u00e9part pour l&rsquo;Universit\u00e9 fran\u00e7aise de la premi\u00e8re tunisienne (Voir le num\u00e9ro de novembre 1931)<\/em>&nbsp;\u2022&nbsp;L. Brunot &#8211; <em>Maroc : Propos sur l&rsquo;Education des Indig\u00e8nes<\/em>&nbsp;\u2022&nbsp;Jacques Bigart &#8211; <em>Les Ecoles Isra\u00e9lites au Maroc et en Tunisie<\/em>&nbsp;\u2022&nbsp;Fulvio Contini &#8211; <em>Lybie : L&rsquo;Education des indig\u00e8nes dans les Ecoles Italiennes<\/em>&nbsp;\u2022&nbsp;<em>Afrique Occidentale et Centrale : Notes sur les m\u00e9thodes d&rsquo;\u00e9ducation dans les \u00e9coles catholiques<\/em>&nbsp;\u2022&nbsp;G.-E. Monod Hersen &#8211; <em>Education et Instruction au Soudan<\/em>&nbsp;\u2022&nbsp;<em>L&rsquo;\u00e9ducation des noirs au Congo belge<\/em>&nbsp;\u2022&nbsp;Rachel Dochimont &#8211; <em>Pour l&rsquo;\u00e9ducation des femmes indig\u00e8nes dans les colonies d&rsquo;Afrique<\/em>&nbsp;\u2022&nbsp;E. Robert &#8211; <em>La Question des Langues<\/em>&nbsp;\u2022&nbsp;<em>Nouvelles diverses : Espagne<\/em>&nbsp;\u2022&nbsp;<em>Communications<\/em>&nbsp;\u2022&nbsp;<em>Livres<\/em><\/p>\n\n\n\n<p class=\"has-text-align-center\" style=\"font-size:15px\"><strong><a href=\"https:\/\/mrsh.unicaen.fr\/pen\/pdf\/\/1931-69.pdf\">N\u00b069 &#8211; juillet 1931<\/a><\/strong><\/p>\n\n\n\n<p style=\"font-size:15px\">Adolphe Ferri\u00e8re &#8211; <em>Madame Necker de Saussure et l&rsquo;Education Nouvelle<\/em>&nbsp;\u2022&nbsp;Auguste Bartos &#8211; <em>L&rsquo;Education par autonomie<\/em>&nbsp;\u2022&nbsp;Fernand Dubois &#8211; <em>Chronique belge<\/em>&nbsp;\u2022&nbsp;Ren\u00e9e Aberdan &#8211; <em>Chronique polonaise<\/em>&nbsp;\u2022&nbsp;<em>Nouvelles diverses : France &#8211; Allemagne &#8211; Argentine &#8211; Pologne &#8211; Suisse<\/em>&nbsp;\u2022 <em>Congr\u00e8s<\/em>&nbsp;\u2022&nbsp;<em>Livres : Ouvrages de Langue fran\u00e7aise<\/em><\/p>\n\n\n\n<p class=\"has-text-align-center\" style=\"font-size:15px\"><strong><a href=\"https:\/\/mrsh.unicaen.fr\/pen\/pdf\/1931-70.pdf\">N\u00b070 &#8211; ao\u00fbt-septembre 1931<\/a><\/strong><\/p>\n\n\n\n<p style=\"font-size:15px\">Adolphe Ferri\u00e8re &#8211; <em>Madame Necker de Saussure et l&rsquo;Education Nouvelle (suite et fin)<\/em>&nbsp;\u2022&nbsp;Gabor Kemeny &#8211; <em>In Memorian L. Nagy<\/em>&nbsp;\u2022&nbsp;I. Domokos &#8211; <em>L&rsquo;Intuition Direct de l&rsquo;Enfance et l&rsquo;Ecole Nouvelle<\/em>&nbsp;\u2022&nbsp;Eug\u00e8ne Delaunay &#8211; <em>Chronique Fran\u00e7aise<\/em>&nbsp;\u2022&nbsp;<em>Nouvelles diverses : France &#8211; Allemagne&nbsp;\u2022&nbsp;A travers les Revues : Revues d&rsquo;Education Nouvelle; Allemagne<\/em>&nbsp;\u2022&nbsp;<em>Revues de langue anglaise<\/em><\/p>\n\n\n\n<p class=\"has-text-align-center\" style=\"font-size:15px\"><strong><a href=\"https:\/\/mrsh.unicaen.fr\/pen\/pdf\/1931-71.pdf\">N\u00b071 &#8211; octobre 1931<\/a><\/strong><\/p>\n\n\n\n<p style=\"font-size:15px\">Marguerie Evard &#8211; <em>L&rsquo;Instinct maternel et le sentiment paternel selon la psychologie et l&rsquo;\u00e9ducation<\/em>&nbsp;\u2022&nbsp;E. Serment &#8211; <em>Education des Parents : rapprochement et collaboration de l&rsquo;\u00e9cole et de la famille<\/em>&nbsp;\u2022&nbsp;Marguerite Evard &#8211; <em>Suggestions relatives \u00e0 l&rsquo;\u00e9ducation de l&rsquo;instinct maternel et du sentiment paternel dans l&rsquo;\u00e9cole de demain<\/em>&nbsp;\u2022&nbsp;P. Vall\u00e8s &#8211; <em>Chronique turque<\/em>&nbsp;\u2022&nbsp;<em>A travers les Revues : Revues d&rsquo;Education nouvelle; Biblioth\u00e8ques scolaires aux Etats-Unis; Revues de langue fran\u00e7aise<\/em>&nbsp;\u2022&nbsp;<em>Livres : Ouvrages de langue fran\u00e7aise<\/em><\/p>\n\n\n\n<p class=\"has-text-align-center\" style=\"font-size:15px\"><strong><a href=\"https:\/\/mrsh.unicaen.fr\/pen\/pdf\/\/1931-72.pdf\">N\u00b072 &#8211; novembre 1931<\/a><\/strong><\/p>\n\n\n\n<p style=\"font-size:15px\">Carleton Washburne &#8211; <em>Les Ecoles de Winnetka<\/em>&nbsp;\u2022&nbsp;Georges Bertier &#8211; <em>L&rsquo;Ecole des Roches<\/em>&nbsp;\u2022&nbsp;Pierre Bartholdi &#8211; <em>La Nouvelle organisation de l&rsquo;Ecole de l&rsquo;Odenwald<\/em>&nbsp;\u2022&nbsp;<em>Le D\u00e9part pour l&rsquo;Universit\u00e9 fran\u00e7aise de la Premi\u00e8re Tunisienne<\/em>&nbsp;\u2022&nbsp;<em>Nouvelles diverses : Association d&rsquo;Etudes Sexologiques<\/em>&nbsp;\u2022&nbsp;<em>Livres : Ouvrages de langue fran\u00e7aise<\/em><\/p>\n\n\n\n<p class=\"has-text-align-center\" style=\"font-size:15px\"><strong><a href=\"https:\/\/mrsh.unicaen.fr\/pen\/pdf\/1931-73.pdf\">N\u00b073 &#8211; d\u00e9cembre 1931<\/a><\/strong><\/p>\n\n\n\n<p style=\"font-size:15px\"><em>Avis<\/em>&nbsp;\u2022&nbsp;<em>Annonce du Sixi\u00e8me Congr\u00e8s de la Ligue Internationale pour l&rsquo;Education Nouvelle. &#8211; Nice, juillet-ao\u00fbt 1932<\/em>&nbsp;\u2022&nbsp;Henri Pi\u00e9ron &#8211; <em>Le Probl\u00e8me des Examens. &#8211; Education Nouvelle et Docimologie<\/em>&nbsp;\u2022&nbsp;Faria de Vasconcelos &#8211; <em>L&rsquo;Institut d&rsquo;Orientation Professionnelle \u00ab\u00a0Maria Luisa Barbosa de Carvalho\u00a0\u00bb Lisbonne<\/em>&nbsp;\u2022&nbsp;Eug\u00e8ne Schreider &#8211; <em>La S\u00e9lection scolaire en Russie<\/em>&nbsp;\u2022&nbsp;R. Duthil &#8211; <em>M\u00e9thode des Tests et Education Nouvelle<\/em>&nbsp;\u2022&nbsp;L. Emery &#8211; <em>La Valeur sociale de la S\u00e9lection<\/em>&nbsp;\u2022&nbsp;Mme Henri Pi\u00e9ron &#8211; <em>Les recherches psychotechniques \u00e0 l&rsquo;Ecole et la collaboration des \u00e9ducateurs<\/em>&nbsp;\u2022&nbsp;Isabelle Sadoviano &#8211; <em>Chronique roumaine : La r\u00e9forme scolaire de M. Jorga<\/em>&nbsp;\u2022&nbsp;<em>Livres : ouvrages de langue fran\u00e7aise<\/em><\/p>\n\n\n\n<p class=\"has-text-align-center\" id=\"1932\"><strong>1932<\/strong><\/p>\n\n\n\n<p class=\"has-text-align-center\" style=\"font-size:15px\"><strong><a href=\"https:\/\/mrsh.unicaen.fr\/pen\/pdf\/1932-74.pdf\">N\u00b074 &#8211; janvier 1932<\/a><\/strong><\/p>\n\n\n\n<p style=\"font-size:15px\"><em>Enfants et adolescents hors de la classe<\/em>&nbsp;\u2022&nbsp;F. Cattier &#8211; <em>La plainte des adolescents<\/em>&nbsp;\u2022&nbsp;Marie-Louise Soustre &#8211; <em>L&rsquo;internat que r\u00eavent les jeunes fille fran\u00e7aises<\/em>&nbsp;\u2022&nbsp;Marie-Abbe Carroi &#8211; <em>Dans les coll\u00e8ges f\u00e9minins d&rsquo;Am\u00e9rique<\/em>&nbsp;\u2022&nbsp;Marguerite Gruny &#8211; <em>Les lecteurs de \u00ab\u00a0L&rsquo;Heure joyeuse<\/em>\u00a0\u00bb&nbsp;\u2022&nbsp;Marie-Anne Carroi &#8211; <em>Chez les petits<\/em>&nbsp;\u2022&nbsp;Clarice-Eug\u00e8ne Simon &#8211; <em>L&rsquo;Enfant des les Ligues de Bont\u00e9<\/em>&nbsp;\u2022&nbsp;P. Gavresseas &#8211; <em>Chronique Grecque<\/em>&nbsp;\u2022&nbsp;L. Peletier &#8211; <em>Le Congr\u00e8s international de l&rsquo;Enfance. &#8211; (Paris ao\u00fbt 1931)<\/em>&nbsp;\u2022&nbsp;<em>Communications : I. Une enqu\u00eate internationale. II. Conf\u00e9rences d&rsquo;Education nouvelle au Coll\u00e8ge libre des Sciences sociales \u00e0 Paris<\/em>&nbsp;\u2022&nbsp;<em>Nouvelles diverses : La R\u00e9forme des Ecoles Normales en Espagne<\/em>&nbsp;\u2022&nbsp;<em>A Travers les Revues : Revues de Langues Fran\u00e7aise<\/em>&nbsp;\u2022&nbsp;<em>Livres : Ouvrages de Langue Fran\u00e7aise<\/em>&nbsp;\u2022&nbsp;<em>Table des Mati\u00e8res de l&rsquo;ann\u00e9e 1931<\/em><\/p>\n\n\n\n<p class=\"has-text-align-center\" style=\"font-size:15px\"><strong><a href=\"https:\/\/mrsh.unicaen.fr\/pen\/pdf\/1932-75.pdf\">N\u00b075 &#8211; f\u00e9vrier 1932<\/a><\/strong><\/p>\n\n\n\n<p style=\"font-size:15px\">Adolphe Ferri\u00e8re &#8211; <em>L&rsquo;\u00e9ducation nouvelle en Colombie<\/em>&nbsp;\u2022&nbsp;Adolphe Ferri\u00e9re &#8211; <em>L&rsquo;\u00e9ducation nouvelle au Mexique<\/em>&nbsp;\u2022&nbsp;H.-A. Overstreet &#8211; <em>El\u00e9ments d&rsquo;une culture mondiale<\/em>&nbsp;\u2022&nbsp;H. Bouchet &#8211; <em>L&rsquo;Ecole active dans l&rsquo;Enseignement secondaire en France<\/em>&nbsp;\u2022&nbsp;Fernand Dubois &#8211; <em>Chronique Belge : L&rsquo;Ecole nouvelle en Belgique<\/em>&nbsp;\u2022&nbsp;<em>Communications : I. Union Internationale de Secours aux Enfants II. Exposition de mat\u00e9riel \u00e9ducatifs et de travaux scolaires<\/em>&nbsp;\u2022&nbsp;<em>Nouvelles diverses : Bolivie &#8211; Mexique- Pologne &#8211; Suisse<\/em>&nbsp;\u2022&nbsp;<em>A travers les Revues : Revues de Langues Etrang\u00e8res<\/em>&nbsp;\u2022&nbsp;<em>Livres : ouvrages de Langue Fran\u00e7aise<\/em><\/p>\n\n\n\n<p class=\"has-text-align-center\" style=\"font-size:15px\"><strong><a href=\"https:\/\/mrsh.unicaen.fr\/pen\/pdf\/1932-76.pdf\">N\u00b076 &#8211; mars 1932<\/a><\/strong><\/p>\n\n\n\n<p style=\"font-size:15px\">Jean-Clause Beaucomont &#8211; <em>Le r\u00f4le du Folklore dans l&rsquo;\u00e9ducation<\/em>&nbsp;\u2022&nbsp;Yov. S. Yovanovitch &#8211; <em>L&rsquo;Ecole active en dehors de l&rsquo;Ecole<\/em>&nbsp;\u2022&nbsp;Henriette Ith &#8211; <em>Exp\u00e9rience relative \u00e0 l&rsquo;enseignement de l&rsquo;esperanto dans la Girl&rsquo;s Country School<\/em>&nbsp;\u2022&nbsp;Mlle Oderfeld &#8211; <em>Les Transformations sociales et l&rsquo;Education<\/em>&nbsp;\u2022&nbsp;Hermann Harless &#8211; <em>L&rsquo;Ecole Educative<\/em>&nbsp;\u2022&nbsp;Mme Sokal &#8211; <em>A propos du livre de M. Rowild<\/em>&nbsp;\u2022&nbsp;<em>Communications<\/em>&nbsp;\u2022&nbsp;<em>Nouvelles diverses : Suisse &#8211; Uruguay<\/em>&nbsp;\u2022&nbsp;<em>A travers les Revues: Revues d&rsquo;Education Nouvelle &#8211; Revues de Langues Etrang\u00e8res<\/em>&nbsp;\u2022&nbsp;<em>Livres : Ouvrages de Langue Fran\u00e7aise &#8211; Ouvrages de Langues Etrang\u00e8res<\/em><\/p>\n\n\n\n<p class=\"has-text-align-center\" style=\"font-size:15px\"><strong><a href=\"https:\/\/mrsh.unicaen.fr\/pen\/pdf\/1932-77.pdf\">N\u00b077 &#8211; avril-mai 1932<\/a><\/strong><\/p>\n\n\n\n<p style=\"font-size:15px\"><em>R\u00e9daction : Nouvelles du congr\u00e8s de Nice<\/em>&nbsp;\u2022&nbsp;<em>Avis<\/em>&nbsp;\u2022&nbsp;<em>Pour la paix : La Voix des Enfants ; La Voix des M\u00e8res<\/em>&nbsp;\u2022&nbsp;Gandhi &#8211; <em>La voix des sages<\/em>&nbsp;\u2022&nbsp;Alain &#8211; <em>Quand la Guerre sera hors la loi<\/em>&nbsp;\u2022&nbsp;Max H\u00e9bert &#8211; <em>L&rsquo;enseignement de la Paix \u00e0 l&rsquo;\u00e9cole<\/em>&nbsp;\u2022&nbsp;Maurice Peers &#8211; <em>L&rsquo;Ecole belge et la S.D.N.<\/em>&nbsp;\u2022&nbsp;G. Lapierre &#8211; <em>Manuels scolaires et Enseignement international<\/em>&nbsp;\u2022&nbsp;<em>La R\u00e9vision des Manuels scolaires (V\u0153ux \u00e9mis par le Comit\u00e9 d&rsquo;experts \u00e0 l&rsquo;Institut international de Coop\u00e9ration intellectuelle)<\/em>&nbsp;\u2022&nbsp;Mme Angles &#8211; <em>Inspectrice G\u00e9n\u00e9rale des E.M. : L&rsquo;Instinct combatif et la Paix<\/em>&nbsp;\u2022&nbsp;Eug\u00e8ne Delaunay &#8211; <em>Chronique fran\u00e7aise<\/em>&nbsp;\u2022&nbsp;Rudolf Von Delius &#8211; <em>La Chine ancienne et la formation de l&rsquo;\u00eatre humain<\/em>&nbsp;\u2022&nbsp;<em>Nouvelles Diverses : La nouvelle \u00e9cole de la paix &#8211; Congr\u00e8s annonc\u00e9s<\/em>&nbsp;\u2022&nbsp;<em>A Travers les Revues : Revues d&rsquo;Education Nouvelle<\/em><\/p>\n\n\n\n<p class=\"has-text-align-center\" style=\"font-size:15px\"><strong><a href=\"https:\/\/mrsh.unicaen.fr\/pen\/pdf\/1932-78.pdf\">N\u00b078 &#8211; juin 1932<\/a><\/strong><\/p>\n\n\n\n<p style=\"font-size:15px\"><em>R\u00e9daction : Avis &#8211; Nouvelles du Congr\u00e8s de Nice<\/em>&nbsp;\u2022&nbsp;M.L. Lambercier et E. Popescu-Teinsan &#8211; <em>Tests pr\u00e9scolaires<\/em>&nbsp;\u2022&nbsp;St. Velinsky &#8211; <em>Est-ce qu&rsquo;on peut \u00e9lever le niveau de l&rsquo;efficacit\u00e9 du travail scolaire ?<\/em>&nbsp;\u2022&nbsp;<em>Adolphe Ferri\u00e8re &#8211; Notice n\u00e9crologique : Cecil Reddie<\/em>&nbsp;\u2022&nbsp;<em>Congr\u00e8s. Congr\u00e8s international de l&rsquo;Enseignement Technique<\/em>&nbsp;\u2022&nbsp;<em>Livres. Ouvrages de Langue Fran\u00e7aise &#8211; Ouvrages de Langues Etrang\u00e8res<\/em><\/p>\n\n\n\n<p class=\"has-text-align-center\" style=\"font-size:15px\"><strong><a href=\"https:\/\/mrsh.unicaen.fr\/pen\/pdf\/\/1932-79.pdf\">N\u00b079 &#8211; juillet 1932 (Sp\u00e9cial France)<\/a><\/strong><\/p>\n\n\n\n<p style=\"font-size:15px\"><em>Num\u00e9ro sp\u00e9cial consacr\u00e9 \u00e0 l&rsquo;\u00e9ducation en France<\/em>&nbsp;\u2022&nbsp;<em>La R\u00e9daction : Nouvelles du Congr\u00e8s<\/em>&nbsp;\u2022&nbsp;Henri Pi\u00e9ron &#8211; <em>Les origines en France de la M\u00e9thode des Tests<\/em>&nbsp;\u2022&nbsp;Louis Hourticq &#8211; <em>Lettre \u00e0 un Professeur<\/em>&nbsp;\u2022&nbsp;Maurice Weber &#8211; <em>L&rsquo;\u00e9cole unique<\/em>&nbsp;\u2022&nbsp;G. Lapierre &#8211; <em>Les instituteurs et la Coop\u00e9ration internationale<\/em>&nbsp;\u2022&nbsp;F. Barrier &#8211; <em>L&rsquo;\u00e9ducation rurale fran\u00e7aise<\/em>&nbsp;\u2022&nbsp; Mme Bernheim et Leroux-Ridel &#8211; <em>Quelques \u00e9coles nouvelles dans l&rsquo;enseignement priv\u00e9<\/em>&nbsp;\u2022&nbsp;Bardot &#8211; <em>Les Ecoles Maternelles publiques<\/em>&nbsp;\u2022&nbsp;<em>Profit &#8211; La coop\u00e9ration scolaire fran\u00e7aise<\/em>&nbsp;\u2022&nbsp;C\u00e9lestin Freinet &#8211; <em>L&rsquo;imprimerie \u00e0 l&rsquo;\u00e9cole<\/em>&nbsp;\u2022&nbsp;Georges Bertier &#8211; <em>La formation sociale par l&rsquo; \u00e9cole nouvelle<\/em>&nbsp;\u2022&nbsp; M.-L. Cazamian &#8211; <em>La coop\u00e9ration des Ma\u00eetres et des Parents<\/em><\/p>\n\n\n\n<p class=\"has-text-align-center\" style=\"font-size:15px\"><strong><a href=\"https:\/\/mrsh.unicaen.fr\/pen\/pdf\/1932-80.pdf\">N\u00b080 &#8211; ao\u00fbt-septembre 1932<\/a><\/strong><\/p>\n\n\n\n<p style=\"font-size:15px\"><em>Note de la R\u00e9daction : Compte-rendu sommaire du congr\u00e8s de Nice<\/em>&nbsp;\u2022&nbsp;Paul Langevin &#8211; <em>S\u00e9ance d&rsquo;ouverture &#8211; Discours de M.P. Langevin<\/em>&nbsp;\u2022&nbsp;Marguerite Brunot &#8211; <em>Communication &#8211; Un aspect de l&rsquo;Ecole active en France : La correspondance scolaire internationale<\/em>&nbsp;\u2022&nbsp;Maria Montessori &#8211; <em>Mobilisation nouvelle<\/em> \u2022&nbsp;Adolphe Ferri\u00e8re &#8211; <em>L&rsquo;enseignement de l&rsquo;histoire<\/em>&nbsp;\u2022&nbsp;Andr\u00e9e Jadoulle &#8211; <em>Le Laboratoire de p\u00e9dagogie et de psychologie exp\u00e9rimentale de l&rsquo;enfant, \u00e0 Angleur<\/em>&nbsp;\u2022&nbsp;M.-L. Cazamian &#8211; <em>L&rsquo;Ecole active dans l&rsquo;Enseignement secondaire en France<\/em>&nbsp;\u2022&nbsp;M.-L. Cazamian &#8211; <em>La coop\u00e9ration des Ma\u00eetres et des Parents (suite et fin)<\/em>&nbsp;\u2022&nbsp;J.B. Fonseca &#8211; <em>Une t\u00e2che sociale urgente : La transformation des Ecoles Normales au Br\u00e9sil<\/em>&nbsp;\u2022&nbsp;F. Cattier &#8211; <em>A travers les Revues : Revues de Langue Fran\u00e7aise<\/em>&nbsp;\u2022&nbsp;<em>Livres : ouvrages de Langue Fran\u00e7aise<\/em><\/p>\n\n\n\n<p class=\"has-text-align-center\" style=\"font-size:15px\"><strong><a href=\"https:\/\/mrsh.unicaen.fr\/pen\/pdf\/\/1932-81.pdf\">N\u00b081 &#8211; octobre 1932<\/a><\/strong><\/p>\n\n\n\n<p style=\"font-size:15px\"><em>Num\u00e9ro sp\u00e9cial consacr\u00e9 au Congr\u00e8s de Nice<\/em>&nbsp;\u2022&nbsp;<em>La R\u00e9daction : En l&rsquo;honneur de Decroly<\/em>&nbsp;\u2022&nbsp;Adolphe Ferri\u00e8re &#8211; <em>Ovide Decroly<\/em> \u2022&nbsp;Adolphe Ferri\u00e8re &#8211; <em>En marge du Congr\u00e8s<\/em>&nbsp;\u2022&nbsp;B\u00e9atrice Ensor &#8211;<br><em>Discours prononc\u00e9 \u00e0 la s\u00e9ance d&rsquo;ouverture du Congr\u00e8s par Madame B\u00e9atrice Ensor<\/em>&nbsp;\u2022&nbsp;Paul Langevin &#8211; <em>Le probl\u00e8me de la culture g\u00e9n\u00e9rale<\/em>&nbsp;\u2022&nbsp;Dr Henri Wallon &#8211; <em>Culture g\u00e9n\u00e9rale et Orientation professionnelle<\/em>&nbsp;\u2022&nbsp;Professeur Codignola &#8211; <em>Comment cr\u00e9er une culture propre \u00e0 l&rsquo;\u00e9poque moderne<\/em><\/p>\n\n\n\n<p class=\"has-text-align-center\" style=\"font-size:15px\"><strong><a href=\"https:\/\/mrsh.unicaen.fr\/pen\/pdf\/1932-82.pdf\">N\u00b082 &#8211; novembre 1932 (Congr\u00e8s de Nice, 1\/2)<\/a><\/strong><\/p>\n\n\n\n<p style=\"font-size:15px\"><em>Num\u00e9ro sp\u00e9cial consacr\u00e9 au Congr\u00e8s de Nice<\/em>&nbsp;\u2022&nbsp;L. Brun-Laloire &#8211; <em>Impressions d&rsquo;un n\u00e9ophyte<\/em>&nbsp;\u2022&nbsp;Henri Pi\u00e9ron &#8211; <em>Comment cr\u00e9er une culture adapt\u00e9e \u00e0 l&rsquo;\u00e9poque moderne<\/em>&nbsp;\u2022&nbsp;Adolphe Ferri\u00e8re &#8211; <em>Comment tenir des aptitudes du ma\u00eetre \u00e0 l&rsquo;\u00e9cole<\/em>&nbsp;\u2022&nbsp;M. Angles &#8211; <em>L&rsquo;\u00e9cole maternelle fran\u00e7aise<\/em>&nbsp;\u2022&nbsp;Marthe N\u00e9m\u00e8s &#8211; <em>Les possibilit\u00e9s et les limites de l&rsquo;autonomie scolaire chez les enfants de 8 \u00e0 10 ans<\/em>&nbsp;\u2022&nbsp;M.-A. Bloch &#8211; <em>L&rsquo;instruction civique \u00e0 l&rsquo;\u00e9cole active<\/em>&nbsp;\u2022&nbsp;Fernand Dubois &#8211; <em>La Radiophonie et l&rsquo;Education Sociale<\/em>&nbsp;\u2022&nbsp;Dr. Laforgue &#8211; <em>R\u00e9sum\u00e9 des Conf\u00e9rences du Dr Laforgue dans le cours sur la Psychologie appliqu\u00e9e \u00e0 l&rsquo;\u00e9ducation<\/em>&nbsp;\u2022&nbsp;L. Brun-Laloire &#8211; <em>Le Latin sans grammaire, ni dictionnaire, ni r\u00e9citation de paradigmes<\/em>&nbsp;\u2022&nbsp;<em>Nouvelles diverses : Conf\u00e9rences sur l&rsquo;Education Nouvelle au Coll\u00e8ge Libre des Sciences Sociales &#8211; Cr\u00e9ation d&rsquo;un cours de p\u00e9dagogie artistique inspir\u00e9e des m\u00e9thodes nouvelles &#8211; L&rsquo;Institut National d&rsquo;Orientation Professionnelle &#8211; Un anniversaire<\/em><\/p>\n\n\n\n<p class=\"has-text-align-center\" style=\"font-size:15px\"><strong><a href=\"https:\/\/mrsh.unicaen.fr\/pen\/pdf\/\/1932-83.pdf\">N\u00b083 &#8211; d\u00e9cembre 1932 (2\/2)<\/a><\/strong><\/p>\n\n\n\n<p style=\"font-size:15px\"><em>3\u00e8me Num\u00e9ro sp\u00e9cial consacr\u00e9 au Congr\u00e8s de Nice<\/em>&nbsp;\u2022&nbsp;<em>Avis<\/em>&nbsp;\u2022&nbsp;Paul Geheeb &#8211; <em>Impressions du Congr\u00e8s<\/em>&nbsp;\u2022&nbsp;Jean Piaget &#8211; <em>L&rsquo;\u00e9volution sociale et la p\u00e9dagogie nouvelle<\/em>&nbsp;\u2022&nbsp;Dr. Van Der Leeuw &#8211; <em>La t\u00e2che de l&rsquo;\u00e9ducation dans la crise mondiale<\/em>&nbsp;\u2022&nbsp;Mme Coirault &#8211; <em>Les tendances actuelles de l&rsquo;\u00e9cole maternelle fran\u00e7aise<\/em>&nbsp;\u2022&nbsp;M. Roger &#8211; <em>Une r\u00e9volution n\u00e9cessaire \u00e0 l&rsquo;\u00e9cole rurale<\/em><\/p>\n\n\n\n<p class=\"has-text-align-center\" id=\"1933\"><strong>1933<\/strong><\/p>\n\n\n\n<p class=\"has-text-align-center\" style=\"font-size:15px\"><strong><a href=\"https:\/\/mrsh.unicaen.fr\/pen\/pdf\/1933-84.pdf\">N\u00b084 &#8211; janvier 1933<\/a><\/strong><\/p>\n\n\n\n<p style=\"font-size:15px\">M. Llopis &#8211; <em>La r\u00e9novation de l&rsquo;Ecole dans l&rsquo;Espagne r\u00e9publicaine<\/em>&nbsp;\u2022&nbsp;Edouard Clapar\u00e8de &#8211; <em>La pens\u00e9e loyale et son \u00e9ducation<\/em>&nbsp;\u2022&nbsp;M. Elis &#8211; <em>R\u00e9sum\u00e9 du travail de la Commission des examens : I. Rapport de M. Elis<\/em>&nbsp;\u2022&nbsp;M. Bloch &#8211; <em>R\u00e9sum\u00e9 du travail de la Commission des examens : II. Rapport de M. Bloch<\/em>&nbsp;\u2022&nbsp;<strong>Communications<\/strong>&nbsp;\u2022&nbsp;Adolphe Ferri\u00e8re &#8211; <em>Gandhi et la sant\u00e9<\/em>&nbsp;\u2022&nbsp;Adolphe Ferri\u00e8re &#8211; <em>L&rsquo;alimentation de nos Enfants<\/em> &#8211; <em>Quelques r\u00e9flexions et une enqu\u00eate<\/em>&nbsp;\u2022&nbsp;<em>Les livres<\/em><\/p>\n\n\n\n<p class=\"has-text-align-center\" style=\"font-size:15px\"><strong><a href=\"https:\/\/mrsh.unicaen.fr\/pen\/pdf\/\/1933-85.pdf\">N\u00b085 &#8211; f\u00e9vrier 1933<\/a><\/strong><\/p>\n\n\n\n<p style=\"font-size:15px\"><strong>I. Congr\u00e8s de Nice<\/strong>&nbsp;\u2022&nbsp;<em>R\u00e9sum\u00e9 des travaux de la Commission de la formation des Ma\u00eetres. I. Rapport Schneider<\/em>&nbsp;\u2022&nbsp;<em>II. Rapport Weber<\/em>&nbsp;\u2022&nbsp;<em>III. Rapport Gordon Watson<\/em>&nbsp;\u2022&nbsp;<em>IV. Rapport Mac Murray<\/em>&nbsp;\u2022&nbsp;Elisabeth Rotten &#8211; <em>Conf\u00e9rence : La Transformation sociale et l&rsquo;Education<\/em>&nbsp;\u2022&nbsp;<strong>II. Communication<\/strong>&nbsp;\u2022&nbsp;Adolphe Ferri\u00e8re &#8211; <em>Un anc\u00eatre des coop\u00e9ratives scolaires : Scipion Edouard Raoux<\/em>&nbsp;\u2022&nbsp;<em>C\u00e9r\u00e9monie comm\u00e9morative en l&rsquo;honneur du Dr Decroly<\/em>&nbsp;\u2022&nbsp;L. Brun-Laloire &#8211; <em>A Travers les Revues : La P\u00e9dagogie vue dans sa presse<\/em>&nbsp;\u2022&nbsp;<em>Livres : Ouvrages de Langue Fran\u00e7aise, Ouvrages de Langues Etrang\u00e8res<\/em><\/p>\n\n\n\n<p class=\"has-text-align-center\" style=\"font-size:15px\"><strong><a href=\"https:\/\/mrsh.unicaen.fr\/pen\/pdf\/1933-86.pdf\">N\u00b086 &#8211; mars 1933<\/a><\/strong><\/p>\n\n\n\n<p style=\"font-size:15px\">Harold Rugg &#8211; <em>L&rsquo;\u0153uvre de reconstruction sociale pour l&rsquo;\u00e9ducation<\/em>&nbsp;\u2022&nbsp;Vladimir Ghidionescu &#8211; <em>L&rsquo;Education du caract\u00e8re moral<\/em>&nbsp;\u2022&nbsp;Joseph Mirski &#8211; <em>Quelques remarques sur le science de l&rsquo;\u00e9ducation<\/em>&nbsp;\u2022&nbsp;A.N. Basu &#8211; <em>Nationalisme et internationalisme en \u00e9ducation<\/em>&nbsp;\u2022&nbsp;Lucien Wellens &#8211; <em>Vers l&rsquo;Ecole sur mesure<\/em>&nbsp;\u2022&nbsp;Hermann Tobler &#8211; <em>La voie \u00e0 suivre<\/em>&nbsp;\u2022&nbsp;Adolphe Ferri\u00e8re &#8211; <em>Un foyer \u00ab\u00a0Chez Nous\u00a0\u00bb<\/em>&nbsp;\u2022&nbsp;Jean Piaget &#8211; <em>Le Jugement moral chez l&rsquo;enfant<\/em>&nbsp;\u2022&nbsp;<em>Communications<\/em><\/p>\n\n\n\n<p class=\"has-text-align-center\" style=\"font-size:15px\"><strong><a href=\"https:\/\/mrsh.unicaen.fr\/pen\/pdf\/\/1933-87.pdf\">N\u00b087 &#8211; avril-mai 1933<\/a><\/strong><\/p>\n\n\n\n<p style=\"font-size:15px\">Marie-Anne Carroi &#8211; <em>M\u00e9thode classique &#8211; M\u00e9thode nouvelle dans les gymnastes de Berlin<\/em>&nbsp;\u2022&nbsp;H. Bouchet &#8211; <em>Un essai d&rsquo;individualisation dans une classe de Philosophie<\/em>&nbsp;\u2022&nbsp;G. Thevenot &#8211; <em>Impressions d&rsquo;un Professeur de Premi\u00e8re dans une classe de Sixi\u00e8me<\/em>&nbsp;\u2022&nbsp;L. Brun-Laloire &#8211; <em>Quelques remarques sur l&rsquo;Enfant dans les \u00ab\u00a0Classes de Grammaire\u00a0\u00bb<\/em>&nbsp;\u2022&nbsp;Mlle Blanc &#8211; <em>L&rsquo;Individualisation des M\u00e9thodes comme principe d&rsquo;\u00e9conomie p\u00e9dagogico-sociale sur l&rsquo;accroissement de l&rsquo;efficacit\u00e9 du travail scolaire par le d\u00e9veloppement de la Personnalit\u00e9<\/em>&nbsp;\u2022&nbsp;Eug\u00e8ne Delaunay &#8211; <em>Chronique Fran\u00e7aise<\/em>&nbsp;\u2022&nbsp;<em>R\u00e9daction : Lettre \u00e0 M. le Ministre de l&rsquo;Education Nationale<\/em>&nbsp;\u2022&nbsp;<strong>Communications&nbsp;<\/strong>\u2022&nbsp;<em>Nouvelles diverses : La T.S.F. et l&rsquo;Ecole active &#8211; Sujet de la prochaine \u00e9mission de travaux d&rsquo;\u00e9l\u00e8ves &#8211; Cours de Vacances &#8211; Les Vacances de la Jeunesse et l&rsquo;Amiti\u00e9 Internationale<\/em>&nbsp;\u2022&nbsp;<em>Livres : Ouvrages de Langue Fran\u00e7aise<\/em>&nbsp;\u2022&nbsp;<em>Conf\u00e9rences sur l&rsquo;Education Nouvelle<\/em><\/p>\n\n\n\n<p class=\"has-text-align-center\" style=\"font-size:15px\"><strong><a href=\"https:\/\/mrsh.unicaen.fr\/pen\/pdf\/\/1933-88.pdf\">N\u00b088 &#8211; juin 1933<\/a><\/strong><\/p>\n\n\n\n<p style=\"font-size:15px\"><em>Avis<\/em>&nbsp;\u2022&nbsp;<em>La R\u00e9daction : C\u00e9r\u00e9monie comm\u00e9morative en l&rsquo;honneur du Dr O. Decroly<\/em>&nbsp;\u2022&nbsp;A. Fabre &#8211; <em>Histoire Nationale et Histoire de la Civilisation<\/em>&nbsp;\u2022&nbsp;G. Lapierre &#8211; <em>L&rsquo;Enseignement International de l&rsquo;Histoire<\/em>&nbsp;\u2022&nbsp;Adolphe Ferri\u00e8re &#8211; <em>L&rsquo;Education de \u00ab\u00a0Chez Nous\u00a0\u00bb est-elle justifi\u00e9e\u00a0\u00bb<\/em>&nbsp;\u2022&nbsp;Eug\u00e8ne Delaunay &#8211; <em>Chronique Fran\u00e7aise &#8211; R\u00e9flexions \u00e0 propos des incidents de St-Paul<\/em>&nbsp;\u2022&nbsp;L. Brun-Laloire &#8211; <em>A travers les Revues : Revues de Langue fran\u00e7aise<\/em>&nbsp;\u2022&nbsp;M.-L. Cazamian &#8211; <em>Revues de Langue anglaise<\/em>&nbsp;\u2022&nbsp;<em>Communications<\/em>&nbsp;\u2022&nbsp;<em>Livres<\/em><\/p>\n\n\n\n<p class=\"has-text-align-center\" style=\"font-size:15px\"><strong><a href=\"https:\/\/mrsh.unicaen.fr\/pen\/pdf\/\/1933-89.pdf\">N\u00b089 &#8211; juillet 1933<\/a><\/strong><\/p>\n\n\n\n<p style=\"font-size:15px\">Adolphe Ferri\u00e8re &#8211; <em>C.H. Becker<\/em>&nbsp;\u2022&nbsp;G. Martenot &#8211; <em>Voies nouvelles pour pr\u00e9senter la musique \u00e0 l&rsquo;enfant<\/em>&nbsp;\u2022&nbsp;Louise Lara et Edouard Autant &#8211; <em>La Spontan\u00e9it\u00e9 dans l&rsquo;Education du Com\u00e9dien<\/em>&nbsp;\u2022&nbsp;Marie-Anne Carroi &#8211; <em>Le Dessin au service de l&rsquo;Education<\/em>&nbsp;\u2022&nbsp;Lina Darche &#8211; <em>Un t\u00e9moignage : la libre activit\u00e9 \u00e0 l&rsquo;Ecole maternelle<\/em>&nbsp;\u2022&nbsp;Viola Wilhem &#8211; <em>L&rsquo;Ecole d&rsquo;art juv\u00e9nile du professeur Cizek<\/em>&nbsp;\u2022&nbsp;M.-L. Cazamian &#8211; <em>La Lecture Publique<\/em>&nbsp;\u2022&nbsp;Adolphe Ferri\u00e8re &#8211; <em>Un Philosophe de l&rsquo;Inde parle de la culture de la Personnalit\u00e9<\/em>&nbsp;\u2022&nbsp;<em>Communications&nbsp;<\/em>\u2022&nbsp;<em>Nouvelles diverses : Institut des Sciences de l&rsquo;Education &#8211; L&rsquo;Etude M\u00e9thodique de l&rsquo;Enfant &#8211; Cours Martenot &#8211; IIIe Congr\u00e8s Montessori International &#8211; \u00ab\u00a0L&rsquo;Educazione Nazionale\u00a0\u00bb &#8211; VIIe Congr\u00e8s International des Sciences Historiques<\/em>&nbsp;\u2022&nbsp;<em>Livres : Ouvrages de Langue Fran\u00e7aise, Ouvrages de Langues Etrang\u00e8res<\/em><\/p>\n\n\n\n<p class=\"has-text-align-center\" style=\"font-size:15px\"><strong><a href=\"https:\/\/mrsh.unicaen.fr\/pen\/pdf\/1933-90.pdf\">N\u00b090 &#8211; ao\u00fbt 1933<\/a><\/strong><\/p>\n\n\n\n<p style=\"font-size:15px\"><em>Quelques pens\u00e9es sur l&rsquo;Education (Extraits)<\/em>&nbsp;\u2022&nbsp;<em>Le mouvement p\u00e9dagogique en Tch\u00e9coslovaquie depuis 1929. (Extraits du compte-rendu publi\u00e9 par le B.I.E.<\/em>)&nbsp;\u2022&nbsp;Alexandre Imre &#8211; <em>L&rsquo;\u00e9tat social et l&rsquo;Education<\/em>&nbsp;\u2022&nbsp;Georges Bertier &#8211; <em>L&rsquo;Utilit\u00e9 des Ecoles exp\u00e9rimentales<\/em>&nbsp;\u2022&nbsp;S. Paul &#8211; <em>R\u00e9flexions sur le dernier livre de M. Bergson, \u00ab\u00a0Les deux sources de la morale et de la religion\u00a0\u00bb<\/em>&nbsp;\u2022&nbsp;<em>Nouvelles diverses<\/em>&nbsp;\u2022&nbsp;<strong>Congr\u00e8s<\/strong> <em>I. &#8211; VIIe Congr\u00e8s des Educateurs d&rsquo;Enfants arri\u00e9r\u00e9s&nbsp;\u2022&nbsp;II. &#8211; Congr\u00e8s International de l&rsquo;Enfance&nbsp;\u2022&nbsp;A travers les Revues&nbsp;\u2022&nbsp;Livres : Ouvrages de Langue Fran\u00e7aise, Ouvrages de Langues Etrang\u00e8res<\/em><\/p>\n\n\n\n<p class=\"has-text-align-center\" style=\"font-size:15px\"><strong><a href=\"https:\/\/mrsh.unicaen.fr\/pen\/pdf\/1933-91.pdf\">N\u00b091 &#8211; septembre-octobre 1933<\/a><\/strong><\/p>\n\n\n\n<p style=\"font-size:15px\">Adolphe Ferri\u00e8re &#8211; <em>Hommage a Decroly<\/em>&nbsp;\u2022&nbsp;A. Hama\u00efde &#8211; <em>Ovide Decroly<\/em>&nbsp;\u2022&nbsp;J. Degand &#8211; <em>Petite Ecole<\/em>&nbsp;\u2022&nbsp;Adolphe Ferri\u00e8re &#8211; <em>Synth\u00e8se et Hypoth\u00e9se<\/em>&nbsp;\u2022&nbsp;Fernand Dubois &#8211; <em>Decroly Globalement<\/em>&nbsp;\u2022&nbsp;Henri Pi\u00e9ron &#8211; <em>Les deux principes de l&rsquo;\u00e9ducation nouvelle<\/em>&nbsp;\u2022&nbsp;Henri Wallon &#8211; <em>P\u00e9dagogie concr\u00e8te et Psychologie de l&rsquo;enfant<\/em>&nbsp;\u2022&nbsp;<em>Nouvelles Diverses<\/em>&nbsp;\u2022&nbsp;<em>Livres<\/em><\/p>\n\n\n\n<p class=\"has-text-align-center\" style=\"font-size:15px\"><strong><a href=\"https:\/\/mrsh.unicaen.fr\/pen\/pdf\/1933-92.pdf\">N\u00b092 &#8211; novembre 1933<\/a><\/strong><\/p>\n\n\n\n<p style=\"font-size:15px\">Henri Laugier, Ed. Toulouse et D. Weinberg &#8211; <em>La Biotypologie et l&rsquo;Orientation professionnelle<\/em>&nbsp;\u2022&nbsp;<em>Instructions aux Educateurs pour l&#8217;emploi de la fiche psychologique pour servir aux conseillers d&rsquo;orientation professionnelle. (Publi\u00e9es par l&rsquo;I.N.O.P.)<\/em>&nbsp;\u2022&nbsp;<em>Extraits du Rapport sur la S\u00e9lection pr\u00e9sent\u00e9 par M. Le Lay au Congr\u00e8s des Professeurs de Coll\u00e8ge en 1933<\/em>&nbsp;\u2022&nbsp;Adolphe Ferri\u00e8re &#8211; <em>Une Exp\u00e9rience r\u00e9v\u00e9latrice, faite \u00e0 Budapest par Mesdames Hermann-Cziner et L\u00e9nart<\/em>&nbsp;\u2022&nbsp;<em>Moyens pratiques d&rsquo;examiner les connaissances acquises \u00e0 l &lsquo;Ecole de base, etc.\u2026 (Congr\u00e8s de Santander)<\/em>&nbsp;\u2022&nbsp;<em>Activit\u00e9 de la Ligue Internationale pour l&rsquo;Education Nouvelle (ann\u00e9e 1932-1933)<\/em>&nbsp;\u2022&nbsp;Eug\u00e8ne Delaunay &#8211; <em>Chronique Fran\u00e7aise<\/em>&nbsp;\u2022&nbsp;<em>Nouvelles diverses&nbsp;\u2022 L Brun-Laloire &#8211;&nbsp;A travers les Revues. Revues Fran\u00e7aises<\/em>&nbsp;\u2022&nbsp;<em>Livres : Ouvrages de Langues Fran\u00e7aise &#8211; Ouvrages de Langues Etrang\u00e8res<\/em><\/p>\n\n\n\n<p class=\"has-text-align-center\" style=\"font-size:15px\"><strong><a href=\"https:\/\/mrsh.unicaen.fr\/pen\/pdf\/1933-93.pdf\">N\u00b093 &#8211; d\u00e9cembre 1933<\/a><\/strong><\/p>\n\n\n\n<p style=\"font-size:15px\">Marie-Louise Soustre &#8211; <em>Les couples enfantins<\/em>&nbsp;\u2022&nbsp;M.-L. Cazamian &#8211; Ecoles et Familles&nbsp;\u2022&nbsp;Ovide Decroly &#8211; De l&rsquo;esprit de famille \u00e0 l&rsquo;esprit social (d&rsquo;apr\u00e8s un article publi\u00e9 par le \u00ab\u00a0Service Social\u00a0\u00bb)&nbsp;\u2022&nbsp;Jean Franck &#8211; Aux m\u00e8res&nbsp;\u2022&nbsp;L. Trouillon &#8211; A l&rsquo;Ecole maternelle&nbsp;\u2022&nbsp;Adolphe Ferri\u00e8re &#8211; La formation des ma\u00eetres en Belgique&nbsp;\u2022&nbsp;Nouvelles diverses : Cours sur l&rsquo;Education Nouvelle &#8211; Institut des Sciences de l&rsquo;Education &#8211; Bureaux de consultations p\u00e9dagogiques &#8211; Cours de vacances d&rsquo;\u00e9cole active en Espagne &#8211; Une \u00e9cole active au degr\u00e9 universitaire : l&rsquo;Institut d&rsquo;Etudes polytechniques de Bruxelles &#8211; En R\u00e9publique Argentine &#8211; L&rsquo;\u00e9cole unique en Tch\u00e9coslovaquie&nbsp;\u2022&nbsp;A travers les Revues : Revues de langue fran\u00e7aise&nbsp;\u2022&nbsp;Livres&nbsp;\u2022&nbsp;Tables des mati\u00e8res 1933<\/p>\n\n\n\n<p class=\"has-text-align-center\" id=\"1934\"><strong>1934<\/strong><\/p>\n\n\n\n<p class=\"has-text-align-center\" style=\"font-size:15px\"><strong><a href=\"https:\/\/mrsh.unicaen.fr\/pen\/pdf\/\/1934-94.pdf\">N\u00b094 &#8211; janvier 1934<\/a><\/strong><\/p>\n\n\n\n<p style=\"font-size:15px\">Adolphe Ferri\u00e8re &#8211; <em>Parents et Enfants<\/em>&nbsp;\u2022&nbsp;Marie-Louise Soustre &#8211; <em>Les couples enfantins (suite)<\/em>&nbsp;\u2022&nbsp;Lofia Czerny Biernatova et Marja Strasburger &#8211; L<em>e r\u00f4le des f\u00eates scolaires \u00e0 l&rsquo;Ecole m\u00e9nag\u00e8re nouvelle<\/em>&nbsp;\u2022&nbsp;Adolphe Ferri\u00e8re &#8211; <em>La r\u00e9\u00e9ducation des jeunes d\u00e9linquants<\/em>&nbsp;\u2022&nbsp;Adolphe Ferri\u00e8re &#8211; <em>Amiel, pr\u00e9curseur de l&rsquo;Education nouvelle<\/em>&nbsp;\u2022&nbsp;Maria Te Water &#8211; <em>Introduction \u00e0 l\u00a0\u00bb\u00e9tude des relations familiales<\/em>&nbsp;\u2022&nbsp;<em>Nouvelles diverses : Comparaisons &#8211; Cours d&rsquo;Education Nouvelle au Coll\u00e8ge Libre des Sciences Sociales &#8211; Congr\u00e8s de la Ligue internationale pour l&rsquo;Education Nouvelle en Afrique du Sud &#8211; l&rsquo;enseignement de l&rsquo;arithm\u00e9tique<\/em>&nbsp;\u2022&nbsp;<em>A travers les Revues : Revues de langues \u00e9trang\u00e8res<\/em>&nbsp;\u2022&nbsp;<em>Livres : Ouvrages de langue fran\u00e7aise<\/em><\/p>\n\n\n\n<p class=\"has-text-align-center\" style=\"font-size:15px\"><strong><a href=\"https:\/\/mrsh.unicaen.fr\/pen\/pdf\/1934-95.pdf\">N\u00b095 &#8211; f\u00e9vrier 1934<\/a><\/strong><\/p>\n\n\n\n<p style=\"font-size:15px\">Henri Pi\u00e9ron &#8211; <em>Professeur au Coll\u00e8ge de France : L&rsquo;Education en Colombie<\/em>&nbsp;\u2022&nbsp;Adolphe Ferri\u00e8re &#8211; <em>L&rsquo;\u0153uvre de Hermon g\u00e8nes Gonzalez ou Une \u00e9cole exp\u00e9rimentale au Guatemala<\/em>&nbsp;\u2022&nbsp;Adolphe Ferri\u00e8re &#8211; <em>Classification des Enfants d&rsquo;apr\u00e8s leur type psychologique<\/em>&nbsp;\u2022&nbsp;L\u00e9one Bourde &#8211; <em>Cin\u00e9ma et Education&nbsp;\u2022&nbsp;RObert Meudon &#8211; (Extrait des \u00ab\u00a0Annales de l&rsquo;Enfance\u00a0\u00bb) Le Cin\u00e9ma et l&rsquo;Enfant<\/em>&nbsp;\u2022&nbsp;M. Prudhommaux &#8211; <em>(Extrait d&rsquo;un rapport pr\u00e9sent\u00e9 au Congr\u00e8s de Lyon, 1931). Le Cin\u00e9ma et l&rsquo;Education des anormaux<\/em>&nbsp;\u2022&nbsp;Marcel Martinet &#8211; <em>Extrait de l&rsquo; \u00ab\u00a0Ecole lib\u00e9ratrice\u00a0\u00bb. La Maternelle \u00e0 l&rsquo;\u00e9cran<\/em>&nbsp;\u2022&nbsp;Adolphe Ferri\u00e8re &#8211; <em>Chroniques : Chronique de l&rsquo;Am\u00e9rique latine&nbsp;\u2022&nbsp;Communication du G.I.E.<\/em>&nbsp;\u2022&nbsp;<em>Nouvelles diverses : congr\u00e8s International de l&rsquo;enseignement technique &#8211; le cin\u00e9ma et l&rsquo;enfant&nbsp;\u2022&nbsp;A travers les Revues : Revues de langue fran\u00e7aise, Revues de langues \u00e9trang\u00e8res&nbsp;\u2022&nbsp;Livres<\/em><\/p>\n\n\n\n<p class=\"has-text-align-center\" style=\"font-size:15px\"><strong><a href=\"https:\/\/mrsh.unicaen.fr\/pen\/pdf\/1934-96.pdf\">N\u00b096 &#8211; mars 1934<\/a><\/strong><\/p>\n\n\n\n<p style=\"font-size:15px\">E. Flayol &#8211; <em>Rapport sur l&rsquo;activit\u00e9 du Groupe Fran\u00e7ais d&rsquo;Education Nouvelle pendant l&rsquo;ann\u00e9e 1933<\/em>&nbsp;\u2022&nbsp;Otto Muller-Main &#8211; <em>Deux exemples d&rsquo;\u00e9ducation nouvelles dans les milieux industriels allemands<\/em>&nbsp;\u2022&nbsp;Jacques Soustelle &#8211; <em>Missions culturelles au Mexique (Extrait du \u00ab\u00a0Travail Humain\u00a0\u00bb, d\u00e9c. 1933)<\/em>&nbsp;\u2022&nbsp;Romain Rolland &#8211; <em>Effort et spontan\u00e9it\u00e9<\/em>&nbsp;\u2022&nbsp;<em>Congr\u00e8s&nbsp;<\/em>\u2022&nbsp;<em>Nouvelles diverses : Cercle d&rsquo;Etudes exp\u00e9rimentales de psychologie et de p\u00e9dagogie de Toulouse&nbsp;\u2022&nbsp;A travers les Revues&nbsp;\u2022&nbsp;Livres<\/em><\/p>\n\n\n\n<p class=\"has-text-align-center\" style=\"font-size:15px\"><strong><a href=\"https:\/\/mrsh.unicaen.fr\/pen\/pdf\/1934-97.pdf\">N\u00b097 &#8211; avril-mai 1934<\/a><\/strong><\/p>\n\n\n\n<p style=\"font-size:15px\">Robert Seibel &#8211; <em>R\u00e9flexions sur l&rsquo;influence \u00e9ducative du Travail et de l&rsquo;Art (Trad. De l&rsquo;allemand)<\/em>&nbsp;\u2022&nbsp;<em>Quelques exp\u00e9riences<\/em>&nbsp;\u2022&nbsp;Mlle Claret &#8211; <em>L&rsquo;Enseignement de l&rsquo;Histoire \u00e0 l&rsquo;Ecole Decroly<\/em>&nbsp;\u2022&nbsp;S. Roubakine &#8211; <em>L&rsquo;Enseignement de la G\u00e9ographie \u00e0 l'\u00a0\u00bbEcoles Nouvelle\u00a0\u00bb de Bellevue<\/em>&nbsp;\u2022&nbsp;N. Trellis &#8211; <em>L&rsquo;Enseignement des Sciences \u00e0 la \u00ab\u00a0Maison des Enfants\u00a0\u00bb de S\u00e8vres<\/em>&nbsp;\u2022&nbsp;C. Perret &#8211; <em>Dans le cadre officiel : Application de la m\u00e9thode Decroly \u00e0 la r\u00e9daction d&rsquo;un journal d&rsquo;\u00e9cole<\/em>&nbsp;\u2022&nbsp;Eug\u00e8ne Delaunay &#8211; <em>Chronique fran\u00e7aise<\/em>&nbsp;\u2022&nbsp;<em>Nouvelles diverses : le XXe Congr\u00e8s international de P\u00e9dagogie Montessori &#8211; Conf\u00e9rences de la \u00ab\u00a0Nouvelle Education\u00a0\u00bb<\/em><\/p>\n\n\n\n<p class=\"has-text-align-center\" style=\"font-size:15px\"><strong><a href=\"https:\/\/mrsh.unicaen.fr\/pen\/pdf\/\/1934-98.pdf\">N\u00b098 &#8211; juin 1934<\/a><\/strong><\/p>\n\n\n\n<p style=\"font-size:15px\">Adolphe Ferri\u00e8re &#8211; <em>Le conflit des automatismes instinctifs et de l&rsquo;\u00e9motion chez l&rsquo;enfants de z\u00e9ro \u00e0 trois ans<\/em>&nbsp;\u2022&nbsp;Dr Henri Wallon &#8211; <em>Les origines du caract\u00e8re social chez l&rsquo;Enfant<\/em>&nbsp;\u2022&nbsp;N. Trellis &#8211; <em>L&rsquo;Enseignement des Sciences \u00e0 la Maison des Enfants de S\u00e8vres (Suite et fin)<\/em>&nbsp;\u2022&nbsp;Mlle Claret &#8211; <em>L&rsquo;Enseignement de l&rsquo;Histoire \u00e0 l&rsquo;Ecole Decroly (Suite et fin)&nbsp;<\/em>\u2022&nbsp;B. Caruel &#8211;<em> Une exp\u00e9rience :La correspondance interscolaire internationale \u00e0 l&rsquo;\u00e9cole primaire rurale<\/em>&nbsp;\u2022&nbsp;Etienne Rabaud &#8211; <em>Sur la valeur des sciences naturelles pour la culture g\u00e9n\u00e9rale<\/em>&nbsp;\u2022&nbsp;Mlle Ferignac &#8211; <em>Sauvons l&rsquo;Enfant<\/em>&nbsp;\u2022&nbsp;<em>Les livres pour les enfants<\/em>&nbsp;\u2022&nbsp;M.-L. Cazamian &#8211;<em> I) L&rsquo;Education Nouvelle \u00e0 l&rsquo;Universit\u00e9 aux Etats-Unis&nbsp;\u2022&nbsp;II) Quelques textes&nbsp;\u2022&nbsp;Communications du B.I.E.&nbsp;\u2022&nbsp;Nouvelles diverses : conf\u00e9rences organis\u00e9es par le Groupe d&rsquo;\u00e9tudes internationales &#8211; Congr\u00e8s international d&rsquo;Education Morale &#8211; Deuxi\u00e8me Conf\u00e9rence Internationale pour l&rsquo; Enseignement de l&rsquo;Histoire &#8211; Institut des sciences de l&rsquo;\u00e9ducation&nbsp;\u2022&nbsp;A Travers les Revues&nbsp;\u2022&nbsp;Livres<\/em><\/p>\n\n\n\n<p class=\"has-text-align-center\" style=\"font-size:15px\"><strong><a href=\"https:\/\/mrsh.unicaen.fr\/pen\/pdf\/1934-99.pdf\">N\u00b099 &#8211; juillet 1934<\/a><\/strong><\/p>\n\n\n\n<p style=\"font-size:15px\">M.C. Lebrun &#8211; <em>Le Congr\u00e8s international du Cin\u00e9ma<\/em>&nbsp;\u2022&nbsp;Dr Henri Wallon &#8211; <em>L&rsquo;Expression des \u00e9motions et leurs fins sociales<\/em>&nbsp;\u2022&nbsp;Marie-Louise Soustre &#8211; <em>Les Chefs dans les soci\u00e9t\u00e9s d&rsquo;enfants<\/em>&nbsp;\u2022&nbsp;M. et G. Martenot &#8211; <em>Influence du rythme et du temps rythmique sur l&rsquo;enfant<\/em>&nbsp;\u2022&nbsp;C\u00e9lestin Freinet &#8211; <em>Une technique nouvelle de travail scolaire par l&rsquo;imprimerie&nbsp;<\/em>\u2022&nbsp;L. Brun-Laloire &#8211; <em>Revue de la Presse p\u00e9dagogique fran\u00e7aise&nbsp;\u2022&nbsp;Cr\u00e9ation d&rsquo;une Biblioth\u00e8que circulante d&rsquo;Education Nouvelle&nbsp;\u2022&nbsp;Nouvelles diverses : Un nouveau centre d&rsquo;amiti\u00e9 Internationale &#8211; 44e cours normal de travaux manuels et d&rsquo;\u00e9cole active \u00e0 Bienne (Suisse)<\/em><\/p>\n\n\n\n<p class=\"has-text-align-center\" style=\"font-size:15px\"><strong><a href=\"https:\/\/mrsh.unicaen.fr\/pen\/pdf\/1934-100.pdf\">N\u00b0100 &#8211; ao\u00fbt-septembre 1934<\/a><\/strong><\/p>\n\n\n\n<p style=\"font-size:15px\">Adolphe Ferri\u00e8re &#8211;<em> La Formation des ma\u00eetres \u00e0 l&rsquo;aide du cin\u00e9ma<\/em>&nbsp;\u2022&nbsp;A. Fabre &#8211; <em>Les le\u00e7ons de choses et l&rsquo;enseignement des sciences \u00e0 l&rsquo;\u00e9cole primaire<\/em>&nbsp;\u2022&nbsp;Adolphe Ferri\u00e8re &#8211; <em>L&rsquo;Ecole internationale de Gen\u00e8ve<\/em>&nbsp;\u2022&nbsp;Eug\u00e8ne Delaunay &#8211; <em>Chronique fran\u00e7aise<\/em>&nbsp;\u2022&nbsp;<em>Communications du B.I.E.<\/em>&nbsp;\u2022&nbsp;N<em>ouvelles diverses : Cours de P\u00e9dagogie Familiale &#8211; Pour d&rsquo;Ecole Viennoise &#8211; Camp d&rsquo;\u00e9t\u00e9 Anglo-Saxon de France &#8211; Institut International de Coop\u00e9ration intellectuelle &#8211; La crise \u00e9conomique et les jeunes&nbsp;\u2022&nbsp;A travers les Revues&nbsp;\u2022&nbsp;Livres<\/em><\/p>\n\n\n\n<p class=\"has-text-align-center\" style=\"font-size:15px\"><strong><a href=\"https:\/\/mrsh.unicaen.fr\/pen\/pdf\/1934-101.pdf\">N\u00b0101 &#8211; octobre 1934<\/a><\/strong><\/p>\n\n\n\n<p style=\"font-size:15px\">Henri Pi\u00e9ron &#8211; <em>Sur les Examens<\/em>&nbsp;\u2022&nbsp;Mlle Bardot &#8211; <em>L&rsquo;Expression graphique chez les jeunes enfants<\/em>&nbsp;\u2022&nbsp;Harold Rugg &#8211; <em>L&rsquo;Ecole normale am\u00e9ricaine de l&rsquo;avenir&nbsp;\u2022&nbsp;Le premier Congr\u00e8s international du Cin\u00e9ma<\/em>&nbsp;\u2022&nbsp;Rosalind Eccot &#8211; <em>Echange international de Dessins ex\u00e9cut\u00e9s par des Enfants<\/em>&nbsp;\u2022&nbsp;Dr Robert Jeudon &#8211; <em>Les Tendances esth\u00e9tiques de l&rsquo;Enfan<\/em>t&nbsp;\u2022&nbsp;Dr Robert Jeudon &#8211; <em>R\u00e9sultats de l&rsquo;Education du geste sur le comportement physique et mental<\/em>&nbsp;\u2022&nbsp;Pierre Frieden &#8211; <em>La Mission \u00e9ducative du Professeur d&rsquo;Enseignement secondaire (Grand-Duch\u00e9 de Luxembourg)<\/em>&nbsp;\u2022&nbsp;<em>Nouvelles diverses : coll\u00e8ge libre de sciences sociales &#8211; Un foyer scolaire International en Hollande&nbsp;\u2022&nbsp;A travers les Revues&nbsp;\u2022&nbsp;Livres<\/em><\/p>\n\n\n\n<p class=\"has-text-align-center\" style=\"font-size:15px\"><strong><a href=\"https:\/\/mrsh.unicaen.fr\/pen\/pdf\/1934-102.pdf\">N\u00b0102 &#8211; novembre 1934<\/a><\/strong><\/p>\n\n\n\n<p style=\"font-size:15px\">Adolphe Ferri\u00e8re &#8211; <em>La Co\u00e9ducation des Sexes<\/em>&nbsp;\u2022&nbsp;M.Th. Prudhommeau &#8211; <em>Les amiti\u00e9s enfantines dans la classe de perfectionnement : Communications extraites du Compte rendu du VIe Congr\u00e8s international de l&rsquo;Education Morale (Cracovie, septembre 1934)&nbsp;<\/em>\u2022&nbsp;Jean Piaget &#8211; <em>D\u00e9veloppement des id\u00e9es morales chez l&rsquo;enfant<\/em>&nbsp;\u2022&nbsp;Charles-Marie Garnier &#8211; <em>L&rsquo;Education morale et la Correspondance scolaire internationale&nbsp;<\/em>\u2022&nbsp;M.-Th. Maurette &#8211; <em>Co\u00e9ducation \u00e0 l&rsquo;Ecole internationale de Gen\u00e8ve<\/em>&nbsp;\u2022&nbsp;C\u00e9lestin Freinet &#8211; <em>La litt\u00e9rature enfantine&nbsp;\u2022&nbsp;Nouvelles diverses : Formation des ma\u00eetres ruraux en Ha\u00efti &#8211; Cours organis\u00e9 par le Groupe Fran\u00e7ais d&rsquo;Education nouvelle&nbsp;\u2022&nbsp;Livres<\/em><\/p>\n\n\n\n<p class=\"has-text-align-center\" style=\"font-size:15px\"><strong><a href=\"https:\/\/mrsh.unicaen.fr\/pen\/pdf\/\/1934-103.pdf\">N\u00b0103 &#8211; d\u00e9cembre 1934<\/a><\/strong><\/p>\n\n\n\n<p style=\"font-size:15px\"><em>Avis&nbsp;<\/em>\u2022&nbsp;Adolphe Ferri\u00e8re &#8211; <em>L&rsquo;Education, facteur de transformation sociale<\/em>&nbsp;\u2022&nbsp;Pierre Bartholdi et Paul Geheeb &#8211; <em>L&rsquo;Ecoles de l&rsquo;Odenwald dans une phase nouvelle de sa vie<\/em>&nbsp;\u2022&nbsp;Robert Vaquelin &#8211; <em>Les diff\u00e9rences individuelles soumises \u00e0 l&rsquo;\u00e9ducation<\/em>&nbsp;\u2022&nbsp;<em>Communications du B.I.E.<\/em>&nbsp;\u2022 Dr Zilliacus &#8211;&nbsp;<em>Le Mouvement des \u00ab\u00a0Compagnons du Monde\u00a0\u00bb<\/em>&nbsp;\u2022&nbsp;L. Brun-Laloire &#8211; <em>Nouvelles diverses : Conf\u00e9rences organis\u00e9es par le Groupe Fran\u00e7ais d&rsquo;Education Nouvelle<\/em>&nbsp;\u2022&nbsp;<em>A travers les Revues&nbsp;\u2022&nbsp;Tables des mati\u00e8res 1934<\/em><\/p>\n\n\n\n<p class=\"has-text-align-center\" id=\"1935\"><strong>1935<\/strong><\/p>\n\n\n\n<p class=\"has-text-align-center\" style=\"font-size:15px\"><strong><a href=\"https:\/\/mrsh.unicaen.fr\/pen\/pdf\/1935-104.pdf\">N\u00b0104 &#8211; janvier 1935<\/a><\/strong><\/p>\n\n\n\n<p style=\"font-size:15px\">Adolphe Ferri\u00e8re &#8211; <em>L&rsquo;Education, facteur de transformation sociale<\/em>&nbsp;\u2022&nbsp;Andr\u00e9e Jadoulle &#8211; <em>La m\u00e9thode d&rsquo;autorit\u00e9 et la m\u00e9thode de libert\u00e9 en \u00e9ducation<\/em>&nbsp;\u2022&nbsp;Mlle Descordes &#8211; <em>Une visite \u00e0 l&rsquo;Institut<\/em> Decroly&nbsp;\u2022&nbsp;J. Hausen &#8211; <em>Une exp\u00e9rience au Coll\u00e8ge de X\u2026<\/em>&nbsp;\u2022&nbsp;Robert Vauquelin &#8211; <em>Aptitudes et Fonctions<\/em>&nbsp;\u2022&nbsp;<em>Nouvelles diverses : Institut National d&rsquo;Orientation Professionnelle &#8211; Au mus\u00e9e P\u00e9dagogique de l&rsquo;Etat inauguration de l&rsquo;exposition \u00ab\u00a0Paysages d&rsquo;Angleterre &#8211; Conf\u00e9rences sur l&rsquo;Education Nouvelle &#8211; Syndicat National des Instituteurs (section de la Seine) &#8211; Soci\u00e9t\u00e9 fran\u00e7aise de p\u00e9dagogie &#8211; Groupe Fran\u00e7ais d&rsquo;Education Nouvelle Association amicale fran\u00e7aise des instituteurs d&rsquo;enfants arri\u00e9r\u00e9s&nbsp;\u2022&nbsp;Livres<\/em><\/p>\n\n\n\n<p class=\"has-text-align-center\" style=\"font-size:15px\"><strong><a href=\"https:\/\/mrsh.unicaen.fr\/pen\/pdf\/1935-105.pdf\">N\u00b0105 &#8211; f\u00e9vrier 1935<\/a><\/strong><\/p>\n\n\n\n<p style=\"font-size:15px\"><em>Catalogue du Service de Pr\u00eats de Livres<\/em>&nbsp;\u2022&nbsp;Pierre Bovet &#8211; <em>Les probl\u00e8mes scolaires pos\u00e9s par le bilinguisme<\/em>&nbsp;\u2022&nbsp;Henri Pi\u00e9ron &#8211; C<em>ompte rendu d&rsquo;une Conf\u00e9rence donn\u00e9e \u00e0 l&rsquo;Ecole de l&rsquo;Ermitage \u00e0 Bruxelles&nbsp;<\/em>\u2022&nbsp;Vladimir Ghidionescu &#8211; <em>L&rsquo;Evolution des valeurs dans l&rsquo;\u00e9ducation morale, en concordance avec le d\u00e9veloppement psychologique de l&rsquo;enfant<\/em>&nbsp;\u2022&nbsp;Henri Pi\u00e9ron, Mme Henri Pi\u00e9ron et Henri Laugier &#8211; <em>Etude critique sur la valeur s\u00e9lective du certificat d&rsquo;\u00e9tudes et comparaison de cet examen avec une \u00e9preuve par tests<\/em>&nbsp;\u2022&nbsp;Ren\u00e9e Aberdam &#8211; <em>Ecole tzigane. &#8211; Th\u00e9\u00e2tre tzigan&nbsp;\u2022&nbsp;Profit &#8211; Apr\u00e8s quinze ann\u00e9es de coop\u00e9ration scolaire&nbsp;\u2022&nbsp;Nouvelles diverses : Groupe du Nord des Amis de l&rsquo;Ecole Nouvelle &#8211; Conf\u00e9rences des \u00ab\u00a0Amis de l&rsquo;Education Nouvelle\u00a0\u00bb- Bibliographie sur les centres d&rsquo;int\u00e9r\u00eat&nbsp;<\/em>\u2022&nbsp;M.L. Cazamian &#8211; <em>A travers les Revues : Revues anglaises et am\u00e9ricaines&nbsp;\u2022&nbsp;Livres<\/em><\/p>\n\n\n\n<p class=\"has-text-align-center\" style=\"font-size:15px\"><strong><a href=\"https:\/\/mrsh.unicaen.fr\/pen\/pdf\/\/1935-106.pdf\">N\u00b0106 &#8211; mars-avril 1935<\/a><\/strong><\/p>\n\n\n\n<p style=\"font-size:15px\">E. Fayol &#8211; <em>Rapport sur l&rsquo;activit\u00e9 du Groupe Fran\u00e7ais d&rsquo;Education Nouvelle pendant l&rsquo;ann\u00e9e 1934<\/em>&nbsp;\u2022&nbsp;<em>Le self-government \u00e0 l&rsquo;\u00e9cole &#8211; (Publications du B.I.E.)&nbsp;\u2022&nbsp;Adolphe Ferri\u00e8re &#8211; La formation de l&rsquo;esprit de g\u00e9om\u00e9trie selon Mme Montessori<\/em>&nbsp;\u2022&nbsp;Adolphe Ferri\u00e8re &#8211; <em>L&rsquo;Education selon l&rsquo;id\u00e9ologie fasciste<\/em>&nbsp;\u2022&nbsp;Henri Laugier et G. Weinberg &#8211; <em>Le facteur subjectif dans les notes d&rsquo;examens. (Extrait des publications du \u00ab\u00a0Travail Humain\u00a0\u00bb)<\/em>&nbsp;\u2022&nbsp;<em>Communications du B.I.E.<\/em>&nbsp;\u2022&nbsp;<em>Congr\u00e8s R\u00e9gional des Iles Britanniques de la Ligue d&rsquo;Education Nouvelle&nbsp;\u2022&nbsp;Nouvelles diverses : I. Congr\u00e8s : Congr\u00e8s international de l&rsquo;enseignement &#8211; Congr\u00e8s international de l&rsquo;\u00e9ducation familiale &#8211; Congr\u00e8s international \u00e0 Bilthoven (Hollande) II &#8211; Au Mus\u00e9e P\u00e9dagogique : Deux conf\u00e9rences sur le cin\u00e9ma \u00e9ducateur&nbsp;\u2022&nbsp;Office P\u00e9dagogique de l&rsquo;Esth\u00e9tisme<\/em><\/p>\n\n\n\n<p class=\"has-text-align-center\" style=\"font-size:15px\"><strong><a href=\"https:\/\/mrsh.unicaen.fr\/pen\/pdf\/\/1935-107.pdf\">N\u00b0107 &#8211; mai 1935<\/a><\/strong><\/p>\n\n\n\n<p style=\"font-size:15px\">Henri Laugier et D. Weinberg &#8211; <em>Le facteur subjectif dans les notes d&rsquo;examens. (Deuxi\u00e8me contribution)<\/em>&nbsp;\u2022&nbsp;Georges Bertier &#8211; <em>Education morale et sociale dans une Ecole Nouvelle<\/em>&nbsp;\u2022&nbsp;<em>Publications du B.I.E. : Le self-government \u00e0 l&rsquo;Ecole (suite et fin)&nbsp;\u2022&nbsp;Nouvelles diverses : Une colonie d&rsquo;enfants internationale \u00e0 Ibiza, dans les Bal\u00e9ares&nbsp;\u2022&nbsp;A Travers les Revues : Suisse et Autriche &#8211; Revues anglaises et am\u00e9ricaines&nbsp;\u2022&nbsp;Livres<\/em><\/p>\n\n\n\n<p class=\"has-text-align-center\" style=\"font-size:15px\"><strong><a href=\"https:\/\/mrsh.unicaen.fr\/pen\/pdf\/1935-108.pdf\">N\u00b0108 &#8211; juin 1935<\/a><\/strong><\/p>\n\n\n\n<p style=\"font-size:15px\">Marie-Anne Carroi &#8211; <em>Jeunesse allemande<\/em>&nbsp;\u2022&nbsp;Jeanne Taillieu &#8211; <em>Le dessin spontan\u00e9<\/em>&nbsp;\u2022&nbsp;Paul Geheeb &#8211; <em>Esquisse d&rsquo;une \u00e9cole de l&rsquo;humanit\u00e9<\/em>&nbsp;\u2022&nbsp;A. Hamaide et A. Scali &#8211; <em>Comment on cr\u00e9e une \u00e9cole nouvelle<\/em>&nbsp;\u2022&nbsp;L\u00e9one Rieder &#8211; <em>La vie des enfants dans une \u00e9cole nouvelle<\/em>&nbsp;\u2022&nbsp;L. Brun-Laloire &#8211;<em> Revue de la Presse p\u00e9dagogique fran\u00e7aise<\/em>&nbsp;\u2022&nbsp;<em>Nouvelles diverses : Une enqu\u00eate &#8211; Foyers de Vacances Franco-Autrichiens &#8211; Une \u00e9cole active mod\u00e8le au Guatemala<\/em>&nbsp;\u2022&nbsp;<em>Livre.<\/em><\/p>\n\n\n\n<p class=\"has-text-align-center\" style=\"font-size:15px\"><strong><a href=\"https:\/\/mrsh.unicaen.fr\/pen\/pdf\/1935-109.pdf\">N\u00b0109 &#8211; juillet 1935<\/a><\/strong><\/p>\n\n\n\n<p style=\"font-size:15px\">Adolphe Ferri\u00e8re &#8211; <em>Les Compagnons du Monde (Lettre N\u00b0 4, mai 1935)<\/em>&nbsp;\u2022&nbsp;M. Prudohommeau &#8211; <em>Le Modelage dans la classe de perfectionnement<\/em>&nbsp;\u2022&nbsp;M. Prudhommeau &#8211; <em>Le travail par \u00e9quipes \u00e0 l&rsquo;Ecole (Extraits de publication du B.I.E., N\u00b0 39)<\/em>&nbsp;\u2022&nbsp;M.-Henri Laugier &#8211; <em>Une science nouvelle : la Biotypologie&nbsp;<\/em>\u2022&nbsp;Paul Hunziker &#8211; <em>L&rsquo;influence n\u00e9cessaire d&rsquo;une \u00e2me collective dans les \u00e9tablissements d&rsquo;enseignement<\/em>&nbsp;\u2022&nbsp;<em>Communications et Congr\u00e8s&nbsp;\u2022&nbsp;Nouvelles diverses : Camp de l&rsquo;Empi\u00e8gne &#8211; Les Auberges de la Jeunesse &#8211; S\u00e9jour de vacances \u00e0 l&rsquo;Institut hof Oberkirck &#8211; Ecole Nouvelle Hof Oberkirch &#8211; L&rsquo;Ecole Freinet&nbsp;\u2022&nbsp;A travers les revues&nbsp;\u2022&nbsp;Livres<\/em><\/p>\n\n\n\n<p class=\"has-text-align-center\" style=\"font-size:15px\"><strong><a href=\"https:\/\/mrsh.unicaen.fr\/pen\/pdf\/1935-110.pdf\">N\u00b0110 &#8211; aout-septembre 1935<\/a><\/strong><\/p>\n\n\n\n<p style=\"font-size:15px\">J. Hauser &#8211; <em>L&rsquo;Imbroglio des examens et le moyen d&rsquo;en sortir (R\u00e9sum\u00e9 de publications de la Ligue Internationale pour l&rsquo;Education Nouvelle)<\/em>&nbsp;\u2022&nbsp;Eug\u00e8ne Schreider &#8211; <em>Le Chemin de la Vie<\/em>&nbsp;\u2022&nbsp;B. Kevorkiar &#8211;<em> Sur la crise de l&rsquo;Education<\/em>&nbsp;\u2022&nbsp;Eug\u00e8ne Delaunay &#8211; <em>Chronique fran\u00e7aise&nbsp;\u2022&nbsp;communications du B.I.E.&nbsp;\u2022&nbsp;Nouvelles diverses : L&rsquo;Ecole Freinet &#8211; Nouvelles de Hollande -Un progr\u00e8s social \u00e0 Gen\u00e8ve &#8211; Centre National d&rsquo;Education&nbsp;\u2022&nbsp;Livres<\/em><\/p>\n\n\n\n<p class=\"has-text-align-center\" style=\"font-size:15px\"><strong><a href=\"https:\/\/mrsh.unicaen.fr\/pen\/pdf\/1935-111.pdf\">N\u00b0111 &#8211; octobre 1935<\/a><\/strong><\/p>\n\n\n\n<p style=\"font-size:15px\">Dr Robert Jeudon &#8211; <em>Les Origines de l&rsquo;Intelligence chez l&rsquo;Enfant<\/em>&nbsp;\u2022&nbsp;Marie-Anne Carroi &#8211; <em>Jeunesse allemande (Suite et fin)<\/em>&nbsp;\u2022&nbsp;Adolphe Ferri\u00e8re &#8211; <em>Le Travail par \u00e9quipes<\/em>&nbsp;\u2022&nbsp;Eug\u00e8ne Dalaunay &#8211; <em>Chronique fran\u00e7aise&nbsp;\u2022&nbsp;Nouvelles diverses : Radio Diffusion de 6 conf\u00e9rences de la Dottoressa Montessori<\/em> &#8211; <em>Cours pratique de r\u00e9\u00e9ducation &#8211; Centre social d&rsquo;Orthophonie et de R\u00e9\u00e9ducation &#8211; R\u00e9apparition de la \u00ab\u00a0Revue Internationale de P\u00e9dagogie\u00a0\u00bb&nbsp;\u2022&nbsp;Livres<\/em><\/p>\n\n\n\n<p class=\"has-text-align-center\" style=\"font-size:15px\"><strong><a href=\"https:\/\/mrsh.unicaen.fr\/pen\/pdf\/1935-112.pdf\">N\u00b0112 &#8211; novembre 1935<\/a><\/strong><\/p>\n\n\n\n<p style=\"font-size:15px\">Wilhelm Rasmussen &#8211; <em>La P\u00e9dagogie du Doute<\/em>&nbsp;\u2022&nbsp;M. Prudhommeau &#8211; <em>L&rsquo;Elocution dans une classe de perfectionnement<\/em>&nbsp;\u2022&nbsp;Lucien Niot &#8211; <em>Les Id\u00e9es de la Doctoresse Montessori sur l&rsquo;enseignement secondaire<\/em>&nbsp;\u2022&nbsp;Adolphe Ferri\u00e8re &#8211; <em>La sous-alimentation des enfants au Bureau International du Travail<\/em>&nbsp;\u2022&nbsp;L.M. Vincent &#8211; <em>Une Ecole Nouvelle en Belgique : L&rsquo;Ecole de Paudure<\/em>&nbsp;\u2022&nbsp;A. H. &#8211; <em>Publications du B.I.E. &#8211; La formation professionnelle du personnel enseignant secondaire (Extraits)&nbsp;\u2022&nbsp;Congr\u00e8s r\u00e9gional de la \u00ab\u00a0New Education Fellowship\u00a0\u00bb&nbsp;\u2022&nbsp;XVIe Congr\u00e8s International de l&rsquo;Enseignement secondaire (Rome 1934)<\/em><\/p>\n\n\n\n<p class=\"has-text-align-center\" style=\"font-size:15px\"><strong><a href=\"https:\/\/mrsh.unicaen.fr\/pen\/pdf\/1935-113.pdf\">N\u00b0113 &#8211; d\u00e9cembre 1935<\/a><\/strong><\/p>\n\n\n\n<p style=\"font-size:15px\"><em>Avis&nbsp;\u2022&nbsp;Aux compagnons du Monde &#8211; Lettre N\u00b0 5&nbsp;\u2022&nbsp;Publications du B.I.E. &#8211; La formation professionnelle du personnel enseignant primaire&nbsp;\u2022&nbsp;VIIe Congr\u00e8s mondial de la Ligue &#8211; Programme provisoire<\/em>&nbsp;\u2022&nbsp;Pierre de Mestral Combremont &#8211; <em>Un Congr\u00e8s suisse du Travail social&nbsp;\u2022&nbsp;Chroniques<\/em>&nbsp;\u2022&nbsp;M.-L. Cazamian &#8211; C<em>hronique des revues anglaises<\/em>&nbsp;\u2022&nbsp;Fernand Dubois &#8211; <em>Chronique Belge&nbsp;\u2022&nbsp;Nouvelles diverses : Assembl\u00e9e de la Section Suisse &#8211; Conf\u00e9rences d&rsquo;Education Nouvelle &#8211; La Formation du Citoyen et l&rsquo;Esprit critique&nbsp;\u2022&nbsp;Livres&nbsp;\u2022&nbsp;Table des mati\u00e8res 1935<\/em><\/p>\n\n\n\n<p class=\"has-text-align-center\" id=\"1936\"><strong>1936<\/strong><\/p>\n\n\n\n<p class=\"has-text-align-center\" style=\"font-size:15px\"><strong><a href=\"https:\/\/mrsh.unicaen.fr\/pen\/pdf\/1936-114.pdf\">N\u00b0114 &#8211; janvier 1936<\/a><\/strong><\/p>\n\n\n\n<p style=\"font-size:15px\"><em>VIIe Congr\u00e8s mondial de la Ligue<\/em>&nbsp;\u2022&nbsp;R. Vauquelin &#8211; <em>Orientation et S\u00e9lection dans l&rsquo;Universit\u00e9 moderne (1)<\/em>&nbsp;\u2022&nbsp;E. Debray &#8211; <em>Id\u00e9es simples sur l&rsquo;enseignement des enfants arri\u00e9r\u00e9s<\/em>&nbsp;\u2022&nbsp;Fernand Dubois &#8211; <em>La Belgique au tournant<\/em>&nbsp;\u2022&nbsp;H. Coqblin &#8211; <em>Quelques r\u00e9flexions sur un essai d&rsquo;application de la m\u00e9thode Decroly dans une \u00e9cole de gar\u00e7ons<\/em>&nbsp;\u2022&nbsp;<em>Coop\u00e9ration Intellectuelle &#8211; Plan de travail 1935<\/em>&nbsp;\u2022&nbsp;<em>Compl\u00e9ment au Catalogue de la Biblioth\u00e8que de pr\u00eats<\/em>&nbsp;\u2022&nbsp;<em>Nouvelles diverses : Expositions &#8211; Groupe Fran\u00e7ais d&rsquo;Education Nouvelle &#8211; Le prix de l&rsquo;enfance 1935 &#8211; Un cours Decroly \u00e0 Barcelone &#8211; O\u00f9 va l&rsquo;\u00e9ducation en France ? &#8211; Institut d&rsquo;Etudes Medico P\u00e9dagogiques&nbsp;\u2022&nbsp;Livres<\/em><\/p>\n\n\n\n<p class=\"has-text-align-center\" style=\"font-size:15px\"><strong><a href=\"https:\/\/mrsh.unicaen.fr\/pen\/pdf\/1936-115.pdf\">N\u00b0115 &#8211; f\u00e9vrier 1936<\/a><\/strong><\/p>\n\n\n\n<p style=\"font-size:15px\"><em>Nouvelles du Congr\u00e8s de Cheltenham<\/em>&nbsp;\u2022&nbsp;R. Vauquelin &#8211; <em>Orientation et S\u00e9lection dans l&rsquo;Universit\u00e9 moderne (2)<\/em>&nbsp;\u2022&nbsp;Antonio Coen &#8211; <em>L&rsquo;Enseignement et la Vie<\/em>&nbsp;\u2022&nbsp;Henri Delacroix &#8211; <em>Le Sourd-Muet (Extraits de \u00ab\u00a0l&rsquo;Enfant et le Langage\u00a0\u00bb)<\/em>&nbsp;\u2022&nbsp;Maria Montessori &#8211; <em>Quelques chapitres du livre \u00ab\u00a0L&rsquo;Enfant\u00a0\u00bb&nbsp;\u2022&nbsp;Nouvelles diverses : L&rsquo;Ecole exp\u00e9rimentale de Malvin en Uruguay &#8211; Pro Infirmis &#8211; Cours Decroly \u00e0 Barcelone&nbsp;\u2022&nbsp;Livres<\/em><\/p>\n\n\n\n<p class=\"has-text-align-center\" style=\"font-size:15px\"><strong><a href=\"https:\/\/mrsh.unicaen.fr\/pen\/pdf\/\/1936-116.pdf\">N\u00b0116 &#8211; mars 1936<\/a><\/strong><\/p>\n\n\n\n<p style=\"font-size:15px\"><em>Nouvelles du Congr\u00e8s de Cheltenham&nbsp;\u2022&nbsp;Rapport sur l&rsquo;activit\u00e9 du Groupe Fran\u00e7ais d&rsquo;\u00e9ducation nouvelle pendant l&rsquo;ann\u00e9e 1935<\/em>&nbsp;\u2022&nbsp;H\u00e9l\u00e8ne Alphand\u00e9ry &#8211; <em>Les tests \u00e0 l&rsquo;Ecole<\/em>&nbsp;\u2022&nbsp;R. Vauquelin &#8211; <em>Biotypologie et aptitudes scolaires (Compte rendu)&nbsp;\u2022&nbsp;Publications du B.I.E.&nbsp;\u2022&nbsp;R\u00e9unions et Congr\u00e8s&nbsp;\u2022&nbsp;Nouvelles diverses : Les Auberges de la jeunesse &#8211; Nouvelles de Gr\u00e8ce &#8211; L&rsquo;\u00e9criture \u00e0 l&rsquo;\u00e9cole&nbsp;\u2022&nbsp;Livres<\/em><\/p>\n\n\n\n<p class=\"has-text-align-center\" style=\"font-size:15px\"><strong><a href=\"https:\/\/mrsh.unicaen.fr\/pen\/pdf\/\/1936-117.pdf\">N\u00b0117 &#8211; avril-mai 1936<\/a><\/strong><\/p>\n\n\n\n<p style=\"font-size:15px\"><em>Nouvelles du Congr\u00e8s de Cheltenham<\/em>&nbsp;\u2022&nbsp;Henri Pi\u00e9ron &#8211; <em>Le probl\u00e8me de l&rsquo;action de l&rsquo;h\u00e9r\u00e9dit\u00e9 et du milieu dans la formation intellectuelle<\/em>&nbsp;\u2022&nbsp;Eug\u00e8ne Delaunay &#8211; <em>Chronique fran\u00e7aise&nbsp;\u2022&nbsp;Nouvelles diverses : Vers une \u00e9ducation internationale&nbsp;\u2022&nbsp;A travers les Revues<\/em>&nbsp;\u2022&nbsp;L. Brun-Laloire &#8211; <em>A travers la presse p\u00e9dagogique fran\u00e7aise<\/em>&nbsp;\u2022&nbsp;M.-L. Cazamian &#8211; <em>Revue des revues de langue anglaise&nbsp;\u2022&nbsp;Livres<\/em><\/p>\n\n\n\n<p class=\"has-text-align-center\" style=\"font-size:15px\"><strong><a href=\"https:\/\/mrsh.unicaen.fr\/pen\/pdf\/1936-118.pdf\">N\u00b0118 &#8211; juin 1936<\/a><\/strong><\/p>\n\n\n\n<p style=\"font-size:15px\">Marie-Anne Carroi &#8211; <em>Les fondements sociologiques du travail par \u00e9quipes<\/em>&nbsp;\u2022&nbsp;Coqblin &#8211; <em>L&rsquo;observation libre<\/em>&nbsp;\u2022&nbsp;M.A.C. &#8211; <em>Le Congr\u00e8s international de P\u00e9dagogie d&rsquo;Utrecht<\/em>&nbsp;\u2022&nbsp;G. Schilperoot &#8211; <em>L&rsquo;Enseignement des langues vivantes suivant les principes de l&rsquo;Ecole active&nbsp;\u2022&nbsp;Les Auberges de la jeunesse. &#8211; (Centre la\u00efque des Auberges de la jeunesses)<\/em>&nbsp;\u2022&nbsp;Hubert Fr\u00e8re &#8211; <em>Extraits du discours du cl\u00f4ture du Congr\u00e8s international de l&rsquo;Enseignement de Bruxelles<\/em>&nbsp;\u2022&nbsp;P. Demoor &#8211; <em>L&rsquo;Education Physique (Extraits d&rsquo;une Conf\u00e9rence faite par P. DEMOOR au Congr\u00e8s International de l&rsquo;Enseignement)<\/em>&nbsp;\u2022&nbsp;<em>Nouvelles diverses : Front de l&rsquo;enfance &#8211; Ve Congr\u00e8s International Montessori &#8211; Education et r\u00e9\u00e9ducation aux Journ\u00e9es P\u00e9dagogiques de Neuch\u00e2tel &#8211; Colonie de Vacances Franco-Allemande&nbsp;\u2022&nbsp;Livres<\/em><\/p>\n\n\n\n<p class=\"has-text-align-center\" style=\"font-size:15px\"><strong><a href=\"https:\/\/mrsh.unicaen.fr\/pen\/pdf\/\/1936-119.pdf\">N\u00b0119 &#8211; juillet 1936<\/a><\/strong><\/p>\n\n\n\n<p style=\"font-size:15px\"><em>Congr\u00e8s de Cheltenham<\/em>&nbsp;\u2022&nbsp;Marie-Anne Carroi &#8211; <em>D\u00e9veloppement individuel et Travail par \u00e9quipes<\/em>&nbsp;\u2022&nbsp;E. Flayol &#8211; <em>Quelques r\u00e9alisations en France<\/em>&nbsp;\u2022&nbsp;M. Lalande &#8211; <em>L&rsquo;Education morale au lyc\u00e9e<\/em>&nbsp;\u2022&nbsp;X. &#8211; <em>Le Congr\u00e8s du Havre&nbsp;\u2022&nbsp;V. &#8211; Congr\u00e8s international d&rsquo;Utrecht, &#8211; Apprendre \u00e0 vivre ensemble&nbsp;\u2022&nbsp;Publications du B.I.E. &#8211; L&rsquo;Enfant journaliste&nbsp;\u2022&nbsp;Nouvelles diverses : Institut Jean-Jacques Rousseau &#8211; Congr\u00e8s International de l&rsquo;Enseignement Technique : Rome 28, 29, 30 D\u00e9cembre 1936&nbsp;\u2022&nbsp;Livres<\/em><\/p>\n\n\n\n<p class=\"has-text-align-center\" style=\"font-size:15px\"><strong><a href=\"https:\/\/mrsh.unicaen.fr\/pen\/pdf\/1936-120.pdf\">N\u00b0120 &#8211; ao\u00fbt-septembre 1936<\/a><\/strong><\/p>\n\n\n\n<p style=\"font-size:15px\">S. Lipszyx &#8211; <em>L&rsquo;Enfant par rapport \u00e0 ses condisciples<\/em>&nbsp;\u2022&nbsp;A. Groenevelde &#8211;<em> Le r\u00f4le de l&rsquo;autorit\u00e9 dans le vie de l&rsquo;enfant&nbsp;<\/em>\u2022&nbsp;V. Bohet &#8211; <em>Le th\u00e9\u00e2tre pour enfants en U.R.S.S.<\/em>&nbsp;\u2022&nbsp;A. Bloch &#8211; <em>Congr\u00e8s du Havre &#8211; l&rsquo;\u00e9cole traditionnelle et l&rsquo;\u00e9cole active devant les probl\u00e8mes de l&rsquo;\u00e9ducation morale&nbsp;\u2022&nbsp;Ginat &#8211; Congr\u00e8s du Havre &#8211; Sanctions. Notations&nbsp;\u2022&nbsp;Nouvelles diverses : Les p\u00e9riodiques pour la Jeunesse&nbsp;\u2022&nbsp;Livres<\/em><\/p>\n\n\n\n<p class=\"has-text-align-center\" style=\"font-size:15px\"><strong><a href=\"https:\/\/mrsh.unicaen.fr\/pen\/pdf\/1936-121.pdf\">N\u00b0121 &#8211; octobre 1936<\/a><\/strong><\/p>\n\n\n\n<p style=\"font-size:15px\"><em>1er num\u00e9ro consacr\u00e9 au Congr\u00e8s de Cheltenham<\/em>&nbsp;\u2022&nbsp;Mrs Ensor &#8211; <em>S\u00c9ANCE D&rsquo;OUVERTURE : Allocution<\/em>&nbsp;\u2022&nbsp;Percy Nunn &#8211; <em>S\u00c9ANCE D&rsquo;OUVERTURE : Le vingt-et-uni\u00e8me anniversaire de la Ligue<\/em>&nbsp;\u2022&nbsp;Ryan Carson, J. Hadfield et Georges Bertier &#8211; <em>LA FORMATION DE LA PERSONNALIT\u00c9 LIBRE<\/em>&nbsp;\u2022&nbsp;Dr Henri Wallon &#8211; <em>L&rsquo;IMPRIMERIE A L&rsquo;ECOLE : Allocution&nbsp;\u2022&nbsp;Celestin Freinet &#8211; L&rsquo;IMPRIMERIE A L&rsquo;ECOLE : Expos\u00e9<\/em><\/p>\n\n\n\n<p class=\"has-text-align-center\" style=\"font-size:15px\"><strong><a href=\"https:\/\/mrsh.unicaen.fr\/pen\/pdf\/1936-122.pdf\">N\u00b0122 &#8211; novembre 1936<\/a><\/strong><\/p>\n\n\n\n<p style=\"font-size:15px\"><em>Communications du Congr\u00e8s de Cheltenham<\/em>&nbsp;\u2022&nbsp;Pierre Bovet &#8211; <em>L&rsquo;Education religieuse, facteur d&rsquo;asservissement ou de lib\u00e9ration<\/em>&nbsp;\u2022&nbsp;D. Katzaeoff &#8211; <em>L&rsquo;Education religieuse, facteur d&rsquo;asservissement ou de libert\u00e9<\/em>&nbsp;\u2022&nbsp;Vladimir Ghidionescu &#8211; <em>La contribution d&rsquo;une conception religieuse pour l&rsquo;\u00e9ducation du caract\u00e8re moral<\/em>&nbsp;\u2022&nbsp;Maria Montessori &#8211; <em>Les \u00e9tapes de l&rsquo;Education<\/em>&nbsp;\u2022&nbsp;Gustave Monod &#8211; <em>Le probl\u00e8me de l&rsquo;Education dans l&rsquo;enseignement du second degr\u00e9&nbsp;\u2022&nbsp;Nouvelles diverses : La Sauvegarde de la Jeunesse &#8211; Conf\u00e9rences de Madame Montessori \u00e0 l&rsquo;Universit\u00e9 des Annales &#8211; Les Informations p\u00e9dagogiques internationales &#8211; L&rsquo;Ecole de l&rsquo;Odenwald &#8211; L&rsquo;Ecole de l&rsquo;Humanit\u00e9&nbsp;\u2022&nbsp;Livres<\/em><\/p>\n\n\n\n<p class=\"has-text-align-center\" style=\"font-size:15px\"><strong><a href=\"https:\/\/mrsh.unicaen.fr\/pen\/pdf\/\/1936-123.pdf\">N\u00b0123 &#8211; d\u00e9cembre 1936<\/a><\/strong><\/p>\n\n\n\n<p style=\"font-size:15px\">Adolphe Ferri\u00e8re &#8211; <em>Le pass\u00e9 et l&rsquo;avenir de la Ligue Internationale pour l&rsquo;Education Nouvelle<\/em>&nbsp;\u2022&nbsp;Dr Henri Wallon &#8211; <em>Les rapports de la science avec la formation des personnalit\u00e9s libres<\/em>&nbsp;\u2022&nbsp;Carleton Washburne &#8211; <em>Science et libre personnalit\u00e9<\/em>&nbsp;\u2022&nbsp;Marie-Anne Carroi &#8211; <em>Art et personnalit\u00e9 libre<\/em>&nbsp;\u2022&nbsp;Mrs. Bulley &#8211; <em>Art et personnalit\u00e9 libre<\/em>&nbsp;\u2022&nbsp;<em>Nouvelles diverse : Sur le Groupe Fran\u00e7ais d&rsquo;Education Nouvelle &#8211; Congr\u00e8s International de l&rsquo;Enseignement primaire et de l&rsquo;\u00e9ducation populaire &#8211; Conf\u00e9rences organis\u00e9es par le Groupe Fran\u00e7ais d&rsquo;Education Nouvelle au Coll\u00e8ge Libre des Sciences Sociales &#8211; Congr\u00e8s International de l&rsquo;Enseignement technique<\/em><\/p>\n\n\n\n<p class=\"has-text-align-center\" id=\"1937\"><strong>1937<\/strong><\/p>\n\n\n\n<p class=\"has-text-align-center\" style=\"font-size:15px\"><strong><a href=\"https:\/\/mrsh.unicaen.fr\/pen\/pdf\/1937-124.pdf\">N\u00b0124 &#8211; janvier 1937<\/a><\/strong><\/p>\n\n\n\n<p style=\"font-size:15px\"><strong>TRAVAUX DE LA COMMISSION DE PSYCHOLOGIE&nbsp;\u2022&nbsp;Ire partie. &#8211; Tests et Examens<\/strong>&nbsp;\u2022&nbsp;Henri Wallon &#8211; <em>La m\u00e9thode des tests et l&rsquo;\u00e9tude du caract\u00e8re<\/em>&nbsp;\u2022&nbsp;Ryan Carson &#8211; <em>Ce que nous a enseign\u00e9 la pratique des tests<\/em>&nbsp;\u2022&nbsp;Philip Vernon &#8211; <em>Quelques causes d&rsquo;erreurs en mati\u00e8re de tests mentaux<\/em>&nbsp;\u2022&nbsp;Mme Smets-Gennard &#8211; <em>Le test B.D.<\/em>&nbsp;\u2022&nbsp;R. B. Cattell &#8211; <em>A quoi servent les examens ?<\/em>&nbsp;\u2022&nbsp;Miss Simmins &#8211; <em>De la n\u00e9cessit\u00e9 d&rsquo;\u00e9viter l&rsquo;effort des examens lors du pronostic pr\u00e9coce des aptitudes<\/em>&nbsp;\u2022&nbsp;Philip Hartog &#8211; <em>Constance et validit\u00e9 des examens<\/em>&nbsp;\u2022&nbsp;<strong>IIe partie. &#8211; L&rsquo;esprit conscient entre les influences du subconscient et du milieu ambiant<\/strong>&nbsp;\u2022&nbsp;Fritz Redl &#8211; <em>La Personnalit\u00e9 et l&rsquo;Education<\/em>&nbsp;\u2022&nbsp;N. K. Hunnybun &#8211; <em>Influence du milieu sur le d\u00e9veloppement de la personnalit\u00e9<\/em>&nbsp;\u2022&nbsp;N<em>ouvelles diverses : Conf\u00e9rences organis\u00e9es par le Groupe Fran\u00e7ais d&rsquo;Education Nouvelle au Coll\u00e8ge Libre des Sciences Sociales &#8211; Ecole des Parents&nbsp;\u2022&nbsp;Table des mati\u00e8res 1936&nbsp;\u2022&nbsp;Compl\u00e9ment au Catalogue de la Biblioth\u00e8que de pr\u00eats&nbsp;\u2022&nbsp;Livres&nbsp;\u2022&nbsp;CONGR\u00c8S DE CHELTENHAM ; COMPTES RENDUS ET COMMUNICATIONS<\/em><\/p>\n\n\n\n<p class=\"has-text-align-center\" style=\"font-size:15px\"><strong><a href=\"https:\/\/mrsh.unicaen.fr\/pen\/pdf\/1937-125.pdf\">N\u00b0125 &#8211; f\u00e9vrier 1937<\/a><\/strong><\/p>\n\n\n\n<p style=\"font-size:15px\">M\u00e9lanie Klein &#8211; N\u00e9cessit\u00e9 de la psychanalyse chez certains types d&rsquo;enfants difficiles&nbsp;\u2022&nbsp;Mary MacAulay &#8211; Une nouvelle exp\u00e9rience en mati\u00e8re de coop\u00e9ration entre parents et \u00e9ducateurs&nbsp;\u2022&nbsp;Dr Chang-Peng-Chun &#8211; Contacts interculturels et adaptation cr\u00e9atrice dans le monde moderne&nbsp;\u2022&nbsp;T.A. Rodger &#8211; L&rsquo;activit\u00e9 des Instituts m\u00e9dico-p\u00e9dagogiques : a) Le r\u00f4le du temp\u00e9rament en orientation professionnelle&nbsp;\u2022&nbsp;C.L.C. Burns &#8211; L&rsquo;activit\u00e9 des Instituts m\u00e9dico-p\u00e9dagogiques : b) Probl\u00e8mes de conduite sociale et m\u00e9thodes de traitement&nbsp;\u2022&nbsp;Sarvepalli Radakrishnan &#8211; La libert\u00e9 spirituelle et l&rsquo;Education Nouvelle&nbsp;\u2022&nbsp;Susan Isaacs &#8211; La libert\u00e9 personnelle et la vie de famille&nbsp;\u2022&nbsp;Sidonie Matsner-Gruenberg &#8211; Libert\u00e9 individuelle et vie familiale (symposium)<\/p>\n\n\n\n<p class=\"has-text-align-center\" style=\"font-size:15px\"><strong><a href=\"https:\/\/mrsh.unicaen.fr\/pen\/pdf\/\/1937-126.pdf\">N\u00b0126 &#8211; mars-avril 1937<\/a><\/strong><\/p>\n\n\n\n<p style=\"font-size:15px\">AVIS &#8211; CONGR\u00c8S DE CHELTENHAM&nbsp;\u2022&nbsp;A. Nieto-Caballero &#8211; <em>Le renouvellement d&rsquo;un peuple par l&rsquo;\u00e9ducation<\/em>&nbsp;\u2022&nbsp;Nelly Tibout &#8211; <em>M\u00e9thodes th\u00e9rapeutiques d&rsquo;orientation p\u00e9dagogique en Hollande<\/em>&nbsp;\u2022&nbsp;M.-L. Cazamian &#8211; <em>Commission internationale pour la pr\u00e9paration des professeurs<\/em>&nbsp;\u2022&nbsp;F. Seclet-Riou &#8211; <em>La liaison de l&rsquo;Ecole maternelle et de l&rsquo;Ecole primaire \u00e9l\u00e9mentaire<\/em>&nbsp;\u2022&nbsp;M.-L. Cazamian &#8211; <em>Echos du Congr\u00e8s du Havre&nbsp;\u2022&nbsp;Nouvelles diverses : 3e semaine Universitaire de P\u00e9dagogie &#8211; Les Educateurs au rassemblement universel pour la Paix &#8211; Xie Congr\u00e8s de la Coop\u00e9rative de l&rsquo;Enseignement et de l&rsquo;imprimerie \u00e0 l&rsquo;Ecole &#8211; Suite \u00e0 l&rsquo;article : L&rsquo;Ecole d&rsquo;Humanit\u00e9<\/em><\/p>\n\n\n\n<p class=\"has-text-align-center\" style=\"font-size:15px\"><strong><a href=\"https:\/\/mrsh.unicaen.fr\/pen\/pdf\/\/1937-127.pdf\">N\u00b0127 &#8211; mai 1937<\/a><\/strong><\/p>\n\n\n\n<p style=\"font-size:15px\"><strong>NUM\u00c9RO SPECIAL CONSACR\u00c9 AU NOUVEAU PLAN D&rsquo;\u00c9TUDES BELGE &#8211; AVIS<\/strong>&nbsp;\u2022&nbsp;<strong>I.Textes<\/strong> : <em>Introduction au Plan d&rsquo;Etudes ; L&rsquo;\u00e9tude du Milieu par l&rsquo;Observation active<\/em>&nbsp;\u2022&nbsp;<strong>II. Historique de la R\u00e9forme<\/strong>&nbsp;\u2022&nbsp;Fernand Dubois &#8211; <em>L&rsquo;Education Nouvelle et l&rsquo;exp\u00e9rience belge<\/em>&nbsp;\u2022&nbsp;<strong>III. Commentaires<\/strong>&nbsp;\u2022&nbsp;Henri Wallon &#8211; <em>Sur le nouveau plan Belge<\/em>&nbsp;\u2022&nbsp;Hubert Fr\u00e8re &#8211; <em>Philosophie du plan belge d&rsquo;Etudes primaires<\/em>&nbsp;\u2022&nbsp;A. Hamaide &#8211; <em>Le Plan d&rsquo;\u00e9tudes belge<\/em>&nbsp;\u2022&nbsp;M. Bally &#8211; <em>Encore la langue maternelle (Journal de Gen\u00e8ve)<\/em>&nbsp;\u2022&nbsp;Ren\u00e9 Jadot &#8211; <em>Notre enseignement primaire peut s&rsquo;enorgueillir de son programme (Le Peuple)<\/em>&nbsp;\u2022&nbsp;Andr\u00e9e Jadoulle &#8211; <em>Le Nouveau Plan d&rsquo;Etudes<\/em>&nbsp;\u2022&nbsp;A. Hansen &#8211; <em>Un Nouveau Plan d&rsquo;Etudes&nbsp;\u2022&nbsp;Congr\u00e8s&nbsp;\u2022&nbsp;Nouvelles diverses : Le Mouvement Montessori \u00e0 l&rsquo;Exposition &#8211; Quelques Formules de service Social &#8211; Th\u00e9\u00e2tre pour la Jeunesse &#8211; Soci\u00e9t\u00e9 d&rsquo;Education Musicale<\/em><\/p>\n\n\n\n<p class=\"has-text-align-center\" style=\"font-size:15px\"><strong><a href=\"https:\/\/mrsh.unicaen.fr\/pen\/pdf\/\/1937-128.pdf\">N\u00b0128 &#8211; juin 1937<\/a><\/strong><\/p>\n\n\n\n<p style=\"font-size:15px\">J. Hauser &#8211; <em>Rapport sur l&rsquo;activit\u00e9 du Groupe Fran\u00e7ais d&rsquo;Education Nouvelle pendant l&rsquo;ann\u00e9e 1936<\/em>&nbsp;\u2022&nbsp;Pierre Bovet &#8211; <em>L&rsquo;influence du bilinguisme dans les \u00e9coles grecques du Caire<\/em>&nbsp;\u2022&nbsp;R. Vauquelin &#8211; <em>Orientation et s\u00e9lection au seuil du 2\u00b0 degr\u00e9 (1re partie)<\/em>&nbsp;\u2022&nbsp;Adolphe Ferri\u00e8re &#8211; <em>Extension \u00e0 l&rsquo;\u00e9tranger des Instituts m\u00e9dico-p\u00e9dagogiques<\/em>&nbsp;\u2022&nbsp;Eug\u00e8ne Delaunay &#8211; <em>Chronique fran\u00e7aise&nbsp;\u2022&nbsp;Nouvelles diverses : une nouvelle Revue d&rsquo;\u00e9ducation pour l&rsquo;enseignement du second degr\u00e9&nbsp;\u2022&nbsp;Livres<\/em><\/p>\n\n\n\n<p class=\"has-text-align-center\" style=\"font-size:15px\"><strong><a href=\"https:\/\/mrsh.unicaen.fr\/pen\/pdf\/\/1937-129.pdf\">N\u00b0129 &#8211; juillet 1937<\/a><\/strong><\/p>\n\n\n\n<p style=\"font-size:15px\">Henri Wallon &#8211; <em>Psychologie et Education de l&rsquo;Enfance<\/em>&nbsp;\u2022&nbsp;Hulin &#8211; <em>Rapport sur la r\u00e9adaptation du Certificat d&rsquo;Etudes Primaires El\u00e9mentaire<\/em>&nbsp;\u2022&nbsp;R. Vauquelin &#8211; <em>Orientation et s\u00e9lection au seuil du 2\u00b0 degr\u00e9 (2e partie)&nbsp;\u2022&nbsp;Nouvelles diverses : IXe Congr\u00e8s des Educateurs d&rsquo;arri\u00e9r\u00e9s &#8211; Sur le Congr\u00e8s International de l&rsquo;Enseignement Primaire et de l&rsquo;Education Populaire (23-31 juillet) &#8211; Une journ\u00e9e d&rsquo;\u00e9ducation nouvelle &#8211; Cours de vacances de l&rsquo;imprimerie \u00e0 l&rsquo;Ecole Freinet &#8211; Sons et couleurs &#8211; Pour conna\u00eetre le temp\u00e9rament du ma\u00eetre &#8211; Il y a diff\u00e9rents types de ma\u00eetres &#8211; Pourquoi les ma\u00eetres n&rsquo;aiment pas l&rsquo;Education Nouvelle &#8211; La semaine Suisse &#8211; Les t\u00e2ches d&rsquo;un Bureau national d&rsquo;Education &#8211; Hommage \u00e0 Madame Montessori<\/em><\/p>\n\n\n\n<p class=\"has-text-align-center\" style=\"font-size:15px\"><strong><a href=\"https:\/\/mrsh.unicaen.fr\/pen\/pdf\/1937-130.pdf\">N\u00b0130 &#8211; aout-septembre 1937<\/a><\/strong><\/p>\n\n\n\n<p style=\"font-size:15px\">Peter Petersen &#8211; <em>La m\u00e9thode active et cr\u00e9atrice \u00e0 l&rsquo;Ecole exp\u00e9rimentale de Blaj (Roumanie)<\/em>&nbsp;\u2022&nbsp;Mlle J. &#8211; <em>Le stage des candidats \u00e0 l&rsquo;enseignement des enfants anormaux<\/em>&nbsp;\u2022&nbsp;Paul Hunziker &#8211; <em>Semaine de p\u00e9dagogie \u00e0 Rabat (R\u00e9sum\u00e9 et conclusions)<\/em>&nbsp;\u2022&nbsp;Lucien Bo\u00ebs &#8211;<em> Revue de la presse p\u00e9dagogique fran\u00e7aise<\/em>&nbsp;\u2022&nbsp;Adolphe Ferri\u00e8re &#8211; <em>Le dessin libre<\/em>&nbsp;\u2022&nbsp;<em>Nouvelles diverses : Un R\u00e9sultat &#8211; L&rsquo;\u00c9cole d&rsquo;Humanit\u00e9<\/em>&nbsp;\u2022&nbsp;<em>Livres<\/em><\/p>\n\n\n\n<p class=\"has-text-align-center\" style=\"font-size:15px\"><strong><a href=\"https:\/\/mrsh.unicaen.fr\/pen\/pdf\/1937-131.pdf\">N\u00b0131 &#8211; octobre 1937<\/a><\/strong><\/p>\n\n\n\n<p style=\"font-size:15px\"><em>Avis&nbsp;\u2022&nbsp;La Ligue Internationale pour l&rsquo;Education nouvelle et le monde actuel<\/em>&nbsp;\u2022&nbsp;Marie-Anne Carroi &#8211; <em>Le recrutement des ma\u00eetres et des \u00e9l\u00e8ves (Afrique du Nord)<\/em>&nbsp;\u2022&nbsp;Marie-Anne Carroi &#8211; <em>La semaine p\u00e9dagogique de Rabat, P\u00e2ques 1937<\/em>&nbsp;\u2022&nbsp;E. Flayol &#8211; <em>L&rsquo;Education nouvelle au Congr\u00e8s international de l&rsquo;enseignement primaire et de l&rsquo;\u00e9ducation populaire<\/em>&nbsp;\u2022&nbsp;M.-L. Cazamian &#8211; <em>Chronique des revues anglaises et am\u00e9ricaines<\/em>&nbsp;\u2022&nbsp;Andr\u00e9e Jadoulle &#8211; <em>Le laboratoire d&rsquo;Angleur et son activit\u00e9 de rentr\u00e9e&nbsp;\u2022&nbsp;Nouvelles diverses : Coll\u00e8ge de France&nbsp;\u2022&nbsp;La R\u00e9forme scolaire \u00e0 l&rsquo;ordre du jour : Tch\u00e9coslovaquie&nbsp;\u2022&nbsp;Les efforts bibliop\u00e9dagogiques tch\u00e8ques&nbsp;\u2022&nbsp;Livres<\/em><\/p>\n\n\n\n<p class=\"has-text-align-center\" style=\"font-size:15px\"><strong><a href=\"https:\/\/mrsh.unicaen.fr\/pen\/pdf\/\/1937-132.pdf\">N\u00b0132 &#8211; novembre 1937<\/a><\/strong><\/p>\n\n\n\n<p style=\"font-size:15px\">E. Flayol &#8211; <em>Coup d&rsquo;\u0153il sur les journ\u00e9es \u00ab\u00a0de la Classe d&rsquo;Orientation\u00a0\u00bb ; Projet de Livret d&rsquo;Observations devant servir \u00e0 l&rsquo;Orientation<\/em>&nbsp;\u2022&nbsp;Waleffe &#8211; <em>Sur le Congr\u00e8s International de l&rsquo;Enseignement Primaire<\/em>&nbsp;\u2022&nbsp;Louise Vincendon &#8211; <em>Une personnalit\u00e9 italienne de l&rsquo;\u00e9ducation nouvelle : Mademoiselle Anna Alessandrini<\/em>&nbsp;\u2022&nbsp;Kees Boeke &#8211; <em>Circulaire sur un projet de Communaut\u00e9 enfantine \u00e0 Bilthoven<\/em>&nbsp;\u2022&nbsp;<em>A travers les revues&nbsp;\u2022&nbsp;Nouvelles diverses : Une heureuse innovation &#8211; Centre international Montessori &#8211; A propos du certificat d&rsquo;\u00e9tudes primaires &#8211; Une \u00e9cole musulmane de jeunes filles au Maroc&nbsp;\u2022&nbsp;Livres<\/em><\/p>\n\n\n\n<p class=\"has-text-align-center\" style=\"font-size:15px\"><strong><a href=\"https:\/\/mrsh.unicaen.fr\/pen\/pdf\/1937-133.pdf\">N\u00b0133 &#8211; d\u00e9cembre 1937<\/a><\/strong><\/p>\n\n\n\n<p style=\"font-size:15px\"><em>Documents sur la classe d&rsquo;orientation<\/em>&nbsp;\u2022&nbsp;L. V\u00e9rel &#8211; <em>Classe d&rsquo;orientation : Quelques probl\u00e8mes d&rsquo;ordre pratique et administratif<\/em>&nbsp;\u2022&nbsp;Jacques Lefrancq &#8211; <em>Du massacre des Innocents \u00e0 l&rsquo;orientation p\u00e9dagogique (Extraits de \u00ab\u00a0Esprit\u00a0\u00bb, nov, 1937)<\/em>&nbsp;\u2022&nbsp;<em>Nouvelles diverses : Sur l&rsquo;Exposition des Arts et Techniques &#8211; XIIIe Cours International Montessori&nbsp;\u2022&nbsp;Livres&nbsp;\u2022&nbsp;Table des mati\u00e8res 1937<\/em><\/p>\n\n\n\n<p class=\"has-text-align-center\" id=\"1938\"><strong>1938<\/strong><\/p>\n\n\n\n<p class=\"has-text-align-center\" style=\"font-size:15px\"><strong><a href=\"https:\/\/mrsh.unicaen.fr\/pen\/pdf\/1938-134.pdf\">N\u00b0134 &#8211; janvier 1938<\/a><\/strong><\/p>\n\n\n\n<p style=\"font-size:15px\">Marie-Anne Carroi &#8211; <em>Pour la classe d&rsquo;Orientation<\/em>&nbsp;\u2022&nbsp;Marguerite Reynier &#8211; <em>Un po\u00e8te form\u00e9 par son enfance : Anna de Brancovan, comtesse de Noailles<\/em>&nbsp;\u2022&nbsp;Bernard Charbonneau &#8211; <em>Fabrication des bons \u00e9l\u00e8ves (Extrait de \u00ab\u00a0Esprit\u00a0\u00bb)<\/em>&nbsp;\u2022&nbsp;<em>Publications du B.I.E. : L&rsquo;Enseignement de la psychologie dans la pr\u00e9paration des Ma\u00eetres&nbsp;\u2022&nbsp;Recommandations aux Minist\u00e8res&nbsp;\u2022&nbsp;Nouvelles diverses : R\u00e9solutions pr\u00e9sent\u00e9es par Mmes Montessori et Rotten et adopt\u00e9es \u00e0 l&rsquo;unanimit\u00e9 par le VIe Congr\u00e8s Montessori international 1937 &#8211; Programme de la 4e Semaine de P\u00e9dagogie&nbsp;\u2022&nbsp;Documents<\/em><\/p>\n\n\n\n<p class=\"has-text-align-center\" style=\"font-size:15px\"><strong><a href=\"https:\/\/mrsh.unicaen.fr\/pen\/pdf\/\/1938-135.pdf\">N\u00b0135 &#8211; f\u00e9vrier-mars 1938<\/a><\/strong><\/p>\n\n\n\n<p style=\"font-size:15px\"><strong>Le G.F.E.N et la revue \u00ab\u00a0Pour l&rsquo;\u00e8re nouvelle\u00a0\u00bb.<\/strong> <em>Pr\u00e9ambule&nbsp;\u2022&nbsp;Historique&nbsp;\u2022&nbsp;L&rsquo;\u0153uvre de la revue et du groupe&nbsp;\u2022&nbsp;Conclusion<\/em>&nbsp;\u2022&nbsp;Angles &#8211; <em>Par la confiance et la joie<\/em>&nbsp;\u2022&nbsp;M. A. Carroi &#8211; <em>La m\u00e9thode de travail par \u00e9quipes dans l&rsquo;enseignement du second degr\u00e9<\/em>&nbsp;\u2022&nbsp;M. L. Soustre &#8211; <em>L&rsquo;Education nouvelle dans l&rsquo;Enseignement primaire<\/em>&nbsp;\u2022&nbsp;Annie Fournier &#8211; <em>Ecoles Nouvelles<\/em>&nbsp;\u2022&nbsp;Lucien Bo\u00ebs &#8211; <em>A travers les revues p\u00e9dagogiques de la Langue Fran\u00e7aise&nbsp;\u2022&nbsp;Livres<\/em><\/p>\n\n\n\n<p class=\"has-text-align-center\" style=\"font-size:15px\"><strong><a href=\"https:\/\/mrsh.unicaen.fr\/pen\/pdf\/1938-136.pdf\">N\u00b0136 &#8211; avril 1938<\/a><\/strong><\/p>\n\n\n\n<p style=\"font-size:15px\">Pierre Bovet &#8211; <em>La lutte contre l&rsquo;analphab\u00e9tisme<\/em>&nbsp;\u2022&nbsp;E. Flayol &#8211; <em>Rapport sur l&rsquo;activit\u00e9 du Groupe Fran\u00e7ais d&rsquo;Education Nouvelle pendant l&rsquo;ann\u00e9e 1937<\/em>&nbsp;\u2022&nbsp;<em>Sur les classes d&rsquo;Orientation. Adresse \u00e0 M. le Ministre de l&rsquo;Education Nationale<\/em>&nbsp;\u2022&nbsp;M.-L. Cazamian &#8211; <em>Autour de l&rsquo;orientation scolaire&nbsp;\u2022&nbsp;Questionnaire propos\u00e9 par la Commission des Loisirs<\/em>&nbsp;\u2022&nbsp;Eug\u00e8ne Delaunay &#8211; <em>Chronique Fran\u00e7aise&nbsp;\u2022&nbsp;Nouvelles diverse : Cours de vacance du Centre international pour les Ecoles nouvelles &#8211; Centres d&rsquo;Entrainement<\/em><\/p>\n\n\n\n<p class=\"has-text-align-center\" style=\"font-size:15px\"><strong><a href=\"https:\/\/mrsh.unicaen.fr\/pen\/pdf\/\/1938-137.pdf\">N\u00b0137 &#8211; mai-juin 1938<\/a><\/strong><\/p>\n\n\n\n<p style=\"font-size:15px\">Henri Wallon &#8211; <em>D\u00e9veloppement moteur et mental chez l&rsquo;enfant ; &#8211; Discussion<\/em>&nbsp;\u2022&nbsp;Adolphe Ferri\u00e8re &#8211; <em>L&rsquo;extraordinaire \u00e9volution p\u00e9dagogique du Chili<\/em>&nbsp;\u2022&nbsp;Paul Geheeb &#8211; <em>Les deux t\u00e2ches de l&rsquo;Education<\/em>&nbsp;\u2022&nbsp;H. Madriz de Konnick &#8211; <em>Un essai d&rsquo;application de la M\u00e9thode Decroly au Salvador<\/em>&nbsp;\u2022&nbsp;Pierre Bovet &#8211; <em>L&rsquo;Education Nouvelle dans l&rsquo;Inde<\/em>&nbsp;\u2022&nbsp;Lisette Vincent &#8211; <em>Les Instituts pour ouvriers dans l&rsquo;Espagne R\u00e9publicaine<\/em>&nbsp;\u2022&nbsp;Lucien Bo\u00ebs &#8211; <em>A travers les revues. Revues de langue fran\u00e7aise<\/em>&nbsp;\u2022&nbsp;<em>Nouvelles diverses : Programme du Cours de Vacances du Centre International des Ecoles nouvelles &#8211; Cours de vacances \u00e0 l&rsquo;Ecole Freinet&nbsp;\u2022&nbsp;Livres<\/em><\/p>\n\n\n\n<p class=\"has-text-align-center\" style=\"font-size:15px\"><strong><a href=\"https:\/\/mrsh.unicaen.fr\/pen\/pdf\/1938-138.pdf\">N\u00b0138 &#8211; juillet 1938<\/a><\/strong><\/p>\n\n\n\n<p style=\"font-size:15px\">Vivian Ogilvie &#8211; <em>Activit\u00e9 de la Ligue Internationale d&rsquo;Education Nouvelle (N. E. F.)<\/em>&nbsp;\u2022&nbsp;N. Roubakine &#8211; <em>Programme de culture populaire dans les pays primitifs<\/em>&nbsp;\u2022&nbsp;Elsa Neustadt &#8211; <em>Pour les enfants malades<\/em>&nbsp;\u2022&nbsp;Paul Plottke &#8211; <em>La psychologie d&rsquo;Alfred Adler et l&rsquo;Education musicale&nbsp;\u2022&nbsp;Nouvelles diverses : La Science de la Paix &#8211; 48e cours normal suisse de travaux manuels et \u00e9cole active en Suisse &#8211; Xe Journ\u00e9e d&rsquo;Education \u00e0 Neuch\u00e2tel&nbsp;\u2022&nbsp;Livres<\/em><\/p>\n\n\n\n<p class=\"has-text-align-center\" style=\"font-size:15px\"><strong><a href=\"https:\/\/mrsh.unicaen.fr\/pen\/pdf\/\/1938-139.pdf\">N\u00b0139 &#8211; ao\u00fbt-septembre 1938<\/a><\/strong><\/p>\n\n\n\n<p style=\"font-size:15px\">Henri Wallon &#8211; <em>La formation psychologique des ma\u00eetres (Extrait de la revue \u00ab\u00a0Education et Culture\u00a0\u00bb, n\u00b0 31)<\/em>&nbsp;\u2022&nbsp;Adolphe Ferri\u00e8re &#8211; <em>La formation sociale de l&rsquo;Enfant&nbsp;<\/em>\u2022&nbsp;Lousie Vincendon &#8211; <em>La po\u00e9sie chez l&rsquo;Enfant&nbsp;<\/em>\u2022&nbsp;M.-L. Cazamian &#8211; <em>Chronique des revues anglaises et am\u00e9ricaines<\/em>&nbsp;\u2022&nbsp;Lucien Bo\u00ebs &#8211; <em>A travers les revues de langue fran\u00e7aise<\/em>&nbsp;\u2022&nbsp;<em>Nouvelles diverses : La formation du sens social au Congr\u00e8s de l&rsquo;Enseignement secondaire &#8211; Exposition des travaux ex\u00e9cut\u00e9s aux \u00ab\u00a0loisirs dirig\u00e9s\u00a0\u00bb dans l&rsquo;Enseignement du Second Degr\u00e9&nbsp;\u2022&nbsp;Livres<\/em><\/p>\n\n\n\n<p class=\"has-text-align-center\" style=\"font-size:15px\"><strong><a href=\"https:\/\/mrsh.unicaen.fr\/pen\/pdf\/1938-140.pdf\">N\u00b0140 &#8211; octobre 1938<\/a><\/strong><\/p>\n\n\n\n<p style=\"font-size:15px\">P. Guillaume &#8211; <em>La formation des habitudes (Conf\u00e9rence faite au Congr\u00e8s de l&rsquo;Education populaire)&nbsp;<\/em>\u2022&nbsp;Adolphe Ferri\u00e8re &#8211; <em>Quatre t\u00e9moignages de l&rsquo;inde en faveur de l&rsquo;Ecole active<\/em>&nbsp;\u2022&nbsp;E. Flayol &#8211; <em>L&rsquo;Individualisation de l&rsquo;Enseignement<\/em>&nbsp;\u2022&nbsp;Eug\u00e8ne Delaunay &#8211; <em>Chronique fran\u00e7aise<\/em>&nbsp;\u2022&nbsp;<em>Nouvelles diverses : Cours d&rsquo;information de m\u00e9thode naturelle &#8211; Nouvelles de l&rsquo;Am\u00e9rique latine&nbsp;\u2022&nbsp;Livres<\/em><\/p>\n\n\n\n<p class=\"has-text-align-center\" style=\"font-size:15px\"><strong><a href=\"https:\/\/mrsh.unicaen.fr\/pen\/pdf\/1938-141.pdf\">N\u00b0141 &#8211; novembre 1938<\/a><\/strong><\/p>\n\n\n\n<p style=\"font-size:15px\"><em>Avis<\/em>&nbsp;\u2022&nbsp;Henri Wallon &#8211; <em>Les troubles de caract\u00e8re et la discipline<\/em>&nbsp;\u2022&nbsp;Adolphe Ferri\u00e8re &#8211; <em>Giuseppe Lombardo-Radice<\/em>&nbsp;\u2022&nbsp;A. Decroly &#8211; <em>Les programme d&rsquo;une \u00e9cole dans la vie<\/em>&nbsp;\u2022&nbsp;Soustre &#8211; <em>Les suggestions collectives dans les soci\u00e9t\u00e9s d&rsquo;enfants<\/em>&nbsp;\u2022&nbsp;Adolphe Ferri\u00e8re &#8211; <em>L&rsquo;autarcie r\u00e9alis\u00e9e dans un coll\u00e9ge des Etats-Unis<\/em>&nbsp;\u2022&nbsp;<em>Nouvelle diverses&nbsp;\u2022&nbsp;A travers les revues&nbsp;\u2022&nbsp;Livres<\/em><\/p>\n\n\n\n<p class=\"has-text-align-center\" style=\"font-size:15px\"><strong><a href=\"https:\/\/mrsh.unicaen.fr\/pen\/pdf\/\/1938-142.pdf\">N\u00b0142 &#8211; d\u00e9cembre 1938<\/a><\/strong><\/p>\n\n\n\n<p style=\"font-size:15px\"><em>Avis<\/em>&nbsp;\u2022&nbsp;Victor Basch &#8211; <em>La beaut\u00e9 rendue sensible aux enfants<\/em>&nbsp;\u2022&nbsp;Louis Boulonnois &#8211; <em>L&rsquo;intervention psychoth\u00e9rapique \u00e0 l&rsquo;\u00e9cole primaire<\/em>&nbsp;\u2022&nbsp;Le Lay &#8211; <em>Sur l&rsquo;exp\u00e9rience des classes d&rsquo;orientation (Extraits du rapport de M. Le Lay, Professeur)<\/em>&nbsp;\u2022&nbsp;H. Pi\u00e9ron &#8211; <em>Les m\u00e9thodes de mesure<\/em>&nbsp;\u2022&nbsp;Marie-Louise Soustre &#8211; <em>Les soci\u00e9t\u00e9s d&rsquo;enfants de 2 \u00e0 7 ans<\/em>&nbsp;\u2022&nbsp;Charlotte Buhler &#8211; <em>Le d\u00e9veloppement des int\u00e9r\u00eats de l&rsquo;enfant<\/em>&nbsp;\u2022&nbsp;<em>Nouvelles diverses : 2e Congr\u00e8s National d&rsquo;Orientation Professionnelle&nbsp;\u2022&nbsp;Livres&nbsp;\u2022&nbsp;Tables des Mati\u00e8res 1938<\/em><\/p>\n\n\n\n<p class=\"has-text-align-center\" id=\"1939\"><strong>1939<\/strong><\/p>\n\n\n\n<p class=\"has-text-align-center\" style=\"font-size:15px\"><strong><a href=\"https:\/\/mrsh.unicaen.fr\/pen\/pdf\/1939-143.pdf\">N\u00b0143 &#8211; janvier 1939<\/a><\/strong><\/p>\n\n\n\n<p style=\"font-size:15px\"><em>Voeux du G.F.E.N au sujet du programme de la derni\u00e8re ann\u00e9e d&rsquo;\u00e9tudes primaires<\/em>&nbsp;\u2022&nbsp;Petit &#8211; <em>Eveil et formation du sens social \u00e0 l&rsquo;\u00e9cole maternelle&nbsp;\u2022&nbsp;Une experience. Ecoles \u00e0 deux classes en ville&nbsp;\u2022&nbsp;Nouvelles diverses&nbsp;\u2022&nbsp;A travers les revues p\u00e9dagogiques de la Langue francaise&nbsp;\u2022&nbsp;Livres<\/em><\/p>\n\n\n\n<p class=\"has-text-align-center\" style=\"font-size:15px\"><strong><a href=\"https:\/\/mrsh.unicaen.fr\/pen\/pdf\/\/1939-144.pdf\">N\u00b0144 &#8211; f\u00e9vrier 1939<\/a><\/strong><\/p>\n\n\n\n<p style=\"font-size:15px\"><em>Pour la d\u00e9fense et la r\u00e9alisation de la d\u00e9mocratie. Manifeste de la Section anglaise de la ligue internationale pour l&rsquo;Education nouvelle<\/em>&nbsp;\u2022&nbsp;Elase Kholer &#8211; <em>La Sociologie de l&rsquo;enfant, l&rsquo;\u00e9ducation sociale d&rsquo;une classe de gar\u00e7ons de 11 \u00e0 12 ans<\/em>&nbsp;\u2022&nbsp;Adolphe Ferri\u00e8re &#8211; <em>Pour la formation psychologique du corps enseignant<\/em>&nbsp;\u2022&nbsp;Adolphe Ferri\u00e8re &#8211; <em>De la valeur des biographies<\/em>&nbsp;\u2022&nbsp;Lucien Bo\u00ebs &#8211; <em>A travers la presse p\u00e9dagogique fran\u00e7aise<\/em>&nbsp;\u2022&nbsp;M.-L. Cazamian &#8211; <em>Revues de langue anglaise<\/em>&nbsp;\u2022&nbsp;Adolphe Ferri\u00e8re &#8211; <em>Publications du B .I. E. et de la S. D. N.<\/em>&nbsp;\u2022&nbsp;Eug\u00e8ne Delaunay &#8211; <em>Chronique fran\u00e7aise&nbsp;\u2022&nbsp;Nouvelles diverses : Exposition p\u00e9dagogique de Scoutisme f\u00e9minin &#8211; Les Progr\u00e8s de l&rsquo;Ecole active dans le monde &#8211; Congr\u00e8s de l&rsquo;imprimerie \u00e0 l&rsquo;Ecole &#8211; Pour former le go\u00fbt des enfants<\/em><\/p>\n\n\n\n<p class=\"has-text-align-center\" style=\"font-size:15px\"><strong><a href=\"https:\/\/mrsh.unicaen.fr\/pen\/pdf\/\/1939-145.pdf\">N\u00b0145 &#8211; mars-avril 1939<\/a><\/strong><\/p>\n\n\n\n<p style=\"font-size:15px\"><em>Congr\u00e8s europ\u00e9en de la Ligue internationale pour l&rsquo;Education nouvelle&nbsp;<\/em>\u2022&nbsp;E. Flayol &#8211; <em>Rapport sur l&rsquo;activit\u00e9 du G. F. E. N. pendant l&rsquo;ann\u00e9e 1<\/em>9<em>38<\/em>&nbsp;\u2022&nbsp;Roger Gal &#8211; <em>Sur les exp\u00e9riences d&rsquo;orientation par les orienteurs<\/em>&nbsp;\u2022&nbsp;Denise Alexandre &#8211; <em>Chronique espagnole<\/em>&nbsp;\u2022&nbsp;<em>A travers les revues&nbsp;\u2022&nbsp;Nouvelles diverses : Semaine P\u00e9dagogique de Rabat &#8211; R\u00e9cr\u00e9ations musicales pour la Jeunesse &#8211; Les centres d&rsquo;entra\u00eenement pour la formation du personnel des colonies de vacances et des maisons de campagne des \u00e9coliers &#8211; La Clef des Champs&nbsp;\u2022&nbsp;Livres<\/em><\/p>\n\n\n\n<p class=\"has-text-align-center\" style=\"font-size:15px\"><strong><a href=\"https:\/\/mrsh.unicaen.fr\/pen\/pdf\/\/1939-146.pdf\">N\u00b0146 &#8211; mai 1939<\/a><\/strong><\/p>\n\n\n\n<p style=\"font-size:15px\">E. Flayol &#8211; Valeur p\u00e9dagogique des coop\u00e9ratives scolaires&nbsp;\u2022&nbsp;Mlle Castel &#8211; Le mat\u00e9riel dans la m\u00e9thode Montessori&nbsp;\u2022&nbsp;M. Perrotin et M. Sore &#8211; Sur les classes d&rsquo;orientation par les orienteurs (suite)&nbsp;\u2022&nbsp;Nouvelles de la ligue internationale pour l&rsquo;Education Nouvelle&nbsp;\u2022&nbsp;Eug\u00e8ne Dalaunay &#8211; Chronique fran\u00e7aise<\/p>\n\n\n\n<p class=\"has-text-align-center\" style=\"font-size:15px\"><strong><a href=\"https:\/\/mrsh.unicaen.fr\/pen\/pdf\/1939-147.pdf\">N\u00b0147 &#8211; juin 1939<\/a><\/strong><\/p>\n\n\n\n<p style=\"font-size:15px\"><em>Nouvelles concernant le Congr\u00e8s Europ\u00e9en de la Ligue Internationale pour l&rsquo;Education nouvelle. Les Educateurs et la r\u00e9alisation de l&rsquo;id\u00e9al d\u00e9mocratique<\/em>&nbsp;\u2022&nbsp;J. Puget &#8211; <em>Classe exploration et technique d&rsquo;\u00e9tude du milieu social, dans une \u00e9cole du premier degr\u00e9<\/em>&nbsp;\u2022&nbsp;Maria Montessori &#8211; <em>Extrait du bulletin n\u00b0 2 de l&rsquo;Association Montessori<\/em>&nbsp;\u2022&nbsp;Lucien Bo\u00ebs &#8211; <em>A travers la presse p\u00e9dagogique fran\u00e7aise<\/em>&nbsp;\u2022&nbsp;Denise Alexandre &#8211; <em>A travers les revues anglo-saxonnes<\/em>&nbsp;\u2022&nbsp;<em>Nouvelles diverses : Ligue Belge de l&rsquo;Enseignement. Congr\u00e8s P\u00e9dagogique International &#8211; La colonie libre du Herzberg en Suisse &#8211; Troisi\u00e8me cours de vacances de l&rsquo;Ecole Freinet \u00e0 Vence &#8211; Centres d&rsquo;entra\u00eenement pour les directeurs de Colonies de vacances&nbsp;\u2022&nbsp;Communication du B. I. E. Ecole rurale avec internat en Hongrie&nbsp;\u2022&nbsp;Livres<\/em><\/p>\n\n\n\n<p class=\"has-text-align-center\" style=\"font-size:15px\"><strong><a href=\"https:\/\/mrsh.unicaen.fr\/pen\/pdf\/\/1939-148.pdf\">N\u00b0148 &#8211; juillet 1939<\/a><\/strong><\/p>\n\n\n\n<p style=\"font-size:15px\">Adolphe Ferri\u00e8re &#8211; <em>L&rsquo;\u00e9ducation nouvelle traverse-t-elle une crise ?&nbsp;\u2022&nbsp;<\/em>Jean Vial &#8211; <em>L&rsquo;\u00e9quipe et la combinaison d&rsquo;\u00e9quipes&nbsp;<\/em>\u2022&nbsp;Nicolas Smelten &#8211; <em>Une pr\u00e9paration des ma\u00eetres pour les \u00e9coles nouvelles&nbsp;\u2022&nbsp;Nouvelles de la ligue internationale pour l&rsquo;Education Nouvelle<\/em>&nbsp;\u2022&nbsp;Eug\u00e8ne Delaunay &#8211; <em>Chronique fran\u00e7aise&nbsp;\u2022&nbsp;Education rurale en Angleterre<\/em>&nbsp;\u2022&nbsp;Adolphe Ferri\u00e8re &#8211; <em>A travers les revues&nbsp;\u2022&nbsp;Nouvelles diverses : Une Biblioth\u00e8que enfantine \u00e0 Lausanne &#8211; Inauguration de l&rsquo;Ecole d&rsquo;Humanit\u00e9 &#8211; Un hommage au Dr Decroly &#8211; Cours de vacances de l&rsquo;\u00e9cole Freinet \u00e0 Vence (Alpes-Maritimes)<\/em><\/p>\n\n\n\n<p class=\"has-text-align-center\" style=\"font-size:15px\"><strong><a href=\"https:\/\/mrsh.unicaen.fr\/pen\/pdf\/1939-149.pdf\">N\u00b0149 &#8211; ao\u00fbt-septembre 1939<\/a><\/strong><\/p>\n\n\n\n<p style=\"font-size:15px\"><em>A nos lecteurs<\/em>&nbsp;\u2022&nbsp;Henri Wallon &#8211; <em>Les Droits de l&rsquo;enfant<\/em>&nbsp;\u2022&nbsp;Hubert Fr\u00e8re &#8211; <em>L&rsquo;id\u00e9al d\u00e9mocratique<\/em>&nbsp;\u2022&nbsp;Maurice Weber &#8211; <em>L&rsquo;id\u00e9al d\u00e9mocratique<\/em>&nbsp;\u2022&nbsp;J.-E. Marcault &#8211; <em>Les buts de l&rsquo;\u00e9ducation ; l&rsquo;\u00e9duction sociale des adultes<\/em>&nbsp;\u2022&nbsp;V. Ogelvie &#8211; <em>Nouvelles de la ligue internationale pour l&rsquo;Education Nouvelle<\/em>&nbsp;\u2022&nbsp;Lucien Bo\u00ebs &#8211; <em>A travers les revues de langue fran\u00e7aise<\/em>&nbsp;\u2022&nbsp;B. I. E. &#8211; <em>Exp\u00e9riences scolaires d&rsquo;\u00e9ducation sociale en Angleterre&nbsp;\u2022&nbsp;Nouvelles diverses : Assembl\u00e9e g\u00e9n\u00e9rale du Groupe fran\u00e7ais d&rsquo;Education nouvelle &#8211; Centre d&rsquo;\u00e9tudes scientifiques, p\u00e9dagogiques, techniques et sociales&nbsp;\u2022&nbsp;Livres<\/em><\/p>\n\n\n\n<p class=\"has-text-align-center\" style=\"font-size:15px\"><strong><a href=\"https:\/\/mrsh.unicaen.fr\/pen\/pdf\/1939-150.pdf\">N\u00b0150 &#8211; novembre-d\u00e9cembre 1939<\/a><\/strong><\/p>\n\n\n\n<p style=\"font-size:15px\">G. F. E. N. &#8211; <em>Ligue Internationale pour l&rsquo;Education Nouvelle : A tous nos amis<\/em>&nbsp;\u2022&nbsp;G. F. E. N. &#8211; <em>Appel aux amis de l&rsquo;Education Nouvelle<\/em>&nbsp;\u2022&nbsp;G. F. E. N. &#8211; <em>Le Groupe fran\u00e7ais d&rsquo;Education Nouvelle et les t\u00e2ches qu&rsquo;il envisage&nbsp;\u2022&nbsp;Nouvelles de la section anglaise<\/em>&nbsp;\u2022&nbsp;Jean Vial &#8211; <em>Ce qu&rsquo;est l&rsquo;enseignement par correspondance et radio<\/em>&nbsp;\u2022&nbsp;J. H. &#8211; <em>Quelques conseils d&rsquo;un inspecteur pour le temps de guerre&nbsp;<\/em>\u2022&nbsp;Dr Katzaroff &#8211; <em>Pr\u00e9paration sociale des ma\u00eetres<\/em>&nbsp;\u2022&nbsp;B. A. Dermot Straker &#8211; <em>Le r\u00f4le du ma\u00eetre en orientation professionnelle&nbsp;<\/em>\u2022&nbsp;Adolphe Ferri\u00e8re &#8211; <em>Nouvelles consid\u00e9rations sur l&rsquo;autonomie des \u00e9coliers<\/em>&nbsp;\u2022&nbsp;C\u00e9lestin Freinet &#8211; <em>L&rsquo;Ecole et l&rsquo;id\u00e9al d\u00e9mocratique&nbsp;\u2022&nbsp;Nouvelles diverses : Cours de pr\u00e9paration au dipl\u00f4me de Conseiller d&rsquo;orientation professionnelle&nbsp;\u2022&nbsp;Table des mati\u00e8res de l&rsquo;ann\u00e9e 1939<\/em><\/p>\n\n\n\n<p class=\"has-text-align-center\" id=\"1940\"><strong>1940<\/strong><\/p>\n\n\n\n<p class=\"has-text-align-center\" style=\"font-size:15px\"><strong><a href=\"https:\/\/mrsh.unicaen.fr\/pen\/pdf\/1940-151.pdf\">N\u00b0151 &#8211; janvier-f\u00e9vrier-mars 1940<\/a><\/strong><\/p>\n\n\n\n<p style=\"font-size:15px\">Roger Gal &#8211; <em>Place de l&rsquo;\u00e9ducation dans la guerre<\/em> \u2022 Louise Vincendon &#8211; <em>Sur Adolphe Ferri\u00e8re<\/em> \u2022 Hauser &#8211; <em>Nouvelles du pr\u00e9sident de la Ligue Internationale pour l&rsquo;Education Nouvelle<\/em> \u2022 F. Mory &#8211; <em>Exp\u00e9rience de travail individualis\u00e9 dans les \u00e9coles \u00e0 un seul ma\u00eetr<\/em>e \u2022 Louise R\u00e9gnier &#8211; <em>Appel aux amis de l&rsquo;\u00e9ducation nouvelle<\/em> \u2022 Roger Gal &#8211; <em>A travers les revues de langue fran\u00e7aise<\/em> \u2022 M.-L. Cazamian &#8211; <em>Evacuation des enfants en Angleterre<\/em> \u2022 <em>Livres<\/em><\/p>\n","protected":false},"excerpt":{"rendered":"<p>[1\u00e8re s\u00e9rie] 1922 &#8211; 1923 &#8211; 1924 &#8211; 1925 &#8211; 1926 &#8211; 1927 &#8211; 1928 &#8211; 1929 &#8211; 1930 &#8211; 1931 &#8211; 1932 &#8211; 1933 &#8211; 1934 &#8211; 1935 &#8211; 1936 &#8211; 1937 &#8211; 1938 &#8211; 1939 &#8211; 1940 D&rsquo;apr\u00e8s l&rsquo;indexation et la num\u00e9risation du CIRNEF (Universit\u00e9 de Caen) : https:\/\/mrsh.unicaen.fr\/pen\/pen.html Voir aussi le site &hellip; <a href=\"https:\/\/benoitpeuch.com\/?page_id=4472\" class=\"more-link\">Continuer la lecture de <span class=\"screen-reader-text\">Index de le revue Pour l&rsquo;Ere nouvelle<\/span><\/a><\/p>\n","protected":false},"author":1,"featured_media":0,"parent":0,"menu_order":0,"comment_status":"closed","ping_status":"closed","template":"","meta":{"footnotes":""},"class_list":["post-4472","page","type-page","status-publish","hentry"],"_links":{"self":[{"href":"https:\/\/benoitpeuch.com\/index.php?rest_route=\/wp\/v2\/pages\/4472","targetHints":{"allow":["GET"]}}],"collection":[{"href":"https:\/\/benoitpeuch.com\/index.php?rest_route=\/wp\/v2\/pages"}],"about":[{"href":"https:\/\/benoitpeuch.com\/index.php?rest_route=\/wp\/v2\/types\/page"}],"author":[{"embeddable":true,"href":"https:\/\/benoitpeuch.com\/index.php?rest_route=\/wp\/v2\/users\/1"}],"replies":[{"embeddable":true,"href":"https:\/\/benoitpeuch.com\/index.php?rest_route=%2Fwp%2Fv2%2Fcomments&post=4472"}],"version-history":[{"count":0,"href":"https:\/\/benoitpeuch.com\/index.php?rest_route=\/wp\/v2\/pages\/4472\/revisions"}],"wp:attachment":[{"href":"https:\/\/benoitpeuch.com\/index.php?rest_route=%2Fwp%2Fv2%2Fmedia&parent=4472"}],"curies":[{"name":"wp","href":"https:\/\/api.w.org\/{rel}","templated":true}]}}